{"id":828,"date":"2024-12-06T09:58:50","date_gmt":"2024-12-06T12:58:50","guid":{"rendered":"https:\/\/transito.cambe.pr.gov.br\/?page_id=828"},"modified":"2026-03-24T12:00:18","modified_gmt":"2026-03-24T15:00:18","slug":"informacoes-sobre-o-equipamento-9192","status":"publish","type":"page","link":"https:\/\/transito.cambe.pr.gov.br\/index.php\/controladores\/informacoes-sobre-o-equipamento-9192\/","title":{"rendered":"Informa\u00e7\u00f5es sobre o Equipamento 9192"},"content":{"rendered":"<p><span style=\"color: #000000;\"><strong>Identificador:<\/strong> CAMBE9192<\/span><\/p>\n<p><span style=\"color: #000000;\"><strong>Local de Instala\u00e7\u00e3o:<\/strong> AV. INGLATERRA N. 1410<\/span><\/p>\n<p><span style=\"color: #000000;\"><strong>Velocidade: <\/strong>50km\/h <span style=\"color: #808080;\">*<\/span><\/span><span style=\"color: #808080;\">altera\u00e7\u00e3o do limite de velocidade a partir de 01\/07\/2025.<\/span><\/p>\n<p><span style=\"color: #000000;\"><strong>Faixas<\/strong>: 1<\/span><\/p>\n<p><span style=\"color: #000000;\"><strong>Sentido:<\/strong>\u00a0C-B<\/span><\/p>\n<p><span style=\"color: #000000;\"><strong>N\u00famero de S\u00e9rie: <\/strong>R14157<\/span><\/p>\n<p><span style=\"color: #000000;\"><strong>Tipo:\u00a0<\/strong>Controlador<\/span><\/p>\n<p><span style=\"color: #000000;\"><strong>Equipamento:<\/strong>\u00a0Velocidade<\/span><\/p>\n<p><span style=\"color: #000000;\"><strong>Latitude: <\/strong>-23,277111<\/span><\/p>\n<p><span style=\"color: #000000;\"><strong>Longitude: <\/strong>-51,285334<\/span><\/p>\n<p>&nbsp;<\/p>\n<p><span style=\"color: #000000;\"><strong>Laudo de Aferi\u00e7\u00e3o e\/ou Declara\u00e7\u00e3o de Conformidade:\u00a0<\/strong><\/span><\/p>\n<p><a href=\"https:\/\/transito.cambe.pr.gov.br\/wp-content\/uploads\/2024\/12\/CAMBE9192.pdf\"><strong data-wp-editing=\"1\"><span style=\"color: #00b458;\"><img loading=\"lazy\" decoding=\"async\" class=\"alignnone wp-image-661\" src=\"https:\/\/transito.cambe.pr.gov.br\/wp-content\/uploads\/2024\/11\/724933-1-300x300.png\" alt=\"\" width=\"20\" height=\"20\" srcset=\"https:\/\/transito.cambe.pr.gov.br\/wp-content\/uploads\/2024\/11\/724933-1-300x300.png 300w, https:\/\/transito.cambe.pr.gov.br\/wp-content\/uploads\/2024\/11\/724933-1-150x150.png 150w, https:\/\/transito.cambe.pr.gov.br\/wp-content\/uploads\/2024\/11\/724933-1-50x50.png 50w, https:\/\/transito.cambe.pr.gov.br\/wp-content\/uploads\/2024\/11\/724933-1-80x80.png 80w, https:\/\/transito.cambe.pr.gov.br\/wp-content\/uploads\/2024\/11\/724933-1.png 512w\" sizes=\"auto, (max-width: 20px) 100vw, 20px\" \/>\u00a0 \u00a0<\/span><span style=\"color: #00b458; font-size: 12pt;\">2024<\/span><\/strong><\/a><\/p>\n<p><a href=\"https:\/\/transito.cambe.pr.gov.br\/wp-content\/uploads\/2025\/04\/R14157_CAMBE9192_CERTIF.pdf\"><strong data-wp-editing=\"1\"><span style=\"color: #00b458;\"><img loading=\"lazy\" decoding=\"async\" class=\"alignnone wp-image-661\" src=\"https:\/\/transito.cambe.pr.gov.br\/wp-content\/uploads\/2024\/11\/724933-1-300x300.png\" alt=\"\" width=\"20\" height=\"20\" srcset=\"https:\/\/transito.cambe.pr.gov.br\/wp-content\/uploads\/2024\/11\/724933-1-300x300.png 300w, https:\/\/transito.cambe.pr.gov.br\/wp-content\/uploads\/2024\/11\/724933-1-150x150.png 150w, https:\/\/transito.cambe.pr.gov.br\/wp-content\/uploads\/2024\/11\/724933-1-50x50.png 50w, https:\/\/transito.cambe.pr.gov.br\/wp-content\/uploads\/2024\/11\/724933-1-80x80.png 80w, https:\/\/transito.cambe.pr.gov.br\/wp-content\/uploads\/2024\/11\/724933-1.png 512w\" sizes=\"auto, (max-width: 20px) 100vw, 20px\" \/>\u00a0 \u00a0<\/span><span style=\"color: #00b458; font-size: 12pt;\">2025<\/span><\/strong><\/a><\/p>\n<p><a href=\"https:\/\/transito.cambe.pr.gov.br\/wp-content\/uploads\/2026\/03\/9192_R14157_CERTIF-AV.-INGLATERRA-N.-1410.pdf\"><strong data-wp-editing=\"1\"><span style=\"color: #00b458;\"><img loading=\"lazy\" decoding=\"async\" class=\"alignnone wp-image-661\" src=\"https:\/\/transito.cambe.pr.gov.br\/wp-content\/uploads\/2024\/11\/724933-1-300x300.png\" alt=\"\" width=\"20\" height=\"20\" srcset=\"https:\/\/transito.cambe.pr.gov.br\/wp-content\/uploads\/2024\/11\/724933-1-300x300.png 300w, https:\/\/transito.cambe.pr.gov.br\/wp-content\/uploads\/2024\/11\/724933-1-150x150.png 150w, https:\/\/transito.cambe.pr.gov.br\/wp-content\/uploads\/2024\/11\/724933-1-50x50.png 50w, https:\/\/transito.cambe.pr.gov.br\/wp-content\/uploads\/2024\/11\/724933-1-80x80.png 80w, https:\/\/transito.cambe.pr.gov.br\/wp-content\/uploads\/2024\/11\/724933-1.png 512w\" sizes=\"auto, (max-width: 20px) 100vw, 20px\" \/>\u00a0 \u00a0<\/span><span style=\"color: #00b458; font-size: 12pt;\">2026<\/span><\/strong><\/a><\/p>\n<p>&nbsp;<\/p>\n","protected":false},"excerpt":{"rendered":"<p>Identificador: CAMBE9192 Local de Instala\u00e7\u00e3o: AV. INGLATERRA N. 1410 Velocidade: 50km\/h *altera\u00e7\u00e3o do limite de velocidade a partir de 01\/07\/2025. Faixas: 1 Sentido:\u00a0C-B N\u00famero de S\u00e9rie: R14157 Tipo:\u00a0Controlador Equipamento:\u00a0Velocidade Latitude: -23,277111 Longitude: -51,285334 &nbsp; Laudo de Aferi\u00e7\u00e3o e\/ou Declara\u00e7\u00e3o de Conformidade:\u00a0 \u00a0 \u00a02024 \u00a0 \u00a02025 \u00a0 \u00a02026 &nbsp;<\/p>\n","protected":false},"author":5,"featured_media":0,"parent":1406,"menu_order":0,"comment_status":"closed","ping_status":"closed","template":"","meta":{"footnotes":""},"class_list":["post-828","page","type-page","status-publish","hentry"],"blocksy_meta":[],"yoast_head":"<!-- This site is optimized with the Yoast SEO plugin v24.4 - https:\/\/yoast.com\/wordpress\/plugins\/seo\/ -->\n<title>Informa\u00e7\u00f5es sobre o Equipamento 9192 - Seguran\u00e7a P\u00fablica e Tr\u00e2nsito - Camb\u00e9<\/title>\n<meta name=\"robots\" content=\"index, follow, max-snippet:-1, max-image-preview:large, max-video-preview:-1\" \/>\n<link rel=\"canonical\" href=\"https:\/\/transito.cambe.pr.gov.br\/index.php\/controladores\/informacoes-sobre-o-equipamento-9192\/\" \/>\n<meta property=\"og:locale\" content=\"pt_BR\" \/>\n<meta property=\"og:type\" content=\"article\" \/>\n<meta property=\"og:title\" content=\"Informa\u00e7\u00f5es sobre o Equipamento 9192 - Seguran\u00e7a P\u00fablica e Tr\u00e2nsito - Camb\u00e9\" \/>\n<meta property=\"og:description\" content=\"Identificador: CAMBE9192 Local de Instala\u00e7\u00e3o: AV. INGLATERRA N. 1410 Velocidade: 50km\/h *altera\u00e7\u00e3o do limite de velocidade a partir de 01\/07\/2025. Faixas: 1 Sentido:\u00a0C-B N\u00famero de S\u00e9rie: R14157 Tipo:\u00a0Controlador Equipamento:\u00a0Velocidade Latitude: -23,277111 Longitude: -51,285334 &nbsp; Laudo de Aferi\u00e7\u00e3o e\/ou Declara\u00e7\u00e3o de Conformidade:\u00a0 \u00a0 \u00a02024 \u00a0 \u00a02025 \u00a0 \u00a02026 &nbsp;\" \/>\n<meta property=\"og:url\" content=\"https:\/\/transito.cambe.pr.gov.br\/index.php\/controladores\/informacoes-sobre-o-equipamento-9192\/\" \/>\n<meta property=\"og:site_name\" content=\"Seguran\u00e7a P\u00fablica e Tr\u00e2nsito - Camb\u00e9\" \/>\n<meta property=\"article:publisher\" content=\"https:\/\/www.facebook.com\/DepartamentoTransitoCambe\/\" \/>\n<meta property=\"article:modified_time\" content=\"2026-03-24T15:00:18+00:00\" \/>\n<meta property=\"og:image\" content=\"https:\/\/transito.cambe.pr.gov.br\/wp-content\/uploads\/2024\/11\/724933-1.png\" \/>\n\t<meta property=\"og:image:width\" content=\"512\" \/>\n\t<meta property=\"og:image:height\" content=\"512\" \/>\n\t<meta property=\"og:image:type\" content=\"image\/png\" \/>\n<meta name=\"twitter:card\" content=\"summary_large_image\" \/>\n<meta name=\"twitter:label1\" content=\"Est. tempo de leitura\" \/>\n\t<meta name=\"twitter:data1\" content=\"1 minuto\" \/>\n<script type=\"application\/ld+json\" class=\"yoast-schema-graph\">{\"@context\":\"https:\/\/schema.org\",\"@graph\":[{\"@type\":\"WebPage\",\"@id\":\"https:\/\/transito.cambe.pr.gov.br\/index.php\/controladores\/informacoes-sobre-o-equipamento-9192\/\",\"url\":\"https:\/\/transito.cambe.pr.gov.br\/index.php\/controladores\/informacoes-sobre-o-equipamento-9192\/\",\"name\":\"Informa\u00e7\u00f5es sobre o Equipamento 9192 - Seguran\u00e7a P\u00fablica e Tr\u00e2nsito - Camb\u00e9\",\"isPartOf\":{\"@id\":\"https:\/\/transito.cambe.pr.gov.br\/#website\"},\"primaryImageOfPage\":{\"@id\":\"https:\/\/transito.cambe.pr.gov.br\/index.php\/controladores\/informacoes-sobre-o-equipamento-9192\/#primaryimage\"},\"image\":{\"@id\":\"https:\/\/transito.cambe.pr.gov.br\/index.php\/controladores\/informacoes-sobre-o-equipamento-9192\/#primaryimage\"},\"thumbnailUrl\":\"https:\/\/transito.cambe.pr.gov.br\/wp-content\/uploads\/2024\/11\/724933-1-300x300.png\",\"datePublished\":\"2024-12-06T12:58:50+00:00\",\"dateModified\":\"2026-03-24T15:00:18+00:00\",\"breadcrumb\":{\"@id\":\"https:\/\/transito.cambe.pr.gov.br\/index.php\/controladores\/informacoes-sobre-o-equipamento-9192\/#breadcrumb\"},\"inLanguage\":\"pt-BR\",\"potentialAction\":[{\"@type\":\"ReadAction\",\"target\":[\"https:\/\/transito.cambe.pr.gov.br\/index.php\/controladores\/informacoes-sobre-o-equipamento-9192\/\"]}]},{\"@type\":\"ImageObject\",\"inLanguage\":\"pt-BR\",\"@id\":\"https:\/\/transito.cambe.pr.gov.br\/index.php\/controladores\/informacoes-sobre-o-equipamento-9192\/#primaryimage\",\"url\":\"https:\/\/transito.cambe.pr.gov.br\/wp-content\/uploads\/2024\/11\/724933-1.png\",\"contentUrl\":\"https:\/\/transito.cambe.pr.gov.br\/wp-content\/uploads\/2024\/11\/724933-1.png\",\"width\":512,\"height\":512},{\"@type\":\"BreadcrumbList\",\"@id\":\"https:\/\/transito.cambe.pr.gov.br\/index.php\/controladores\/informacoes-sobre-o-equipamento-9192\/#breadcrumb\",\"itemListElement\":[{\"@type\":\"ListItem\",\"position\":1,\"name\":\"In\u00edcio\",\"item\":\"https:\/\/transito.cambe.pr.gov.br\/\"},{\"@type\":\"ListItem\",\"position\":2,\"name\":\"Controladores\",\"item\":\"https:\/\/transito.cambe.pr.gov.br\/index.php\/controladores\/\"},{\"@type\":\"ListItem\",\"position\":3,\"name\":\"Informa\u00e7\u00f5es sobre o Equipamento 9192\"}]},{\"@type\":\"WebSite\",\"@id\":\"https:\/\/transito.cambe.pr.gov.br\/#website\",\"url\":\"https:\/\/transito.cambe.pr.gov.br\/\",\"name\":\"Seguran\u00e7a P\u00fablica e Tr\u00e2nsito - Camb\u00e9\",\"description\":\"\",\"publisher\":{\"@id\":\"https:\/\/transito.cambe.pr.gov.br\/#organization\"},\"alternateName\":\"SESTRAN-Camb\u00e9\",\"potentialAction\":[{\"@type\":\"SearchAction\",\"target\":{\"@type\":\"EntryPoint\",\"urlTemplate\":\"https:\/\/transito.cambe.pr.gov.br\/?s={search_term_string}\"},\"query-input\":{\"@type\":\"PropertyValueSpecification\",\"valueRequired\":true,\"valueName\":\"search_term_string\"}}],\"inLanguage\":\"pt-BR\"},{\"@type\":\"Organization\",\"@id\":\"https:\/\/transito.cambe.pr.gov.br\/#organization\",\"name\":\"Secretaria de Seguran\u00e7a P\u00fablica e Tr\u00e2nsito de Camb\u00e9\",\"alternateName\":\"SESTRAN-Camb\u00e9\",\"url\":\"https:\/\/transito.cambe.pr.gov.br\/\",\"logo\":{\"@type\":\"ImageObject\",\"inLanguage\":\"pt-BR\",\"@id\":\"https:\/\/transito.cambe.pr.gov.br\/#\/schema\/logo\/image\/\",\"url\":\"https:\/\/transito.cambe.pr.gov.br\/wp-content\/uploads\/2023\/08\/brasao_cambe100x100.png\",\"contentUrl\":\"https:\/\/transito.cambe.pr.gov.br\/wp-content\/uploads\/2023\/08\/brasao_cambe100x100.png\",\"width\":100,\"height\":100,\"caption\":\"Secretaria de Seguran\u00e7a P\u00fablica e Tr\u00e2nsito de Camb\u00e9\"},\"image\":{\"@id\":\"https:\/\/transito.cambe.pr.gov.br\/#\/schema\/logo\/image\/\"},\"sameAs\":[\"https:\/\/www.facebook.com\/DepartamentoTransitoCambe\/\"]}]}<\/script>\n<!-- \/ Yoast SEO plugin. -->","yoast_head_json":{"title":"Informa\u00e7\u00f5es sobre o Equipamento 9192 - Seguran\u00e7a P\u00fablica e Tr\u00e2nsito - Camb\u00e9","robots":{"index":"index","follow":"follow","max-snippet":"max-snippet:-1","max-image-preview":"max-image-preview:large","max-video-preview":"max-video-preview:-1"},"canonical":"https:\/\/transito.cambe.pr.gov.br\/index.php\/controladores\/informacoes-sobre-o-equipamento-9192\/","og_locale":"pt_BR","og_type":"article","og_title":"Informa\u00e7\u00f5es sobre o Equipamento 9192 - Seguran\u00e7a P\u00fablica e Tr\u00e2nsito - Camb\u00e9","og_description":"Identificador: CAMBE9192 Local de Instala\u00e7\u00e3o: AV. INGLATERRA N. 1410 Velocidade: 50km\/h *altera\u00e7\u00e3o do limite de velocidade a partir de 01\/07\/2025. Faixas: 1 Sentido:\u00a0C-B N\u00famero de S\u00e9rie: R14157 Tipo:\u00a0Controlador Equipamento:\u00a0Velocidade Latitude: -23,277111 Longitude: -51,285334 &nbsp; Laudo de Aferi\u00e7\u00e3o e\/ou Declara\u00e7\u00e3o de Conformidade:\u00a0 \u00a0 \u00a02024 \u00a0 \u00a02025 \u00a0 \u00a02026 &nbsp;","og_url":"https:\/\/transito.cambe.pr.gov.br\/index.php\/controladores\/informacoes-sobre-o-equipamento-9192\/","og_site_name":"Seguran\u00e7a P\u00fablica e Tr\u00e2nsito - Camb\u00e9","article_publisher":"https:\/\/www.facebook.com\/DepartamentoTransitoCambe\/","article_modified_time":"2026-03-24T15:00:18+00:00","og_image":[{"width":512,"height":512,"url":"https:\/\/transito.cambe.pr.gov.br\/wp-content\/uploads\/2024\/11\/724933-1.png","type":"image\/png"}],"twitter_card":"summary_large_image","twitter_misc":{"Est. tempo de leitura":"1 minuto"},"schema":{"@context":"https:\/\/schema.org","@graph":[{"@type":"WebPage","@id":"https:\/\/transito.cambe.pr.gov.br\/index.php\/controladores\/informacoes-sobre-o-equipamento-9192\/","url":"https:\/\/transito.cambe.pr.gov.br\/index.php\/controladores\/informacoes-sobre-o-equipamento-9192\/","name":"Informa\u00e7\u00f5es sobre o Equipamento 9192 - Seguran\u00e7a P\u00fablica e Tr\u00e2nsito - Camb\u00e9","isPartOf":{"@id":"https:\/\/transito.cambe.pr.gov.br\/#website"},"primaryImageOfPage":{"@id":"https:\/\/transito.cambe.pr.gov.br\/index.php\/controladores\/informacoes-sobre-o-equipamento-9192\/#primaryimage"},"image":{"@id":"https:\/\/transito.cambe.pr.gov.br\/index.php\/controladores\/informacoes-sobre-o-equipamento-9192\/#primaryimage"},"thumbnailUrl":"https:\/\/transito.cambe.pr.gov.br\/wp-content\/uploads\/2024\/11\/724933-1-300x300.png","datePublished":"2024-12-06T12:58:50+00:00","dateModified":"2026-03-24T15:00:18+00:00","breadcrumb":{"@id":"https:\/\/transito.cambe.pr.gov.br\/index.php\/controladores\/informacoes-sobre-o-equipamento-9192\/#breadcrumb"},"inLanguage":"pt-BR","potentialAction":[{"@type":"ReadAction","target":["https:\/\/transito.cambe.pr.gov.br\/index.php\/controladores\/informacoes-sobre-o-equipamento-9192\/"]}]},{"@type":"ImageObject","inLanguage":"pt-BR","@id":"https:\/\/transito.cambe.pr.gov.br\/index.php\/controladores\/informacoes-sobre-o-equipamento-9192\/#primaryimage","url":"https:\/\/transito.cambe.pr.gov.br\/wp-content\/uploads\/2024\/11\/724933-1.png","contentUrl":"https:\/\/transito.cambe.pr.gov.br\/wp-content\/uploads\/2024\/11\/724933-1.png","width":512,"height":512},{"@type":"BreadcrumbList","@id":"https:\/\/transito.cambe.pr.gov.br\/index.php\/controladores\/informacoes-sobre-o-equipamento-9192\/#breadcrumb","itemListElement":[{"@type":"ListItem","position":1,"name":"In\u00edcio","item":"https:\/\/transito.cambe.pr.gov.br\/"},{"@type":"ListItem","position":2,"name":"Controladores","item":"https:\/\/transito.cambe.pr.gov.br\/index.php\/controladores\/"},{"@type":"ListItem","position":3,"name":"Informa\u00e7\u00f5es sobre o Equipamento 9192"}]},{"@type":"WebSite","@id":"https:\/\/transito.cambe.pr.gov.br\/#website","url":"https:\/\/transito.cambe.pr.gov.br\/","name":"Seguran\u00e7a P\u00fablica e Tr\u00e2nsito - Camb\u00e9","description":"","publisher":{"@id":"https:\/\/transito.cambe.pr.gov.br\/#organization"},"alternateName":"SESTRAN-Camb\u00e9","potentialAction":[{"@type":"SearchAction","target":{"@type":"EntryPoint","urlTemplate":"https:\/\/transito.cambe.pr.gov.br\/?s={search_term_string}"},"query-input":{"@type":"PropertyValueSpecification","valueRequired":true,"valueName":"search_term_string"}}],"inLanguage":"pt-BR"},{"@type":"Organization","@id":"https:\/\/transito.cambe.pr.gov.br\/#organization","name":"Secretaria de Seguran\u00e7a P\u00fablica e Tr\u00e2nsito de Camb\u00e9","alternateName":"SESTRAN-Camb\u00e9","url":"https:\/\/transito.cambe.pr.gov.br\/","logo":{"@type":"ImageObject","inLanguage":"pt-BR","@id":"https:\/\/transito.cambe.pr.gov.br\/#\/schema\/logo\/image\/","url":"https:\/\/transito.cambe.pr.gov.br\/wp-content\/uploads\/2023\/08\/brasao_cambe100x100.png","contentUrl":"https:\/\/transito.cambe.pr.gov.br\/wp-content\/uploads\/2023\/08\/brasao_cambe100x100.png","width":100,"height":100,"caption":"Secretaria de Seguran\u00e7a P\u00fablica e Tr\u00e2nsito de Camb\u00e9"},"image":{"@id":"https:\/\/transito.cambe.pr.gov.br\/#\/schema\/logo\/image\/"},"sameAs":["https:\/\/www.facebook.com\/DepartamentoTransitoCambe\/"]}]}},"_links":{"self":[{"href":"https:\/\/transito.cambe.pr.gov.br\/index.php\/wp-json\/wp\/v2\/pages\/828","targetHints":{"allow":["GET"]}}],"collection":[{"href":"https:\/\/transito.cambe.pr.gov.br\/index.php\/wp-json\/wp\/v2\/pages"}],"about":[{"href":"https:\/\/transito.cambe.pr.gov.br\/index.php\/wp-json\/wp\/v2\/types\/page"}],"author":[{"embeddable":true,"href":"https:\/\/transito.cambe.pr.gov.br\/index.php\/wp-json\/wp\/v2\/users\/5"}],"replies":[{"embeddable":true,"href":"https:\/\/transito.cambe.pr.gov.br\/index.php\/wp-json\/wp\/v2\/comments?post=828"}],"version-history":[{"count":13,"href":"https:\/\/transito.cambe.pr.gov.br\/index.php\/wp-json\/wp\/v2\/pages\/828\/revisions"}],"predecessor-version":[{"id":4412,"href":"https:\/\/transito.cambe.pr.gov.br\/index.php\/wp-json\/wp\/v2\/pages\/828\/revisions\/4412"}],"up":[{"embeddable":true,"href":"https:\/\/transito.cambe.pr.gov.br\/index.php\/wp-json\/wp\/v2\/pages\/1406"}],"wp:attachment":[{"href":"https:\/\/transito.cambe.pr.gov.br\/index.php\/wp-json\/wp\/v2\/media?parent=828"}],"curies":[{"name":"wp","href":"https:\/\/api.w.org\/{rel}","templated":true}]}}