{"id":769,"date":"2024-12-02T11:25:31","date_gmt":"2024-12-02T14:25:31","guid":{"rendered":"https:\/\/transito.cambe.pr.gov.br\/?page_id=769"},"modified":"2025-07-01T09:51:49","modified_gmt":"2025-07-01T12:51:49","slug":"fiscalizacao-eletronica","status":"publish","type":"page","link":"https:\/\/transito.cambe.pr.gov.br\/index.php\/transito\/fiscalizacao-de-transito\/fiscalizacao-eletronica\/","title":{"rendered":"Fiscaliza\u00e7\u00e3o Eletr\u00f4nica"},"content":{"rendered":"<p style=\"text-align: justify;\"><span style=\"color: #000000; font-size: 12pt; font-family: arial, helvetica, sans-serif;\">A <strong>Prefeitura de Camb\u00e9<\/strong> implementou sistemas de fiscaliza\u00e7\u00e3o eletr\u00f4nica para promover a seguran\u00e7a de condutores, pedestres e passageiros. <strong>As fiscaliza\u00e7\u00f5es ocorrem diariamente, nos turnos matutino, vespertino e noturno,<\/strong> <strong>ou seja, 24 horas por dia,<\/strong> em locais estrat\u00e9gicos com grande circula\u00e7\u00e3o de pessoas, visando a redu\u00e7\u00e3o de sinistros e o cumprimento das normas de tr\u00e2nsito. Todos os pontos de fiscaliza\u00e7\u00e3o s\u00e3o devidamente sinalizados, reafirmando o compromisso da administra\u00e7\u00e3o municipal com a seguran\u00e7a vi\u00e1ria e a melhoria da mobilidade urbana.<\/span><\/p>\n<p>&nbsp;<\/p>\n<p class=\"descricao-titulo\" style=\"text-align: justify;\"><span style=\"font-size: 12pt; color: #000000;\"><strong>Consulte a localiza\u00e7\u00e3o dos dispositivos de \u00a0Fiscaliza\u00e7\u00e3o Eletr\u00f4nica na cidade de Camb\u00e9:\u00a0<\/strong><\/span><\/p>\n<p class=\"descricao-titulo\"><div class=\"leaflet-map WPLeafletMap\" style=\"height:650px; width:100%;\"><\/div><script>\nwindow.WPLeafletMapPlugin = window.WPLeafletMapPlugin || [];\nwindow.WPLeafletMapPlugin.push(function WPLeafletMapShortcode() {\/*<script>*\/\nvar baseUrl = atob('aHR0cHM6Ly97c30udGlsZS5vcGVuc3RyZWV0bWFwLm9yZy97en0ve3h9L3t5fS5wbmc=');\nvar base = (!baseUrl && window.MQ) ?\n    window.MQ.mapLayer() : L.tileLayer(baseUrl,\n        L.Util.extend({}, {\n            detectRetina: 0,\n        },\n        {\"subdomains\":\"abc\",\"noWrap\":false,\"maxZoom\":19}        )\n    );\n    var options = L.Util.extend({}, {\n        layers: [base],\n        attributionControl: false\n    },\n    {\"zoomControl\":true,\"scrollWheelZoom\":false,\"doubleClickZoom\":false,\"fitBounds\":false,\"minZoom\":0,\"maxZoom\":19,\"maxBounds\":null,\"attribution\":\"<a href=\\\"http:\\\/\\\/leafletjs.com\\\" title=\\\"A JS library for interactive maps\\\">Leaflet<\\\/a>; \\u00a9 <a href=\\\"http:\\\/\\\/www.openstreetmap.org\\\/copyright\\\">OpenStreetMap<\\\/a> contributors\"},\n    {});\nwindow.WPLeafletMapPlugin.createMap(options).setView([-23.2820525,-51.2991592],13);});<\/script><\/p>\n<script>\nwindow.WPLeafletMapPlugin = window.WPLeafletMapPlugin || [];\nwindow.WPLeafletMapPlugin.push(function WPLeafletMarkerShortcode() {\/*<script>*\/\nvar map = window.WPLeafletMapPlugin.getCurrentMap();\nvar group = window.WPLeafletMapPlugin.getCurrentGroup();\nvar marker_options = window.WPLeafletMapPlugin.getIconOptions({\"iconUrl\":\"https:\\\/\\\/transito.cambe.pr.gov.br\\\/wp-content\\\/uploads\\\/2024\\\/12\\\/radar.png\",\"iconSize\":\"80,50\",\"iconAnchor\":\"40,60\"});\nvar marker = L.marker(\n    [-23.2804,-51.26059],\n    marker_options\n);\nvar is_image = map.is_image_map;\nif (marker_options.draggable) {\n    marker.on('dragend', function () {\n        var latlng = this.getLatLng();\n        var lat = latlng.lat;\n        var lng = latlng.lng;\n        if (is_image) {\n            console.log('leaflet-marker y=' + lat + ' x=' + lng);\n        } else {\n            console.log('leaflet-marker lat=' + lat + ' lng=' + lng);\n        }\n    });\n}\nmarker.addTo( group );\nmarker.bindPopup(window.WPLeafletMapPlugin.unescape('&lt;br \/&gt;&lt;br&gt;&lt;span style=\\&quot;color: #000000;\\&quot;&gt;&lt;strong&gt;AV. ROBERTO CONCEI\u00c7\u00c3O PR\u00d3X. AO N. 1072-D&lt;\/strong&gt;&lt;\/span&gt;&lt;br \/&gt;&lt;br&gt;&lt;span style=\\&quot;font-size: 10pt; color: #000000;\\&quot;&gt;Identificador: CAMBE9184&lt;\/span&gt;&lt;br \/&gt;&lt;br&gt;&lt;span style=\\&quot;font-size: 10pt; color: #000000;\\&quot;&gt;Velocidade (km\/h): 60&lt;\/span&gt;&lt;br \/&gt;&lt;br&gt;&lt;a href=\\&quot;https:\/\/transito.cambe.pr.gov.br\/index.php\/controladores\/informacoes-sobre-o-equipamento-9184\/\\&quot; target=\\&quot;_blank\\&quot; rel=\\&quot;noopener\\&quot;&gt;&lt;button style=\\&quot;background-color: #0073aa; color: white; border: none; padding: 8px 16px; font-size: 14px; cursor: pointer; border-radius: 5px;\\&quot;&gt;MAIS INFORMA\u00c7\u00d5ES&lt;\/button&gt;&lt;\/a&gt;&lt;\/p&gt;&lt;br&gt;&lt;p&gt;&lt;img class=\\&quot;alignnone wp-image-1172\\&quot; src=\\&quot;https:\/\/transito.cambe.pr.gov.br\/wp-content\/uploads\/2024\/12\/velocidade-icon-300x300.png\\&quot; alt=\\&quot;\\&quot; width=\\&quot;42\\&quot; height=\\&quot;42\\&quot; \/&gt; \u00a0&lt;img class=\\&quot;alignnone wp-image-1185\\&quot; src=\\&quot;https:\/\/transito.cambe.pr.gov.br\/wp-content\/uploads\/2024\/12\/PLACA_60-Layout1-removebg-preview-300x240.png\\&quot; alt=\\&quot;\\&quot; width=\\&quot;55\\&quot; height=\\&quot;44\\&quot; \/&gt;&lt;\/p&gt;&lt;br&gt;&lt;p&gt;'));window.WPLeafletMapPlugin.markers.push( marker );\n        });<\/script>\n<script>\nwindow.WPLeafletMapPlugin = window.WPLeafletMapPlugin || [];\nwindow.WPLeafletMapPlugin.push(function WPLeafletMarkerShortcode() {\/*<script>*\/\nvar map = window.WPLeafletMapPlugin.getCurrentMap();\nvar group = window.WPLeafletMapPlugin.getCurrentGroup();\nvar marker_options = window.WPLeafletMapPlugin.getIconOptions({\"iconUrl\":\"https:\\\/\\\/transito.cambe.pr.gov.br\\\/wp-content\\\/uploads\\\/2024\\\/12\\\/radar.png\",\"iconSize\":\"80,50\",\"iconAnchor\":\"40,60\"});\nvar marker = L.marker(\n    [-23.27686,-51.27483],\n    marker_options\n);\nvar is_image = map.is_image_map;\nif (marker_options.draggable) {\n    marker.on('dragend', function () {\n        var latlng = this.getLatLng();\n        var lat = latlng.lat;\n        var lng = latlng.lng;\n        if (is_image) {\n            console.log('leaflet-marker y=' + lat + ' x=' + lng);\n        } else {\n            console.log('leaflet-marker lat=' + lat + ' lng=' + lng);\n        }\n    });\n}\nmarker.addTo( group );\nmarker.bindPopup(window.WPLeafletMapPlugin.unescape('&lt;br \/&gt;&lt;br&gt;&lt;span style=\\&quot;color: #000000;\\&quot;&gt;&lt;strong&gt;AV. INGLATERRA N. 238&lt;\/strong&gt;&lt;\/span&gt;&lt;br \/&gt;&lt;br&gt;&lt;span style=\\&quot;font-size: 10pt; color: #000000;\\&quot;&gt;Identificador: CAMBE9185&lt;\/span&gt;&lt;br \/&gt;&lt;br&gt;&lt;span style=\\&quot;font-size: 10pt; color: #000000;\\&quot;&gt;Velocidade (km\/h): 50&lt;\/span&gt;&lt;br \/&gt;&lt;br&gt;&lt;a href=\\&quot;https:\/\/transito.cambe.pr.gov.br\/index.php\/controladores\/informacoes-sobre-o-equipamento-9185\/\\&quot; target=\\&quot;_blank\\&quot; rel=\\&quot;noopener\\&quot;&gt;&lt;button style=\\&quot;background-color: #0073aa; color: white; border: none; padding: 8px 16px; font-size: 14px; cursor: pointer; border-radius: 5px;\\&quot;&gt;MAIS INFORMA\u00c7\u00d5ES&lt;\/button&gt;&lt;\/a&gt;&lt;\/p&gt;&lt;br&gt;&lt;p&gt;&lt;img class=\\&quot;alignnone wp-image-1172\\&quot; src=\\&quot;https:\/\/transito.cambe.pr.gov.br\/wp-content\/uploads\/2024\/12\/velocidade-icon-300x300.png\\&quot; alt=\\&quot;\\&quot; width=\\&quot;42\\&quot; height=\\&quot;42\\&quot; \/&gt; \u00a0&lt;img class=\\&quot;alignnone wp-image-1186\\&quot; src=\\&quot;https:\/\/transito.cambe.pr.gov.br\/wp-content\/uploads\/2024\/12\/PLACA_50-Layout1-removebg-preview-300x240.png\\&quot; alt=\\&quot;\\&quot; width=\\&quot;56\\&quot; height=\\&quot;45\\&quot; \/&gt;&lt;\/p&gt;&lt;br&gt;&lt;p&gt;'));window.WPLeafletMapPlugin.markers.push( marker );\n        });<\/script>\n<script>\nwindow.WPLeafletMapPlugin = window.WPLeafletMapPlugin || [];\nwindow.WPLeafletMapPlugin.push(function WPLeafletMarkerShortcode() {\/*<script>*\/\nvar map = window.WPLeafletMapPlugin.getCurrentMap();\nvar group = window.WPLeafletMapPlugin.getCurrentGroup();\nvar marker_options = window.WPLeafletMapPlugin.getIconOptions({\"iconUrl\":\"https:\\\/\\\/transito.cambe.pr.gov.br\\\/wp-content\\\/uploads\\\/2024\\\/12\\\/radar.png\",\"iconSize\":\"80,50\",\"iconAnchor\":\"40,60\"});\nvar marker = L.marker(\n    [-23.27713,-51.27576],\n    marker_options\n);\nvar is_image = map.is_image_map;\nif (marker_options.draggable) {\n    marker.on('dragend', function () {\n        var latlng = this.getLatLng();\n        var lat = latlng.lat;\n        var lng = latlng.lng;\n        if (is_image) {\n            console.log('leaflet-marker y=' + lat + ' x=' + lng);\n        } else {\n            console.log('leaflet-marker lat=' + lat + ' lng=' + lng);\n        }\n    });\n}\nmarker.addTo( group );\nmarker.bindPopup(window.WPLeafletMapPlugin.unescape('&lt;br \/&gt;&lt;br&gt;&lt;span style=\\&quot;color: #000000;\\&quot;&gt;&lt;strong&gt;AV INGLATERRA N. 363&lt;\/strong&gt;&lt;\/span&gt;&lt;br \/&gt;&lt;br&gt;&lt;span style=\\&quot;font-size: 10pt; color: #000000;\\&quot;&gt;Identificador: CAMBE9186&lt;\/span&gt;&lt;br \/&gt;&lt;br&gt;&lt;span style=\\&quot;font-size: 10pt; color: #000000;\\&quot;&gt;Velocidade (km\/h): 50&lt;\/span&gt;&lt;br \/&gt;&lt;br&gt;&lt;a href=\\&quot;https:\/\/transito.cambe.pr.gov.br\/index.php\/controladores\/informacoes-sobre-o-equipamento-9186\/\\&quot; target=\\&quot;_blank\\&quot; rel=\\&quot;noopener\\&quot;&gt;&lt;button style=\\&quot;background-color: #0073aa; color: white; border: none; padding: 8px 16px; font-size: 14px; cursor: pointer; border-radius: 5px;\\&quot;&gt;MAIS INFORMA\u00c7\u00d5ES&lt;\/button&gt;&lt;\/a&gt;&lt;\/p&gt;&lt;br&gt;&lt;p&gt;&lt;img class=\\&quot;alignnone wp-image-1172\\&quot; src=\\&quot;https:\/\/transito.cambe.pr.gov.br\/wp-content\/uploads\/2024\/12\/velocidade-icon-300x300.png\\&quot; alt=\\&quot;\\&quot; width=\\&quot;42\\&quot; height=\\&quot;42\\&quot; \/&gt; \u00a0&lt;img class=\\&quot;alignnone wp-image-1186\\&quot; src=\\&quot;https:\/\/transito.cambe.pr.gov.br\/wp-content\/uploads\/2024\/12\/PLACA_50-Layout1-removebg-preview-300x240.png\\&quot; alt=\\&quot;\\&quot; width=\\&quot;56\\&quot; height=\\&quot;45\\&quot; \/&gt;&lt;\/p&gt;&lt;br&gt;&lt;p&gt;'));window.WPLeafletMapPlugin.markers.push( marker );\n        });<\/script>\n<script>\nwindow.WPLeafletMapPlugin = window.WPLeafletMapPlugin || [];\nwindow.WPLeafletMapPlugin.push(function WPLeafletMarkerShortcode() {\/*<script>*\/\nvar map = window.WPLeafletMapPlugin.getCurrentMap();\nvar group = window.WPLeafletMapPlugin.getCurrentGroup();\nvar marker_options = window.WPLeafletMapPlugin.getIconOptions({\"iconUrl\":\"https:\\\/\\\/transito.cambe.pr.gov.br\\\/wp-content\\\/uploads\\\/2024\\\/12\\\/radar.png\",\"iconSize\":\"80,50\",\"iconAnchor\":\"40,60\"});\nvar marker = L.marker(\n    [-23.27616,-51.27033],\n    marker_options\n);\nvar is_image = map.is_image_map;\nif (marker_options.draggable) {\n    marker.on('dragend', function () {\n        var latlng = this.getLatLng();\n        var lat = latlng.lat;\n        var lng = latlng.lng;\n        if (is_image) {\n            console.log('leaflet-marker y=' + lat + ' x=' + lng);\n        } else {\n            console.log('leaflet-marker lat=' + lat + ' lng=' + lng);\n        }\n    });\n}\nmarker.addTo( group );\nmarker.bindPopup(window.WPLeafletMapPlugin.unescape('&lt;\/p&gt;&lt;br&gt;&lt;p&gt;&lt;span style=\\&quot;color: #000000;\\&quot;&gt;&lt;strong&gt;RUA CURITIBA N. 1067&lt;\/strong&gt;&lt;\/span&gt;&lt;br \/&gt;&lt;br&gt;&lt;span style=\\&quot;font-size: 10pt; color: #000000;\\&quot;&gt;Identificador: CAMBE9187&lt;\/span&gt;&lt;br \/&gt;&lt;br&gt;&lt;span style=\\&quot;font-size: 10pt; color: #000000;\\&quot;&gt;Velocidade (km\/h): 50&lt;\/span&gt;&lt;br \/&gt;&lt;br&gt;&lt;a href=\\&quot;https:\/\/transito.cambe.pr.gov.br\/index.php\/controladores\/informacoes-sobre-o-equipamento-9187\/\\&quot; target=\\&quot;_blank\\&quot; rel=\\&quot;noopener\\&quot;&gt;&lt;button style=\\&quot;background-color: #0073aa; color: white; border: none; padding: 8px 16px; font-size: 14px; cursor: pointer; border-radius: 5px;\\&quot;&gt;MAIS INFORMA\u00c7\u00d5ES&lt;\/button&gt;&lt;\/a&gt;&lt;\/p&gt;&lt;br&gt;&lt;p&gt;&lt;img class=\\&quot;alignnone wp-image-1172\\&quot; src=\\&quot;https:\/\/transito.cambe.pr.gov.br\/wp-content\/uploads\/2024\/12\/velocidade-icon-300x300.png\\&quot; alt=\\&quot;\\&quot; width=\\&quot;42\\&quot; height=\\&quot;42\\&quot; \/&gt; \u00a0&lt;img class=\\&quot;alignnone wp-image-1186\\&quot; src=\\&quot;https:\/\/transito.cambe.pr.gov.br\/wp-content\/uploads\/2024\/12\/PLACA_50-Layout1-removebg-preview-300x240.png\\&quot; alt=\\&quot;\\&quot; width=\\&quot;56\\&quot; height=\\&quot;45\\&quot; \/&gt;&lt;\/p&gt;&lt;br&gt;&lt;p&gt;'));window.WPLeafletMapPlugin.markers.push( marker );\n        });<\/script>\n<script>\nwindow.WPLeafletMapPlugin = window.WPLeafletMapPlugin || [];\nwindow.WPLeafletMapPlugin.push(function WPLeafletMarkerShortcode() {\/*<script>*\/\nvar map = window.WPLeafletMapPlugin.getCurrentMap();\nvar group = window.WPLeafletMapPlugin.getCurrentGroup();\nvar marker_options = window.WPLeafletMapPlugin.getIconOptions({\"iconUrl\":\"https:\\\/\\\/transito.cambe.pr.gov.br\\\/wp-content\\\/uploads\\\/2024\\\/12\\\/radar.png\",\"iconSize\":\"80,50\",\"iconAnchor\":\"40,60\"});\nvar marker = L.marker(\n    [-23.27603,-51.26234],\n    marker_options\n);\nvar is_image = map.is_image_map;\nif (marker_options.draggable) {\n    marker.on('dragend', function () {\n        var latlng = this.getLatLng();\n        var lat = latlng.lat;\n        var lng = latlng.lng;\n        if (is_image) {\n            console.log('leaflet-marker y=' + lat + ' x=' + lng);\n        } else {\n            console.log('leaflet-marker lat=' + lat + ' lng=' + lng);\n        }\n    });\n}\nmarker.addTo( group );\nmarker.bindPopup(window.WPLeafletMapPlugin.unescape('&lt;\/p&gt;&lt;br&gt;&lt;p&gt;&lt;span style=\\&quot;color: #000000;\\&quot;&gt;&lt;strong&gt;AV. ANTONIO RAMINELLI OPOSTO AO N. 1474&lt;\/strong&gt;&lt;\/span&gt;&lt;br \/&gt;&lt;br&gt;&lt;span style=\\&quot;font-size: 10pt; color: #000000;\\&quot;&gt;Identificador: CAMBE9188&lt;\/span&gt;&lt;br \/&gt;&lt;br&gt;&lt;span style=\\&quot;font-size: 10pt; color: #000000;\\&quot;&gt;Velocidade (km\/h): 50&lt;\/span&gt;&lt;br \/&gt;&lt;br&gt;&lt;a href=\\&quot;https:\/\/transito.cambe.pr.gov.br\/index.php\/controladores\/informacoes-sobre-o-equipamento-9188\/\\&quot; target=\\&quot;_blank\\&quot; rel=\\&quot;noopener\\&quot;&gt;&lt;button style=\\&quot;background-color: #0073aa; color: white; border: none; padding: 8px 16px; font-size: 14px; cursor: pointer; border-radius: 5px;\\&quot;&gt;MAIS INFORMA\u00c7\u00d5ES&lt;\/button&gt;&lt;\/a&gt;&lt;\/p&gt;&lt;br&gt;&lt;p&gt;&lt;img class=\\&quot;alignnone wp-image-1172\\&quot; src=\\&quot;https:\/\/transito.cambe.pr.gov.br\/wp-content\/uploads\/2024\/12\/velocidade-icon-300x300.png\\&quot; alt=\\&quot;\\&quot; width=\\&quot;42\\&quot; height=\\&quot;42\\&quot; \/&gt; \u00a0&lt;img class=\\&quot;alignnone wp-image-1186\\&quot; src=\\&quot;https:\/\/transito.cambe.pr.gov.br\/wp-content\/uploads\/2024\/12\/PLACA_50-Layout1-removebg-preview-300x240.png\\&quot; alt=\\&quot;\\&quot; width=\\&quot;56\\&quot; height=\\&quot;45\\&quot; \/&gt;&lt;\/p&gt;&lt;br&gt;&lt;p&gt;'));window.WPLeafletMapPlugin.markers.push( marker );\n        });<\/script>\n<script>\nwindow.WPLeafletMapPlugin = window.WPLeafletMapPlugin || [];\nwindow.WPLeafletMapPlugin.push(function WPLeafletMarkerShortcode() {\/*<script>*\/\nvar map = window.WPLeafletMapPlugin.getCurrentMap();\nvar group = window.WPLeafletMapPlugin.getCurrentGroup();\nvar marker_options = window.WPLeafletMapPlugin.getIconOptions({\"iconUrl\":\"https:\\\/\\\/transito.cambe.pr.gov.br\\\/wp-content\\\/uploads\\\/2024\\\/12\\\/radar.png\",\"iconSize\":\"80,50\",\"iconAnchor\":\"40,60\"});\nvar marker = L.marker(\n    [-23.28561,-51.309647],\n    marker_options\n);\nvar is_image = map.is_image_map;\nif (marker_options.draggable) {\n    marker.on('dragend', function () {\n        var latlng = this.getLatLng();\n        var lat = latlng.lat;\n        var lng = latlng.lng;\n        if (is_image) {\n            console.log('leaflet-marker y=' + lat + ' x=' + lng);\n        } else {\n            console.log('leaflet-marker lat=' + lat + ' lng=' + lng);\n        }\n    });\n}\nmarker.addTo( group );\nmarker.bindPopup(window.WPLeafletMapPlugin.unescape('&lt;\/p&gt;&lt;br&gt;&lt;p&gt;&lt;span style=\\&quot;color: #000000;\\&quot;&gt;&lt;strong&gt;AV. JOS\u00c9 BONIF\u00c1CIO PR\u00d3X. \u00c0 BRADO LOG\u00cdSTICA\u00a0&lt;\/strong&gt;&lt;\/span&gt;&lt;br \/&gt;&lt;br&gt;&lt;span style=\\&quot;font-size: 10pt; color: #000000;\\&quot;&gt;Identificador: CAMBE9189&lt;\/span&gt;&lt;br \/&gt;&lt;br&gt;&lt;span style=\\&quot;font-size: 10pt; color: #000000;\\&quot;&gt;Velocidade (km\/h): 70&lt;\/span&gt;&lt;br \/&gt;&lt;br&gt;&lt;a href=\\&quot;https:\/\/transito.cambe.pr.gov.br\/index.php\/controladores\/informacoes-sobre-o-equipamento-9189\/\\&quot; target=\\&quot;_blank\\&quot; rel=\\&quot;noopener\\&quot;&gt;&lt;button style=\\&quot;background-color: #0073aa; color: white; border: none; padding: 8px 16px; font-size: 14px; cursor: pointer; border-radius: 5px;\\&quot;&gt;MAIS INFORMA\u00c7\u00d5ES&lt;\/button&gt;&lt;\/a&gt;&lt;\/p&gt;&lt;br&gt;&lt;p&gt;&lt;img class=\\&quot;alignnone wp-image-1172\\&quot; src=\\&quot;https:\/\/transito.cambe.pr.gov.br\/wp-content\/uploads\/2024\/12\/velocidade-icon-300x300.png\\&quot; alt=\\&quot;\\&quot; width=\\&quot;42\\&quot; height=\\&quot;42\\&quot; \/&gt; \u00a0&lt;img class=\\&quot;alignnone wp-image-1181\\&quot; style=\\&quot;font-size: 13.3333px;\\&quot; src=\\&quot;https:\/\/transito.cambe.pr.gov.br\/wp-content\/uploads\/2024\/12\/PLACA_70-Layout1-removebg-preview-300x240.png\\&quot; alt=\\&quot;\\&quot; width=\\&quot;53\\&quot; height=\\&quot;42\\&quot; \/&gt;&lt;\/p&gt;&lt;br&gt;&lt;p&gt;'));window.WPLeafletMapPlugin.markers.push( marker );\n        });<\/script>\n<script>\nwindow.WPLeafletMapPlugin = window.WPLeafletMapPlugin || [];\nwindow.WPLeafletMapPlugin.push(function WPLeafletMarkerShortcode() {\/*<script>*\/\nvar map = window.WPLeafletMapPlugin.getCurrentMap();\nvar group = window.WPLeafletMapPlugin.getCurrentGroup();\nvar marker_options = window.WPLeafletMapPlugin.getIconOptions({\"iconUrl\":\"https:\\\/\\\/transito.cambe.pr.gov.br\\\/wp-content\\\/uploads\\\/2024\\\/12\\\/radar.png\",\"iconSize\":\"80,50\",\"iconAnchor\":\"40,60\"});\nvar marker = L.marker(\n    [-23.289554,-51.315047],\n    marker_options\n);\nvar is_image = map.is_image_map;\nif (marker_options.draggable) {\n    marker.on('dragend', function () {\n        var latlng = this.getLatLng();\n        var lat = latlng.lat;\n        var lng = latlng.lng;\n        if (is_image) {\n            console.log('leaflet-marker y=' + lat + ' x=' + lng);\n        } else {\n            console.log('leaflet-marker lat=' + lat + ' lng=' + lng);\n        }\n    });\n}\nmarker.addTo( group );\nmarker.bindPopup(window.WPLeafletMapPlugin.unescape('&lt;\/p&gt;&lt;br&gt;&lt;p&gt;&lt;span style=\\&quot;color: #000000;\\&quot;&gt;&lt;strong&gt;AV. JOS\u00c9 BONIF\u00c1CIO N. 2551&lt;\/strong&gt;&lt;\/span&gt;&lt;br \/&gt;&lt;br&gt;&lt;span style=\\&quot;font-size: 10pt; color: #000000;\\&quot;&gt;Identificador: CAMBE9190&lt;\/span&gt;&lt;br \/&gt;&lt;br&gt;&lt;span style=\\&quot;font-size: 10pt; color: #000000;\\&quot;&gt;Velocidade (km\/h): 70&lt;\/span&gt;&lt;br \/&gt;&lt;br&gt;&lt;a href=\\&quot;https:\/\/transito.cambe.pr.gov.br\/index.php\/controladores\/informacoes-sobre-o-equipamento-9190\/\\&quot; target=\\&quot;_blank\\&quot; rel=\\&quot;noopener\\&quot;&gt;&lt;button style=\\&quot;background-color: #0073aa; color: white; border: none; padding: 8px 16px; font-size: 14px; cursor: pointer; border-radius: 5px;\\&quot;&gt;MAIS INFORMA\u00c7\u00d5ES&lt;\/button&gt;&lt;\/a&gt;&lt;\/p&gt;&lt;br&gt;&lt;p&gt;&lt;img class=\\&quot;alignnone wp-image-1172\\&quot; src=\\&quot;https:\/\/transito.cambe.pr.gov.br\/wp-content\/uploads\/2024\/12\/velocidade-icon-300x300.png\\&quot; alt=\\&quot;\\&quot; width=\\&quot;42\\&quot; height=\\&quot;42\\&quot; \/&gt; \u00a0&lt;img class=\\&quot;alignnone wp-image-1181\\&quot; style=\\&quot;font-size: 13.3333px;\\&quot; src=\\&quot;https:\/\/transito.cambe.pr.gov.br\/wp-content\/uploads\/2024\/12\/PLACA_70-Layout1-removebg-preview-300x240.png\\&quot; alt=\\&quot;\\&quot; width=\\&quot;53\\&quot; height=\\&quot;42\\&quot; \/&gt;&lt;\/p&gt;&lt;br&gt;&lt;p&gt;'));window.WPLeafletMapPlugin.markers.push( marker );\n        });<\/script>\n<script>\nwindow.WPLeafletMapPlugin = window.WPLeafletMapPlugin || [];\nwindow.WPLeafletMapPlugin.push(function WPLeafletMarkerShortcode() {\/*<script>*\/\nvar map = window.WPLeafletMapPlugin.getCurrentMap();\nvar group = window.WPLeafletMapPlugin.getCurrentGroup();\nvar marker_options = window.WPLeafletMapPlugin.getIconOptions({\"iconUrl\":\"https:\\\/\\\/transito.cambe.pr.gov.br\\\/wp-content\\\/uploads\\\/2024\\\/12\\\/radar.png\",\"iconSize\":\"80,50\",\"iconAnchor\":\"40,60\"});\nvar marker = L.marker(\n    [-23.2769,-51.28624],\n    marker_options\n);\nvar is_image = map.is_image_map;\nif (marker_options.draggable) {\n    marker.on('dragend', function () {\n        var latlng = this.getLatLng();\n        var lat = latlng.lat;\n        var lng = latlng.lng;\n        if (is_image) {\n            console.log('leaflet-marker y=' + lat + ' x=' + lng);\n        } else {\n            console.log('leaflet-marker lat=' + lat + ' lng=' + lng);\n        }\n    });\n}\nmarker.addTo( group );\nmarker.bindPopup(window.WPLeafletMapPlugin.unescape('&lt;\/p&gt;&lt;br&gt;&lt;div id=\\&quot;map-infowindow-content\\&quot;&gt;&lt;br&gt;&lt;div id=\\&quot;map-infowindow-attr-descri\u00e7\u00e3o-container\\&quot; class=\\&quot;i4ewOd-TaUzNb-g7W7Ed-haAclf \\&quot;&gt;&lt;br&gt;&lt;div data-column-id=\\&quot;str:ZGVzY3Jpw6fDo28=\\&quot;&gt;&lt;span style=\\&quot;color: #000000;\\&quot;&gt;&lt;strong&gt;&lt;span style=\\&quot;font-size: 10pt;\\&quot;&gt;AV INGLATERRA N. 1523&lt;\/span&gt;&lt;\/strong&gt;&lt;\/span&gt;&lt;\/div&gt;&lt;br&gt;&lt;div class=\\&quot;i4ewOd-TaUzNb-g7W7Ed-lTBxed i4ewOd-TaUzNb-p83tee-lTBxed \\&quot; data-column-id=\\&quot;str:ZGVzY3Jpw6fDo28=\\&quot;&gt;&lt;span style=\\&quot;font-size: 10pt; color: #000000;\\&quot;&gt;Identificador: CAMBE9191&lt;\/span&gt;&lt;br \/&gt;&lt;br&gt;&lt;span style=\\&quot;font-size: 10pt; color: #000000;\\&quot;&gt;Velocidade (km\/h): 50&lt;\/span&gt;&lt;\/div&gt;&lt;br&gt;&lt;p&gt;&lt;a href=\\&quot;https:\/\/transito.cambe.pr.gov.br\/index.php\/controladores\/informacoes-sobre-o-equipamento-9191\/\\&quot; target=\\&quot;_blank\\&quot; rel=\\&quot;noopener\\&quot;&gt;&lt;button style=\\&quot;background-color: #0073aa; color: white; border: none; padding: 8px 16px; font-size: 14px; cursor: pointer; border-radius: 5px;\\&quot;&gt;MAIS INFORMA\u00c7\u00d5ES&lt;\/button&gt;&lt;\/a&gt;&lt;\/p&gt;&lt;br&gt;&lt;\/div&gt;&lt;br&gt;&lt;\/div&gt;&lt;br&gt;&lt;p&gt;&lt;img class=\\&quot;alignnone wp-image-1172\\&quot; src=\\&quot;https:\/\/transito.cambe.pr.gov.br\/wp-content\/uploads\/2024\/12\/velocidade-icon-300x300.png\\&quot; alt=\\&quot;\\&quot; width=\\&quot;42\\&quot; height=\\&quot;42\\&quot; \/&gt; \u00a0&lt;img class=\\&quot;alignnone wp-image-1186\\&quot; src=\\&quot;https:\/\/transito.cambe.pr.gov.br\/wp-content\/uploads\/2024\/12\/PLACA_50-Layout1-removebg-preview-300x240.png\\&quot; alt=\\&quot;\\&quot; width=\\&quot;56\\&quot; height=\\&quot;45\\&quot; \/&gt;&lt;\/p&gt;&lt;br&gt;&lt;p&gt;'));window.WPLeafletMapPlugin.markers.push( marker );\n        });<\/script>\n<script>\nwindow.WPLeafletMapPlugin = window.WPLeafletMapPlugin || [];\nwindow.WPLeafletMapPlugin.push(function WPLeafletMarkerShortcode() {\/*<script>*\/\nvar map = window.WPLeafletMapPlugin.getCurrentMap();\nvar group = window.WPLeafletMapPlugin.getCurrentGroup();\nvar marker_options = window.WPLeafletMapPlugin.getIconOptions({\"iconUrl\":\"https:\\\/\\\/transito.cambe.pr.gov.br\\\/wp-content\\\/uploads\\\/2024\\\/12\\\/radar.png\",\"iconSize\":\"80,50\",\"iconAnchor\":\"40,60\"});\nvar marker = L.marker(\n    [-23.27704,-51.28542],\n    marker_options\n);\nvar is_image = map.is_image_map;\nif (marker_options.draggable) {\n    marker.on('dragend', function () {\n        var latlng = this.getLatLng();\n        var lat = latlng.lat;\n        var lng = latlng.lng;\n        if (is_image) {\n            console.log('leaflet-marker y=' + lat + ' x=' + lng);\n        } else {\n            console.log('leaflet-marker lat=' + lat + ' lng=' + lng);\n        }\n    });\n}\nmarker.addTo( group );\nmarker.bindPopup(window.WPLeafletMapPlugin.unescape('&lt;br&gt;&lt;p&gt;&lt;span style=\\&quot;color: #000000;\\&quot;&gt;&lt;strong&gt;AV. INGLATERRA N. 1410&lt;\/strong&gt;&lt;\/span&gt;&lt;br \/&gt;&lt;br&gt;&lt;span style=\\&quot;font-size: 10pt; color: #000000;\\&quot;&gt;Identificador: CAMBE9192&lt;\/span&gt;&lt;br \/&gt;&lt;br&gt;&lt;span style=\\&quot;font-size: 10pt; color: #000000;\\&quot;&gt;Velocidade (km\/h): 50&lt;\/span&gt;&lt;br \/&gt;&lt;br&gt;&lt;a href=\\&quot;https:\/\/transito.cambe.pr.gov.br\/index.php\/controladores\/informacoes-sobre-o-equipamento-9192\/\\&quot; target=\\&quot;_blank\\&quot; rel=\\&quot;noopener\\&quot;&gt;&lt;button style=\\&quot;background-color: #0073aa; color: white; border: none; padding: 8px 16px; font-size: 14px; cursor: pointer; border-radius: 5px;\\&quot;&gt;MAIS INFORMA\u00c7\u00d5ES&lt;\/button&gt;&lt;\/a&gt;&lt;\/p&gt;&lt;br&gt;&lt;p&gt;&lt;img class=\\&quot;alignnone wp-image-1172\\&quot; src=\\&quot;https:\/\/transito.cambe.pr.gov.br\/wp-content\/uploads\/2024\/12\/velocidade-icon-300x300.png\\&quot; alt=\\&quot;\\&quot; width=\\&quot;42\\&quot; height=\\&quot;42\\&quot; \/&gt; \u00a0&lt;img class=\\&quot;alignnone wp-image-1186\\&quot; src=\\&quot;https:\/\/transito.cambe.pr.gov.br\/wp-content\/uploads\/2024\/12\/PLACA_50-Layout1-removebg-preview-300x240.png\\&quot; alt=\\&quot;\\&quot; width=\\&quot;56\\&quot; height=\\&quot;45\\&quot; \/&gt;&lt;\/p&gt;&lt;br&gt;&lt;p&gt;'));window.WPLeafletMapPlugin.markers.push( marker );\n        });<\/script><br \/>\n<script>\nwindow.WPLeafletMapPlugin = window.WPLeafletMapPlugin || [];\nwindow.WPLeafletMapPlugin.push(function WPLeafletMarkerShortcode() {\/*<script>*\/\nvar map = window.WPLeafletMapPlugin.getCurrentMap();\nvar group = window.WPLeafletMapPlugin.getCurrentGroup();\nvar marker_options = window.WPLeafletMapPlugin.getIconOptions({\"iconUrl\":\"https:\\\/\\\/transito.cambe.pr.gov.br\\\/wp-content\\\/uploads\\\/2024\\\/12\\\/radar.png\",\"iconSize\":\"80,50\",\"iconAnchor\":\"40,60\"});\nvar marker = L.marker(\n    [-23.2933,-51.27738],\n    marker_options\n);\nvar is_image = map.is_image_map;\nif (marker_options.draggable) {\n    marker.on('dragend', function () {\n        var latlng = this.getLatLng();\n        var lat = latlng.lat;\n        var lng = latlng.lng;\n        if (is_image) {\n            console.log('leaflet-marker y=' + lat + ' x=' + lng);\n        } else {\n            console.log('leaflet-marker lat=' + lat + ' lng=' + lng);\n        }\n    });\n}\nmarker.addTo( group );\nmarker.bindPopup(window.WPLeafletMapPlugin.unescape('&lt;\/p&gt;&lt;br&gt;&lt;p&gt;&lt;span style=\\&quot;color: #000000;\\&quot;&gt;&lt;strong&gt;AV. BRASIL N. 1683&lt;\/strong&gt;&lt;\/span&gt;&lt;br \/&gt;&lt;br&gt;&lt;span style=\\&quot;font-size: 10pt; color: #000000;\\&quot;&gt;Identificador: CAMBE9193&lt;\/span&gt;&lt;br \/&gt;&lt;br&gt;&lt;span style=\\&quot;font-size: 10pt; color: #000000;\\&quot;&gt;Velocidade (km\/h): 50&lt;\/span&gt;&lt;br \/&gt;&lt;br&gt;&lt;a href=\\&quot;https:\/\/transito.cambe.pr.gov.br\/index.php\/controladores\/informacoes-sobre-o-equipamento-9193\/\\&quot; target=\\&quot;_blank\\&quot; rel=\\&quot;noopener\\&quot;&gt;&lt;button style=\\&quot;background-color: #0073aa; color: white; border: none; padding: 8px 16px; font-size: 14px; cursor: pointer; border-radius: 5px;\\&quot;&gt;MAIS INFORMA\u00c7\u00d5ES&lt;\/button&gt;&lt;\/a&gt;&lt;\/p&gt;&lt;br&gt;&lt;p&gt;&lt;img class=\\&quot;alignnone wp-image-1172\\&quot; src=\\&quot;https:\/\/transito.cambe.pr.gov.br\/wp-content\/uploads\/2024\/12\/velocidade-icon-300x300.png\\&quot; alt=\\&quot;\\&quot; width=\\&quot;42\\&quot; height=\\&quot;42\\&quot; \/&gt; \u00a0&lt;img class=\\&quot;alignnone wp-image-1186\\&quot; src=\\&quot;https:\/\/transito.cambe.pr.gov.br\/wp-content\/uploads\/2024\/12\/PLACA_50-Layout1-removebg-preview-300x240.png\\&quot; alt=\\&quot;\\&quot; width=\\&quot;56\\&quot; height=\\&quot;45\\&quot; \/&gt;&lt;\/p&gt;&lt;br&gt;&lt;p&gt;'));window.WPLeafletMapPlugin.markers.push( marker );\n        });<\/script><\/p>\n<script>\nwindow.WPLeafletMapPlugin = window.WPLeafletMapPlugin || [];\nwindow.WPLeafletMapPlugin.push(function WPLeafletMarkerShortcode() {\/*<script>*\/\nvar map = window.WPLeafletMapPlugin.getCurrentMap();\nvar group = window.WPLeafletMapPlugin.getCurrentGroup();\nvar marker_options = window.WPLeafletMapPlugin.getIconOptions({\"iconUrl\":\"https:\\\/\\\/transito.cambe.pr.gov.br\\\/wp-content\\\/uploads\\\/2024\\\/12\\\/radar.png\",\"iconSize\":\"80,50\",\"iconAnchor\":\"40,60\"});\nvar marker = L.marker(\n    [-23.27653,-51.27742],\n    marker_options\n);\nvar is_image = map.is_image_map;\nif (marker_options.draggable) {\n    marker.on('dragend', function () {\n        var latlng = this.getLatLng();\n        var lat = latlng.lat;\n        var lng = latlng.lng;\n        if (is_image) {\n            console.log('leaflet-marker y=' + lat + ' x=' + lng);\n        } else {\n            console.log('leaflet-marker lat=' + lat + ' lng=' + lng);\n        }\n    });\n}\nmarker.addTo( group );\nmarker.bindPopup(window.WPLeafletMapPlugin.unescape('&lt;\/p&gt;&lt;br&gt;&lt;p&gt;&lt;span style=\\&quot;color: #000000;\\&quot;&gt;&lt;strong&gt;RUA BELO HORIZONTE N. 783&lt;\/strong&gt;&lt;\/span&gt;&lt;br \/&gt;&lt;br&gt;&lt;span style=\\&quot;font-size: 10pt; color: #000000;\\&quot;&gt;Identificador: CAMBE9194&lt;\/span&gt;&lt;br \/&gt;&lt;br&gt;&lt;span style=\\&quot;font-size: 10pt; color: #000000;\\&quot;&gt;Velocidade (km\/h): 50&lt;\/span&gt;&lt;br \/&gt;&lt;br&gt;&lt;a href=\\&quot;https:\/\/transito.cambe.pr.gov.br\/index.php\/controladores\/informacoes-sobre-o-equipamento-9194\/\\&quot; target=\\&quot;_blank\\&quot; rel=\\&quot;noopener\\&quot;&gt;&lt;button style=\\&quot;background-color: #0073aa; color: white; border: none; padding: 8px 16px; font-size: 14px; cursor: pointer; border-radius: 5px;\\&quot;&gt;MAIS INFORMA\u00c7\u00d5ES&lt;\/button&gt;&lt;\/a&gt;&lt;\/p&gt;&lt;br&gt;&lt;p&gt;&lt;img class=\\&quot;alignnone wp-image-1172\\&quot; src=\\&quot;https:\/\/transito.cambe.pr.gov.br\/wp-content\/uploads\/2024\/12\/velocidade-icon-300x300.png\\&quot; alt=\\&quot;\\&quot; width=\\&quot;42\\&quot; height=\\&quot;42\\&quot; \/&gt; \u00a0&lt;img class=\\&quot;alignnone wp-image-1186\\&quot; src=\\&quot;https:\/\/transito.cambe.pr.gov.br\/wp-content\/uploads\/2024\/12\/PLACA_50-Layout1-removebg-preview-300x240.png\\&quot; alt=\\&quot;\\&quot; width=\\&quot;56\\&quot; height=\\&quot;45\\&quot; \/&gt;&lt;\/p&gt;&lt;br&gt;&lt;p&gt;'));window.WPLeafletMapPlugin.markers.push( marker );\n        });<\/script>\n<script>\nwindow.WPLeafletMapPlugin = window.WPLeafletMapPlugin || [];\nwindow.WPLeafletMapPlugin.push(function WPLeafletMarkerShortcode() {\/*<script>*\/\nvar map = window.WPLeafletMapPlugin.getCurrentMap();\nvar group = window.WPLeafletMapPlugin.getCurrentGroup();\nvar marker_options = window.WPLeafletMapPlugin.getIconOptions({\"iconUrl\":\"https:\\\/\\\/transito.cambe.pr.gov.br\\\/wp-content\\\/uploads\\\/2024\\\/12\\\/radar.png\",\"iconSize\":\"80,50\",\"iconAnchor\":\"40,60\"});\nvar marker = L.marker(\n    [-23.2783,-51.26924],\n    marker_options\n);\nvar is_image = map.is_image_map;\nif (marker_options.draggable) {\n    marker.on('dragend', function () {\n        var latlng = this.getLatLng();\n        var lat = latlng.lat;\n        var lng = latlng.lng;\n        if (is_image) {\n            console.log('leaflet-marker y=' + lat + ' x=' + lng);\n        } else {\n            console.log('leaflet-marker lat=' + lat + ' lng=' + lng);\n        }\n    });\n}\nmarker.addTo( group );\nmarker.bindPopup(window.WPLeafletMapPlugin.unescape('&lt;\/p&gt;&lt;br&gt;&lt;p&gt;&lt;span style=\\&quot;color: #000000;\\&quot;&gt;&lt;strong&gt;AV. ROBERTO CONCEI\u00c7\u00c3O OPOSTO AO N. 168&lt;\/strong&gt;&lt;\/span&gt;&lt;br \/&gt;&lt;br&gt;&lt;span style=\\&quot;font-size: 10pt; color: #000000;\\&quot;&gt;Identificador: CAMBE9195&lt;\/span&gt;&lt;br \/&gt;&lt;br&gt;&lt;span style=\\&quot;font-size: 10pt; color: #000000;\\&quot;&gt;Velocidade (km\/h): 60&lt;\/span&gt;&lt;br \/&gt;&lt;br&gt;&lt;a href=\\&quot;https:\/\/transito.cambe.pr.gov.br\/index.php\/controladores\/informacoes-sobre-o-equipamento-9195\/\\&quot; target=\\&quot;_blank\\&quot; rel=\\&quot;noopener\\&quot;&gt;&lt;button style=\\&quot;background-color: #0073aa; color: white; border: none; padding: 8px 16px; font-size: 14px; cursor: pointer; border-radius: 5px;\\&quot;&gt;MAIS INFORMA\u00c7\u00d5ES&lt;\/button&gt;&lt;\/a&gt;&lt;\/p&gt;&lt;br&gt;&lt;p&gt;&lt;img class=\\&quot;alignnone wp-image-1172\\&quot; src=\\&quot;https:\/\/transito.cambe.pr.gov.br\/wp-content\/uploads\/2024\/12\/velocidade-icon-300x300.png\\&quot; alt=\\&quot;\\&quot; width=\\&quot;42\\&quot; height=\\&quot;42\\&quot; \/&gt; \u00a0&lt;img class=\\&quot;alignnone wp-image-1185\\&quot; src=\\&quot;https:\/\/transito.cambe.pr.gov.br\/wp-content\/uploads\/2024\/12\/PLACA_60-Layout1-removebg-preview-300x240.png\\&quot; alt=\\&quot;\\&quot; width=\\&quot;55\\&quot; height=\\&quot;44\\&quot; \/&gt;&lt;\/p&gt;&lt;br&gt;&lt;p&gt;'));window.WPLeafletMapPlugin.markers.push( marker );\n        });<\/script>\n<script>\nwindow.WPLeafletMapPlugin = window.WPLeafletMapPlugin || [];\nwindow.WPLeafletMapPlugin.push(function WPLeafletMarkerShortcode() {\/*<script>*\/\nvar map = window.WPLeafletMapPlugin.getCurrentMap();\nvar group = window.WPLeafletMapPlugin.getCurrentGroup();\nvar marker_options = window.WPLeafletMapPlugin.getIconOptions({\"iconUrl\":\"https:\\\/\\\/transito.cambe.pr.gov.br\\\/wp-content\\\/uploads\\\/2024\\\/12\\\/radar.png\",\"iconSize\":\"80,50\",\"iconAnchor\":\"40,60\"});\nvar marker = L.marker(\n    [-23.26696,-51.28836],\n    marker_options\n);\nvar is_image = map.is_image_map;\nif (marker_options.draggable) {\n    marker.on('dragend', function () {\n        var latlng = this.getLatLng();\n        var lat = latlng.lat;\n        var lng = latlng.lng;\n        if (is_image) {\n            console.log('leaflet-marker y=' + lat + ' x=' + lng);\n        } else {\n            console.log('leaflet-marker lat=' + lat + ' lng=' + lng);\n        }\n    });\n}\nmarker.addTo( group );\nmarker.bindPopup(window.WPLeafletMapPlugin.unescape('&lt;\/p&gt;&lt;br&gt;&lt;p style=\\&quot;text-align: justify;\\&quot;&gt;&lt;span style=\\&quot;color: #000000;\\&quot;&gt;&lt;strong&gt;PR-536-ESTRADA DA PRATA, PR\u00d3X. ENTRADA DO JD.NOVA CAMB\u00c9\u00a0&lt;\/strong&gt;&lt;\/span&gt;&lt;br \/&gt;&lt;br&gt;&lt;span style=\\&quot;font-size: 10pt; color: #000000;\\&quot;&gt;Identificador: CAMBE9196&lt;\/span&gt;&lt;br \/&gt;&lt;br&gt;&lt;span style=\\&quot;font-size: 10pt; color: #000000;\\&quot;&gt;Velocidade (km\/h): 50&lt;\/span&gt;&lt;br \/&gt;&lt;br&gt;&lt;a href=\\&quot;https:\/\/transito.cambe.pr.gov.br\/index.php\/controladores\/informacoes-sobre-o-equipamento-9196\/\\&quot; target=\\&quot;_blank\\&quot; rel=\\&quot;noopener\\&quot;&gt;&lt;button style=\\&quot;background-color: #0073aa; color: white; border: none; padding: 8px 16px; font-size: 14px; cursor: pointer; border-radius: 5px;\\&quot;&gt;MAIS INFORMA\u00c7\u00d5ES&lt;\/button&gt;&lt;\/a&gt;&lt;\/p&gt;&lt;br&gt;&lt;p&gt;&lt;img class=\\&quot;alignnone wp-image-1172\\&quot; src=\\&quot;https:\/\/transito.cambe.pr.gov.br\/wp-content\/uploads\/2024\/12\/velocidade-icon-300x300.png\\&quot; alt=\\&quot;\\&quot; width=\\&quot;42\\&quot; height=\\&quot;42\\&quot; \/&gt; \u00a0&lt;img class=\\&quot;alignnone wp-image-1186\\&quot; src=\\&quot;https:\/\/transito.cambe.pr.gov.br\/wp-content\/uploads\/2024\/12\/PLACA_50-Layout1-removebg-preview-300x240.png\\&quot; alt=\\&quot;\\&quot; width=\\&quot;56\\&quot; height=\\&quot;45\\&quot; \/&gt;&lt;\/p&gt;&lt;br&gt;&lt;p&gt;'));window.WPLeafletMapPlugin.markers.push( marker );\n        });<\/script>\n<script>\nwindow.WPLeafletMapPlugin = window.WPLeafletMapPlugin || [];\nwindow.WPLeafletMapPlugin.push(function WPLeafletMarkerShortcode() {\/*<script>*\/\nvar map = window.WPLeafletMapPlugin.getCurrentMap();\nvar group = window.WPLeafletMapPlugin.getCurrentGroup();\nvar marker_options = window.WPLeafletMapPlugin.getIconOptions({\"iconUrl\":\"https:\\\/\\\/transito.cambe.pr.gov.br\\\/wp-content\\\/uploads\\\/2024\\\/12\\\/radar.png\",\"iconSize\":\"80,50\",\"iconAnchor\":\"40,60\"});\nvar marker = L.marker(\n    [-23.27698,-51.27176],\n    marker_options\n);\nvar is_image = map.is_image_map;\nif (marker_options.draggable) {\n    marker.on('dragend', function () {\n        var latlng = this.getLatLng();\n        var lat = latlng.lat;\n        var lng = latlng.lng;\n        if (is_image) {\n            console.log('leaflet-marker y=' + lat + ' x=' + lng);\n        } else {\n            console.log('leaflet-marker lat=' + lat + ' lng=' + lng);\n        }\n    });\n}\nmarker.addTo( group );\nmarker.bindPopup(window.WPLeafletMapPlugin.unescape('&lt;\/p&gt;&lt;br&gt;&lt;p style=\\&quot;text-align: justify;\\&quot;&gt;&lt;span style=\\&quot;color: #000000;\\&quot;&gt;&lt;strong&gt;AV. ROBERTO CONCEI\u00c7\u00c3O CRUZAMENTO COM RUA CARLOS SAWADE &amp;#8211; SENTIDO C-B&lt;\/strong&gt;&lt;\/span&gt;&lt;br \/&gt;&lt;br&gt;&lt;span style=\\&quot;font-size: 10pt; color: #000000;\\&quot;&gt;Identificador: CAMBE9197&lt;\/span&gt;&lt;br \/&gt;&lt;br&gt;&lt;a href=\\&quot;https:\/\/transito.cambe.pr.gov.br\/index.php\/sistema-automatico-nao-metrologico-de-fiscalizacao-de-transito\/informacoes-sobre-o-equipamento-9197\/\\&quot; target=\\&quot;_blank\\&quot; rel=\\&quot;noopener\\&quot;&gt;&lt;button style=\\&quot;background-color: #0073aa; color: white; border: none; padding: 8px 16px; font-size: 14px; cursor: pointer; border-radius: 5px;\\&quot;&gt;MAIS INFORMA\u00c7\u00d5ES&lt;\/button&gt;&lt;\/a&gt;&lt;\/p&gt;&lt;br&gt;&lt;p&gt;&lt;img class=\\&quot;alignnone wp-image-1243\\&quot; src=\\&quot;https:\/\/transito.cambe.pr.gov.br\/wp-content\/uploads\/2024\/12\/semafaroIcone-300x300.png\\&quot; alt=\\&quot;\\&quot; width=\\&quot;58\\&quot; height=\\&quot;58\\&quot; \/&gt; &lt;img class=\\&quot;alignnone wp-image-1264\\&quot; src=\\&quot;https:\/\/transito.cambe.pr.gov.br\/wp-content\/uploads\/2024\/12\/faixaIcone-300x160.png\\&quot; alt=\\&quot;\\&quot; width=\\&quot;72\\&quot; height=\\&quot;38\\&quot; \/&gt;&lt;\/p&gt;&lt;br&gt;&lt;p&gt;'));window.WPLeafletMapPlugin.markers.push( marker );\n        });<\/script>\n<script>\nwindow.WPLeafletMapPlugin = window.WPLeafletMapPlugin || [];\nwindow.WPLeafletMapPlugin.push(function WPLeafletMarkerShortcode() {\/*<script>*\/\nvar map = window.WPLeafletMapPlugin.getCurrentMap();\nvar group = window.WPLeafletMapPlugin.getCurrentGroup();\nvar marker_options = window.WPLeafletMapPlugin.getIconOptions({\"iconUrl\":\"https:\\\/\\\/transito.cambe.pr.gov.br\\\/wp-content\\\/uploads\\\/2024\\\/12\\\/radar.png\",\"iconSize\":\"80,50\",\"iconAnchor\":\"40,60\"});\nvar marker = L.marker(\n    [-23.27745,-51.27126],\n    marker_options\n);\nvar is_image = map.is_image_map;\nif (marker_options.draggable) {\n    marker.on('dragend', function () {\n        var latlng = this.getLatLng();\n        var lat = latlng.lat;\n        var lng = latlng.lng;\n        if (is_image) {\n            console.log('leaflet-marker y=' + lat + ' x=' + lng);\n        } else {\n            console.log('leaflet-marker lat=' + lat + ' lng=' + lng);\n        }\n    });\n}\nmarker.addTo( group );\nmarker.bindPopup(window.WPLeafletMapPlugin.unescape('&lt;\/p&gt;&lt;br&gt;&lt;p style=\\&quot;text-align: justify;\\&quot;&gt;&lt;span style=\\&quot;color: #000000;\\&quot;&gt;&lt;strong&gt;AV. ROBERTO CONCEI\u00c7\u00c3O CRUZAMENTO COM RUA CARLOS SAWADE &amp;#8211; SENTIDO B-C&lt;\/strong&gt;&lt;\/span&gt;&lt;br \/&gt;&lt;br&gt;&lt;span style=\\&quot;font-size: 10pt; color: #000000;\\&quot;&gt;Identificador: CAMBE9198&lt;\/span&gt;&lt;br \/&gt;&lt;br&gt;&lt;a href=\\&quot;https:\/\/transito.cambe.pr.gov.br\/index.php\/sistema-automatico-nao-metrologico-de-fiscalizacao-de-transito\/informacoes-sobre-o-equipamento-9198\/\\&quot; target=\\&quot;_blank\\&quot; rel=\\&quot;noopener\\&quot;&gt;&lt;button style=\\&quot;background-color: #0073aa; color: white; border: none; padding: 8px 16px; font-size: 14px; cursor: pointer; border-radius: 5px;\\&quot;&gt;MAIS INFORMA\u00c7\u00d5ES&lt;\/button&gt;&lt;\/a&gt;&lt;\/p&gt;&lt;br&gt;&lt;p&gt;&lt;img class=\\&quot;alignnone wp-image-1243\\&quot; src=\\&quot;https:\/\/transito.cambe.pr.gov.br\/wp-content\/uploads\/2024\/12\/semafaroIcone-300x300.png\\&quot; alt=\\&quot;\\&quot; width=\\&quot;58\\&quot; height=\\&quot;58\\&quot; \/&gt; &lt;img class=\\&quot;alignnone wp-image-1264\\&quot; src=\\&quot;https:\/\/transito.cambe.pr.gov.br\/wp-content\/uploads\/2024\/12\/faixaIcone-300x160.png\\&quot; alt=\\&quot;\\&quot; width=\\&quot;72\\&quot; height=\\&quot;38\\&quot; \/&gt;&lt;\/p&gt;&lt;br&gt;&lt;p&gt;'));window.WPLeafletMapPlugin.markers.push( marker );\n        });<\/script>\n<script>\nwindow.WPLeafletMapPlugin = window.WPLeafletMapPlugin || [];\nwindow.WPLeafletMapPlugin.push(function WPLeafletMarkerShortcode() {\/*<script>*\/\nvar map = window.WPLeafletMapPlugin.getCurrentMap();\nvar group = window.WPLeafletMapPlugin.getCurrentGroup();\nvar marker_options = window.WPLeafletMapPlugin.getIconOptions({\"iconUrl\":\"https:\\\/\\\/transito.cambe.pr.gov.br\\\/wp-content\\\/uploads\\\/2024\\\/12\\\/radar.png\",\"iconSize\":\"80,50\",\"iconAnchor\":\"40,60\"});\nvar marker = L.marker(\n    [-23.27712,-51.27121],\n    marker_options\n);\nvar is_image = map.is_image_map;\nif (marker_options.draggable) {\n    marker.on('dragend', function () {\n        var latlng = this.getLatLng();\n        var lat = latlng.lat;\n        var lng = latlng.lng;\n        if (is_image) {\n            console.log('leaflet-marker y=' + lat + ' x=' + lng);\n        } else {\n            console.log('leaflet-marker lat=' + lat + ' lng=' + lng);\n        }\n    });\n}\nmarker.addTo( group );\nmarker.bindPopup(window.WPLeafletMapPlugin.unescape('&lt;\/p&gt;&lt;br&gt;&lt;p style=\\&quot;text-align: justify;\\&quot;&gt;&lt;span style=\\&quot;color: #000000;\\&quot;&gt;&lt;strong&gt;RUA CARLOS SAWADE CRUZAMENTO COM AV. ROBERTO CONCEI\u00c7\u00c3O &amp;#8211; SENTIDO B-C&lt;\/strong&gt;&lt;\/span&gt;&lt;br \/&gt;&lt;br&gt;&lt;span style=\\&quot;font-size: 10pt; color: #000000;\\&quot;&gt;Identificador: CAMBE9199&lt;\/span&gt;&lt;br \/&gt;&lt;br&gt;&lt;a href=\\&quot;https:\/\/transito.cambe.pr.gov.br\/index.php\/sistema-automatico-nao-metrologico-de-fiscalizacao-de-transito\/informacoes-sobre-o-equipamento-9199\/\\&quot; target=\\&quot;_blank\\&quot; rel=\\&quot;noopener\\&quot;&gt;&lt;button style=\\&quot;background-color: #0073aa; color: white; border: none; padding: 8px 16px; font-size: 14px; cursor: pointer; border-radius: 5px;\\&quot;&gt;MAIS INFORMA\u00c7\u00d5ES&lt;\/button&gt;&lt;\/a&gt;&lt;\/p&gt;&lt;br&gt;&lt;p&gt;&lt;img class=\\&quot;alignnone wp-image-1243\\&quot; src=\\&quot;https:\/\/transito.cambe.pr.gov.br\/wp-content\/uploads\/2024\/12\/semafaroIcone-300x300.png\\&quot; alt=\\&quot;\\&quot; width=\\&quot;58\\&quot; height=\\&quot;58\\&quot; \/&gt; &lt;img class=\\&quot;alignnone wp-image-1264\\&quot; src=\\&quot;https:\/\/transito.cambe.pr.gov.br\/wp-content\/uploads\/2024\/12\/faixaIcone-300x160.png\\&quot; alt=\\&quot;\\&quot; width=\\&quot;72\\&quot; height=\\&quot;38\\&quot; \/&gt;&lt;\/p&gt;&lt;br&gt;&lt;p&gt;'));window.WPLeafletMapPlugin.markers.push( marker );\n        });<\/script>\n<script>\nwindow.WPLeafletMapPlugin = window.WPLeafletMapPlugin || [];\nwindow.WPLeafletMapPlugin.push(function WPLeafletMarkerShortcode() {\/*<script>*\/\nvar map = window.WPLeafletMapPlugin.getCurrentMap();\nvar group = window.WPLeafletMapPlugin.getCurrentGroup();\nvar marker_options = window.WPLeafletMapPlugin.getIconOptions({\"iconUrl\":\"https:\\\/\\\/transito.cambe.pr.gov.br\\\/wp-content\\\/uploads\\\/2024\\\/12\\\/radar.png\",\"iconSize\":\"80,50\",\"iconAnchor\":\"40,60\"});\nvar marker = L.marker(\n    [-23.27712,-51.28096],\n    marker_options\n);\nvar is_image = map.is_image_map;\nif (marker_options.draggable) {\n    marker.on('dragend', function () {\n        var latlng = this.getLatLng();\n        var lat = latlng.lat;\n        var lng = latlng.lng;\n        if (is_image) {\n            console.log('leaflet-marker y=' + lat + ' x=' + lng);\n        } else {\n            console.log('leaflet-marker lat=' + lat + ' lng=' + lng);\n        }\n    });\n}\nmarker.addTo( group );\nmarker.bindPopup(window.WPLeafletMapPlugin.unescape('&lt;\/p&gt;&lt;br&gt;&lt;p style=\\&quot;text-align: justify;\\&quot;&gt;&lt;span style=\\&quot;color: #000000;\\&quot;&gt;&lt;strong&gt;RUA BELO HORIZONTE CRUZAMENTO COM RUA EQUADOR &amp;#8211; SENTIDO B-C&lt;\/strong&gt;&lt;\/span&gt;&lt;br \/&gt;&lt;br&gt;&lt;span style=\\&quot;font-size: 10pt; color: #000000;\\&quot;&gt;Identificador: CAMBE9200&lt;\/span&gt;&lt;br \/&gt;&lt;br&gt;&lt;a href=\\&quot;https:\/\/transito.cambe.pr.gov.br\/index.php\/sistema-automatico-nao-metrologico-de-fiscalizacao-de-transito\/informacoes-sobre-o-equipamento-9200\/\\&quot; target=\\&quot;_blank\\&quot; rel=\\&quot;noopener\\&quot;&gt;&lt;button style=\\&quot;background-color: #0073aa; color: white; border: none; padding: 8px 16px; font-size: 14px; cursor: pointer; border-radius: 5px;\\&quot;&gt;MAIS INFORMA\u00c7\u00d5ES&lt;\/button&gt;&lt;\/a&gt;&lt;\/p&gt;&lt;br&gt;&lt;p&gt;&lt;img class=\\&quot;alignnone wp-image-1243\\&quot; src=\\&quot;https:\/\/transito.cambe.pr.gov.br\/wp-content\/uploads\/2024\/12\/semafaroIcone-300x300.png\\&quot; alt=\\&quot;\\&quot; width=\\&quot;58\\&quot; height=\\&quot;58\\&quot; \/&gt; &lt;img class=\\&quot;alignnone wp-image-1264\\&quot; src=\\&quot;https:\/\/transito.cambe.pr.gov.br\/wp-content\/uploads\/2024\/12\/faixaIcone-300x160.png\\&quot; alt=\\&quot;\\&quot; width=\\&quot;72\\&quot; height=\\&quot;38\\&quot; \/&gt; &lt;img class=\\&quot;alignnone wp-image-1188\\&quot; src=\\&quot;https:\/\/transito.cambe.pr.gov.br\/wp-content\/uploads\/2024\/12\/CONVERSAO_ESQUERDA-removebg-preview-300x240.png\\&quot; alt=\\&quot;\\&quot; width=\\&quot;53\\&quot; height=\\&quot;42\\&quot; \/&gt;&lt;\/p&gt;&lt;br&gt;&lt;p&gt;'));window.WPLeafletMapPlugin.markers.push( marker );\n        });<\/script>\n<script>\nwindow.WPLeafletMapPlugin = window.WPLeafletMapPlugin || [];\nwindow.WPLeafletMapPlugin.push(function WPLeafletMarkerShortcode() {\/*<script>*\/\nvar map = window.WPLeafletMapPlugin.getCurrentMap();\nvar group = window.WPLeafletMapPlugin.getCurrentGroup();\nvar marker_options = window.WPLeafletMapPlugin.getIconOptions({\"iconUrl\":\"https:\\\/\\\/transito.cambe.pr.gov.br\\\/wp-content\\\/uploads\\\/2024\\\/12\\\/radar.png\",\"iconSize\":\"80,50\",\"iconAnchor\":\"40,60\"});\nvar marker = L.marker(\n    [-23.27726,-51.28139],\n    marker_options\n);\nvar is_image = map.is_image_map;\nif (marker_options.draggable) {\n    marker.on('dragend', function () {\n        var latlng = this.getLatLng();\n        var lat = latlng.lat;\n        var lng = latlng.lng;\n        if (is_image) {\n            console.log('leaflet-marker y=' + lat + ' x=' + lng);\n        } else {\n            console.log('leaflet-marker lat=' + lat + ' lng=' + lng);\n        }\n    });\n}\nmarker.addTo( group );\nmarker.bindPopup(window.WPLeafletMapPlugin.unescape('&lt;\/p&gt;&lt;br&gt;&lt;p style=\\&quot;text-align: justify;\\&quot;&gt;&lt;span style=\\&quot;color: #000000;\\&quot;&gt;&lt;strong&gt;RUA BELO HORIZONTE CRUZAMENTO COM RUA EQUADOR &amp;#8211; SENTIDO C-B&lt;\/strong&gt;&lt;\/span&gt;&lt;br \/&gt;&lt;br&gt;&lt;span style=\\&quot;font-size: 10pt; color: #000000;\\&quot;&gt;Identificador: CAMBE9201&lt;\/span&gt;&lt;br \/&gt;&lt;br&gt;&lt;a href=\\&quot;https:\/\/transito.cambe.pr.gov.br\/index.php\/sistema-automatico-nao-metrologico-de-fiscalizacao-de-transito\/informacoes-sobre-o-equipamento-9201\/\\&quot; target=\\&quot;_blank\\&quot; rel=\\&quot;noopener\\&quot;&gt;&lt;button style=\\&quot;background-color: #0073aa; color: white; border: none; padding: 8px 16px; font-size: 14px; cursor: pointer; border-radius: 5px;\\&quot;&gt;MAIS INFORMA\u00c7\u00d5ES&lt;\/button&gt;&lt;\/a&gt;&lt;\/p&gt;&lt;br&gt;&lt;p&gt;&lt;img class=\\&quot;alignnone wp-image-1243\\&quot; src=\\&quot;https:\/\/transito.cambe.pr.gov.br\/wp-content\/uploads\/2024\/12\/semafaroIcone-300x300.png\\&quot; alt=\\&quot;\\&quot; width=\\&quot;58\\&quot; height=\\&quot;58\\&quot; \/&gt; &lt;img class=\\&quot;alignnone wp-image-1264\\&quot; src=\\&quot;https:\/\/transito.cambe.pr.gov.br\/wp-content\/uploads\/2024\/12\/faixaIcone-300x160.png\\&quot; alt=\\&quot;\\&quot; width=\\&quot;72\\&quot; height=\\&quot;38\\&quot; \/&gt; &lt;img class=\\&quot;alignnone wp-image-1188\\&quot; src=\\&quot;https:\/\/transito.cambe.pr.gov.br\/wp-content\/uploads\/2024\/12\/CONVERSAO_ESQUERDA-removebg-preview-300x240.png\\&quot; alt=\\&quot;\\&quot; width=\\&quot;53\\&quot; height=\\&quot;42\\&quot; \/&gt;&lt;\/p&gt;&lt;br&gt;&lt;p&gt;'));window.WPLeafletMapPlugin.markers.push( marker );\n        });<\/script>\n<script>\nwindow.WPLeafletMapPlugin = window.WPLeafletMapPlugin || [];\nwindow.WPLeafletMapPlugin.push(function WPLeafletMarkerShortcode() {\/*<script>*\/\nvar map = window.WPLeafletMapPlugin.getCurrentMap();\nvar group = window.WPLeafletMapPlugin.getCurrentGroup();\nvar marker_options = window.WPLeafletMapPlugin.getIconOptions({\"iconUrl\":\"https:\\\/\\\/transito.cambe.pr.gov.br\\\/wp-content\\\/uploads\\\/2024\\\/12\\\/radar.png\",\"iconSize\":\"80,50\",\"iconAnchor\":\"40,60\"});\nvar marker = L.marker(\n    [-23.27743,-51.28113],\n    marker_options\n);\nvar is_image = map.is_image_map;\nif (marker_options.draggable) {\n    marker.on('dragend', function () {\n        var latlng = this.getLatLng();\n        var lat = latlng.lat;\n        var lng = latlng.lng;\n        if (is_image) {\n            console.log('leaflet-marker y=' + lat + ' x=' + lng);\n        } else {\n            console.log('leaflet-marker lat=' + lat + ' lng=' + lng);\n        }\n    });\n}\nmarker.addTo( group );\nmarker.bindPopup(window.WPLeafletMapPlugin.unescape('&lt;\/p&gt;&lt;br&gt;&lt;p style=\\&quot;text-align: justify;\\&quot;&gt;&lt;span style=\\&quot;color: #000000;\\&quot;&gt;&lt;strong&gt;RUA EQUADOR CRUZAMENTO COM RUA BELO HORIZONTE &amp;#8211; SENTIDO C-B&lt;\/strong&gt;&lt;\/span&gt;&lt;br \/&gt;&lt;br&gt;&lt;span style=\\&quot;font-size: 10pt; color: #000000;\\&quot;&gt;Identificador: CAMBE9202&lt;\/span&gt;&lt;br \/&gt;&lt;br&gt;&lt;a href=\\&quot;https:\/\/transito.cambe.pr.gov.br\/index.php\/sistema-automatico-nao-metrologico-de-fiscalizacao-de-transito\/informacoes-sobre-o-equipamento-9202\/\\&quot; target=\\&quot;_blank\\&quot; rel=\\&quot;noopener\\&quot;&gt;&lt;button style=\\&quot;background-color: #0073aa; color: white; border: none; padding: 8px 16px; font-size: 14px; cursor: pointer; border-radius: 5px;\\&quot;&gt;MAIS INFORMA\u00c7\u00d5ES&lt;\/button&gt;&lt;\/a&gt;&lt;\/p&gt;&lt;br&gt;&lt;p&gt;&lt;img class=\\&quot;alignnone wp-image-1243\\&quot; src=\\&quot;https:\/\/transito.cambe.pr.gov.br\/wp-content\/uploads\/2024\/12\/semafaroIcone-300x300.png\\&quot; alt=\\&quot;\\&quot; width=\\&quot;58\\&quot; height=\\&quot;58\\&quot; \/&gt; &lt;img class=\\&quot;alignnone wp-image-1264\\&quot; src=\\&quot;https:\/\/transito.cambe.pr.gov.br\/wp-content\/uploads\/2024\/12\/faixaIcone-300x160.png\\&quot; alt=\\&quot;\\&quot; width=\\&quot;72\\&quot; height=\\&quot;38\\&quot; \/&gt;&lt;\/p&gt;&lt;br&gt;&lt;p&gt;'));window.WPLeafletMapPlugin.markers.push( marker );\n        });<\/script>\n<script>\nwindow.WPLeafletMapPlugin = window.WPLeafletMapPlugin || [];\nwindow.WPLeafletMapPlugin.push(function WPLeafletMarkerShortcode() {\/*<script>*\/\nvar map = window.WPLeafletMapPlugin.getCurrentMap();\nvar group = window.WPLeafletMapPlugin.getCurrentGroup();\nvar marker_options = window.WPLeafletMapPlugin.getIconOptions({\"iconUrl\":\"https:\\\/\\\/transito.cambe.pr.gov.br\\\/wp-content\\\/uploads\\\/2024\\\/12\\\/radar.png\",\"iconSize\":\"80,50\",\"iconAnchor\":\"40,60\"});\nvar marker = L.marker(\n    [-23.27819,-51.28388],\n    marker_options\n);\nvar is_image = map.is_image_map;\nif (marker_options.draggable) {\n    marker.on('dragend', function () {\n        var latlng = this.getLatLng();\n        var lat = latlng.lat;\n        var lng = latlng.lng;\n        if (is_image) {\n            console.log('leaflet-marker y=' + lat + ' x=' + lng);\n        } else {\n            console.log('leaflet-marker lat=' + lat + ' lng=' + lng);\n        }\n    });\n}\nmarker.addTo( group );\nmarker.bindPopup(window.WPLeafletMapPlugin.unescape('&lt;\/p&gt;&lt;br&gt;&lt;p style=\\&quot;text-align: justify;\\&quot;&gt;&lt;span style=\\&quot;color: #000000;\\&quot;&gt;&lt;strong&gt;RUA PAR\u00c1 CRUZAMENTO COM RUA PORTUGAL &amp;#8211; SENTIDO C-B&lt;\/strong&gt;&lt;\/span&gt;&lt;br \/&gt;&lt;br&gt;&lt;span style=\\&quot;font-size: 10pt; color: #000000;\\&quot;&gt;Identificador: CAMBE9203&lt;\/span&gt;&lt;br \/&gt;&lt;br&gt;&lt;a href=\\&quot;https:\/\/transito.cambe.pr.gov.br\/index.php\/sistema-automatico-nao-metrologico-de-fiscalizacao-de-transito\/informacoes-sobre-o-equipamento-9203\/\\&quot; target=\\&quot;_blank\\&quot; rel=\\&quot;noopener\\&quot;&gt;&lt;button style=\\&quot;background-color: #0073aa; color: white; border: none; padding: 8px 16px; font-size: 14px; cursor: pointer; border-radius: 5px;\\&quot;&gt;MAIS INFORMA\u00c7\u00d5ES&lt;\/button&gt;&lt;\/a&gt;&lt;\/p&gt;&lt;br&gt;&lt;p&gt;&lt;img class=\\&quot;alignnone wp-image-1243\\&quot; src=\\&quot;https:\/\/transito.cambe.pr.gov.br\/wp-content\/uploads\/2024\/12\/semafaroIcone-300x300.png\\&quot; alt=\\&quot;\\&quot; width=\\&quot;58\\&quot; height=\\&quot;58\\&quot; \/&gt; &lt;img class=\\&quot;alignnone wp-image-1264\\&quot; src=\\&quot;https:\/\/transito.cambe.pr.gov.br\/wp-content\/uploads\/2024\/12\/faixaIcone-300x160.png\\&quot; alt=\\&quot;\\&quot; width=\\&quot;72\\&quot; height=\\&quot;38\\&quot; \/&gt;&lt;\/p&gt;&lt;br&gt;&lt;p&gt;'));window.WPLeafletMapPlugin.markers.push( marker );\n        });<\/script>\n<script>\nwindow.WPLeafletMapPlugin = window.WPLeafletMapPlugin || [];\nwindow.WPLeafletMapPlugin.push(function WPLeafletMarkerShortcode() {\/*<script>*\/\nvar map = window.WPLeafletMapPlugin.getCurrentMap();\nvar group = window.WPLeafletMapPlugin.getCurrentGroup();\nvar marker_options = window.WPLeafletMapPlugin.getIconOptions({\"iconUrl\":\"https:\\\/\\\/transito.cambe.pr.gov.br\\\/wp-content\\\/uploads\\\/2024\\\/12\\\/radar.png\",\"iconSize\":\"80,50\",\"iconAnchor\":\"40,60\"});\nvar marker = L.marker(\n    [-23.28058,-51.28025],\n    marker_options\n);\nvar is_image = map.is_image_map;\nif (marker_options.draggable) {\n    marker.on('dragend', function () {\n        var latlng = this.getLatLng();\n        var lat = latlng.lat;\n        var lng = latlng.lng;\n        if (is_image) {\n            console.log('leaflet-marker y=' + lat + ' x=' + lng);\n        } else {\n            console.log('leaflet-marker lat=' + lat + ' lng=' + lng);\n        }\n    });\n}\nmarker.addTo( group );\nmarker.bindPopup(window.WPLeafletMapPlugin.unescape('&lt;\/p&gt;&lt;br&gt;&lt;p style=\\&quot;text-align: justify;\\&quot;&gt;&lt;span style=\\&quot;color: #000000;\\&quot;&gt;&lt;strong&gt;AV. CANAD\u00c1 CRUZAMENTO COM AV. BRASIL &amp;#8211; SENTIDO C-B&lt;\/strong&gt;&lt;\/span&gt;&lt;br \/&gt;&lt;br&gt;&lt;span style=\\&quot;font-size: 10pt; color: #000000;\\&quot;&gt;Identificador: CAMBE9204&lt;\/span&gt;&lt;br \/&gt;&lt;br&gt;&lt;a href=\\&quot;https:\/\/transito.cambe.pr.gov.br\/index.php\/sistema-automatico-nao-metrologico-de-fiscalizacao-de-transito\/informacoes-sobre-o-equipamento-9204\/\\&quot; target=\\&quot;_blank\\&quot; rel=\\&quot;noopener\\&quot;&gt;&lt;button style=\\&quot;background-color: #0073aa; color: white; border: none; padding: 8px 16px; font-size: 14px; cursor: pointer; border-radius: 5px;\\&quot;&gt;MAIS INFORMA\u00c7\u00d5ES&lt;\/button&gt;&lt;\/a&gt;&lt;\/p&gt;&lt;br&gt;&lt;p&gt;&lt;img class=\\&quot;alignnone wp-image-1243\\&quot; src=\\&quot;https:\/\/transito.cambe.pr.gov.br\/wp-content\/uploads\/2024\/12\/semafaroIcone-300x300.png\\&quot; alt=\\&quot;\\&quot; width=\\&quot;58\\&quot; height=\\&quot;58\\&quot; \/&gt; &lt;img class=\\&quot;alignnone wp-image-1264\\&quot; src=\\&quot;https:\/\/transito.cambe.pr.gov.br\/wp-content\/uploads\/2024\/12\/faixaIcone-300x160.png\\&quot; alt=\\&quot;\\&quot; width=\\&quot;72\\&quot; height=\\&quot;38\\&quot; \/&gt; &lt;img class=\\&quot;alignnone wp-image-1188\\&quot; src=\\&quot;https:\/\/transito.cambe.pr.gov.br\/wp-content\/uploads\/2024\/12\/CONVERSAO_ESQUERDA-removebg-preview-300x240.png\\&quot; alt=\\&quot;\\&quot; width=\\&quot;53\\&quot; height=\\&quot;42\\&quot; \/&gt;&lt;\/p&gt;&lt;br&gt;&lt;p&gt;'));window.WPLeafletMapPlugin.markers.push( marker );\n        });<\/script>\n<script>\nwindow.WPLeafletMapPlugin = window.WPLeafletMapPlugin || [];\nwindow.WPLeafletMapPlugin.push(function WPLeafletMarkerShortcode() {\/*<script>*\/\nvar map = window.WPLeafletMapPlugin.getCurrentMap();\nvar group = window.WPLeafletMapPlugin.getCurrentGroup();\nvar marker_options = window.WPLeafletMapPlugin.getIconOptions({\"iconUrl\":\"https:\\\/\\\/transito.cambe.pr.gov.br\\\/wp-content\\\/uploads\\\/2024\\\/12\\\/radar.png\",\"iconSize\":\"80,50\",\"iconAnchor\":\"40,60\"});\nvar marker = L.marker(\n    [-23.28074,-51.28059],\n    marker_options\n);\nvar is_image = map.is_image_map;\nif (marker_options.draggable) {\n    marker.on('dragend', function () {\n        var latlng = this.getLatLng();\n        var lat = latlng.lat;\n        var lng = latlng.lng;\n        if (is_image) {\n            console.log('leaflet-marker y=' + lat + ' x=' + lng);\n        } else {\n            console.log('leaflet-marker lat=' + lat + ' lng=' + lng);\n        }\n    });\n}\nmarker.addTo( group );\nmarker.bindPopup(window.WPLeafletMapPlugin.unescape('&lt;\/p&gt;&lt;br&gt;&lt;p&gt;&lt;span style=\\&quot;color: #000000;\\&quot;&gt;&lt;strong&gt;AV. CANAD\u00c1 CRUZAMENTO COM AV. BRASIL &amp;#8211; SENTIDO B-C&lt;\/strong&gt;&lt;\/span&gt;&lt;br \/&gt;&lt;br&gt;&lt;span style=\\&quot;font-size: 10pt; color: #000000;\\&quot;&gt;Identificador: CAMBE9205&lt;\/span&gt;&lt;br \/&gt;&lt;br&gt;&lt;a href=\\&quot;https:\/\/transito.cambe.pr.gov.br\/index.php\/sistema-automatico-nao-metrologico-de-fiscalizacao-de-transito\/informacoes-sobre-o-equipamento-9205\/\\&quot; target=\\&quot;_blank\\&quot; rel=\\&quot;noopener\\&quot;&gt;&lt;button style=\\&quot;background-color: #0073aa; color: white; border: none; padding: 8px 16px; font-size: 14px; cursor: pointer; border-radius: 5px;\\&quot;&gt;MAIS INFORMA\u00c7\u00d5ES&lt;\/button&gt;&lt;\/a&gt;&lt;\/p&gt;&lt;br&gt;&lt;p&gt;&lt;img class=\\&quot;alignnone wp-image-1243\\&quot; src=\\&quot;https:\/\/transito.cambe.pr.gov.br\/wp-content\/uploads\/2024\/12\/semafaroIcone-300x300.png\\&quot; alt=\\&quot;\\&quot; width=\\&quot;58\\&quot; height=\\&quot;58\\&quot; \/&gt; &lt;img class=\\&quot;alignnone wp-image-1264\\&quot; src=\\&quot;https:\/\/transito.cambe.pr.gov.br\/wp-content\/uploads\/2024\/12\/faixaIcone-300x160.png\\&quot; alt=\\&quot;\\&quot; width=\\&quot;72\\&quot; height=\\&quot;38\\&quot; \/&gt; &lt;img class=\\&quot;alignnone wp-image-1188\\&quot; src=\\&quot;https:\/\/transito.cambe.pr.gov.br\/wp-content\/uploads\/2024\/12\/CONVERSAO_ESQUERDA-removebg-preview-300x240.png\\&quot; alt=\\&quot;\\&quot; width=\\&quot;53\\&quot; height=\\&quot;42\\&quot; \/&gt;&lt;\/p&gt;&lt;br&gt;&lt;p&gt;'));window.WPLeafletMapPlugin.markers.push( marker );\n        });<\/script>\n<script>\nwindow.WPLeafletMapPlugin = window.WPLeafletMapPlugin || [];\nwindow.WPLeafletMapPlugin.push(function WPLeafletMarkerShortcode() {\/*<script>*\/\nvar map = window.WPLeafletMapPlugin.getCurrentMap();\nvar group = window.WPLeafletMapPlugin.getCurrentGroup();\nvar marker_options = window.WPLeafletMapPlugin.getIconOptions({\"iconUrl\":\"https:\\\/\\\/transito.cambe.pr.gov.br\\\/wp-content\\\/uploads\\\/2024\\\/12\\\/radar.png\",\"iconSize\":\"80,50\",\"iconAnchor\":\"40,60\"});\nvar marker = L.marker(\n    [-23.28045,-51.28054],\n    marker_options\n);\nvar is_image = map.is_image_map;\nif (marker_options.draggable) {\n    marker.on('dragend', function () {\n        var latlng = this.getLatLng();\n        var lat = latlng.lat;\n        var lng = latlng.lng;\n        if (is_image) {\n            console.log('leaflet-marker y=' + lat + ' x=' + lng);\n        } else {\n            console.log('leaflet-marker lat=' + lat + ' lng=' + lng);\n        }\n    });\n}\nmarker.addTo( group );\nmarker.bindPopup(window.WPLeafletMapPlugin.unescape('&lt;\/p&gt;&lt;br&gt;&lt;p&gt;&lt;span style=\\&quot;color: #000000;\\&quot;&gt;&lt;strong&gt;AV. BRASIL CRUZAMENTO COM AV. CANAD\u00c1 &amp;#8211; SENTIDO C-B&lt;\/strong&gt;&lt;\/span&gt;&lt;br \/&gt;&lt;br&gt;&lt;span style=\\&quot;font-size: 10pt; color: #000000;\\&quot;&gt;Identificador: CAMBE9206&lt;\/span&gt;&lt;br \/&gt;&lt;br&gt;&lt;a href=\\&quot;https:\/\/transito.cambe.pr.gov.br\/index.php\/sistema-automatico-nao-metrologico-de-fiscalizacao-de-transito\/informacoes-sobre-o-equipamento-9206\/\\&quot; target=\\&quot;_blank\\&quot; rel=\\&quot;noopener\\&quot;&gt;&lt;button style=\\&quot;background-color: #0073aa; color: white; border: none; padding: 8px 16px; font-size: 14px; cursor: pointer; border-radius: 5px;\\&quot;&gt;MAIS INFORMA\u00c7\u00d5ES&lt;\/button&gt;&lt;\/a&gt;&lt;\/p&gt;&lt;br&gt;&lt;p&gt;&lt;img class=\\&quot;alignnone wp-image-1243\\&quot; src=\\&quot;https:\/\/transito.cambe.pr.gov.br\/wp-content\/uploads\/2024\/12\/semafaroIcone-300x300.png\\&quot; alt=\\&quot;\\&quot; width=\\&quot;58\\&quot; height=\\&quot;58\\&quot; \/&gt; &lt;img class=\\&quot;alignnone wp-image-1264\\&quot; src=\\&quot;https:\/\/transito.cambe.pr.gov.br\/wp-content\/uploads\/2024\/12\/faixaIcone-300x160.png\\&quot; alt=\\&quot;\\&quot; width=\\&quot;72\\&quot; height=\\&quot;38\\&quot; \/&gt; &lt;img class=\\&quot;alignnone wp-image-1188\\&quot; src=\\&quot;https:\/\/transito.cambe.pr.gov.br\/wp-content\/uploads\/2024\/12\/CONVERSAO_ESQUERDA-removebg-preview-300x240.png\\&quot; alt=\\&quot;\\&quot; width=\\&quot;53\\&quot; height=\\&quot;42\\&quot; \/&gt;&lt;\/p&gt;&lt;br&gt;&lt;p&gt;'));window.WPLeafletMapPlugin.markers.push( marker );\n        });<\/script>\n<script>\nwindow.WPLeafletMapPlugin = window.WPLeafletMapPlugin || [];\nwindow.WPLeafletMapPlugin.push(function WPLeafletMarkerShortcode() {\/*<script>*\/\nvar map = window.WPLeafletMapPlugin.getCurrentMap();\nvar group = window.WPLeafletMapPlugin.getCurrentGroup();\nvar marker_options = window.WPLeafletMapPlugin.getIconOptions({\"iconUrl\":\"https:\\\/\\\/transito.cambe.pr.gov.br\\\/wp-content\\\/uploads\\\/2024\\\/12\\\/radar.png\",\"iconSize\":\"80,50\",\"iconAnchor\":\"40,60\"});\nvar marker = L.marker(\n    [-23.28086,-51.28038],\n    marker_options\n);\nvar is_image = map.is_image_map;\nif (marker_options.draggable) {\n    marker.on('dragend', function () {\n        var latlng = this.getLatLng();\n        var lat = latlng.lat;\n        var lng = latlng.lng;\n        if (is_image) {\n            console.log('leaflet-marker y=' + lat + ' x=' + lng);\n        } else {\n            console.log('leaflet-marker lat=' + lat + ' lng=' + lng);\n        }\n    });\n}\nmarker.addTo( group );\nmarker.bindPopup(window.WPLeafletMapPlugin.unescape('&lt;\/p&gt;&lt;br&gt;&lt;p&gt;&lt;span style=\\&quot;color: #000000;\\&quot;&gt;&lt;strong&gt;AV. BRASIL CRUZAMENTO COM AV. CANAD\u00c1 &amp;#8211; SENTIDO B-C&lt;\/strong&gt;&lt;\/span&gt;&lt;br \/&gt;&lt;br&gt;&lt;span style=\\&quot;font-size: 10pt; color: #000000;\\&quot;&gt;Identificador: CAMBE9207&lt;\/span&gt;&lt;br \/&gt;&lt;br&gt;&lt;a href=\\&quot;https:\/\/transito.cambe.pr.gov.br\/index.php\/sistema-automatico-nao-metrologico-de-fiscalizacao-de-transito\/informacoes-sobre-o-equipamento-9207\/\\&quot; target=\\&quot;_blank\\&quot; rel=\\&quot;noopener\\&quot;&gt;&lt;button style=\\&quot;background-color: #0073aa; color: white; border: none; padding: 8px 16px; font-size: 14px; cursor: pointer; border-radius: 5px;\\&quot;&gt;MAIS INFORMA\u00c7\u00d5ES&lt;\/button&gt;&lt;\/a&gt;&lt;\/p&gt;&lt;br&gt;&lt;p&gt;&lt;img class=\\&quot;alignnone wp-image-1243\\&quot; src=\\&quot;https:\/\/transito.cambe.pr.gov.br\/wp-content\/uploads\/2024\/12\/semafaroIcone-300x300.png\\&quot; alt=\\&quot;\\&quot; width=\\&quot;58\\&quot; height=\\&quot;58\\&quot; \/&gt; &lt;img class=\\&quot;alignnone wp-image-1264\\&quot; src=\\&quot;https:\/\/transito.cambe.pr.gov.br\/wp-content\/uploads\/2024\/12\/faixaIcone-300x160.png\\&quot; alt=\\&quot;\\&quot; width=\\&quot;72\\&quot; height=\\&quot;39\\&quot; \/&gt; &lt;img class=\\&quot;alignnone wp-image-1188\\&quot; src=\\&quot;https:\/\/transito.cambe.pr.gov.br\/wp-content\/uploads\/2024\/12\/CONVERSAO_ESQUERDA-removebg-preview-300x240.png\\&quot; alt=\\&quot;\\&quot; width=\\&quot;53\\&quot; height=\\&quot;42\\&quot; \/&gt;&lt;\/p&gt;&lt;br&gt;&lt;p&gt;'));window.WPLeafletMapPlugin.markers.push( marker );\n        });<\/script>\n<script>\nwindow.WPLeafletMapPlugin = window.WPLeafletMapPlugin || [];\nwindow.WPLeafletMapPlugin.push(function WPLeafletMarkerShortcode() {\/*<script>*\/\nvar map = window.WPLeafletMapPlugin.getCurrentMap();\nvar group = window.WPLeafletMapPlugin.getCurrentGroup();\nvar marker_options = window.WPLeafletMapPlugin.getIconOptions({\"iconUrl\":\"https:\\\/\\\/transito.cambe.pr.gov.br\\\/wp-content\\\/uploads\\\/2024\\\/12\\\/radar.png\",\"iconSize\":\"80,50\",\"iconAnchor\":\"40,60\"});\nvar marker = L.marker(\n    [-23.27588,-51.28402],\n    marker_options\n);\nvar is_image = map.is_image_map;\nif (marker_options.draggable) {\n    marker.on('dragend', function () {\n        var latlng = this.getLatLng();\n        var lat = latlng.lat;\n        var lng = latlng.lng;\n        if (is_image) {\n            console.log('leaflet-marker y=' + lat + ' x=' + lng);\n        } else {\n            console.log('leaflet-marker lat=' + lat + ' lng=' + lng);\n        }\n    });\n}\nmarker.addTo( group );\nmarker.bindPopup(window.WPLeafletMapPlugin.unescape('&lt;\/p&gt;&lt;br&gt;&lt;p style=\\&quot;text-align: justify;\\&quot;&gt;&lt;span style=\\&quot;color: #000000;\\&quot;&gt;&lt;strong&gt;RUA DINAMARCA CRUZAMENTO COM RUA NORUEGA &amp;#8211; SENTIDO C-B&lt;\/strong&gt;&lt;\/span&gt;&lt;br \/&gt;&lt;br&gt;&lt;span style=\\&quot;font-size: 10pt; color: #000000;\\&quot;&gt;Identificador: CAMBE9208&lt;\/span&gt;&lt;br \/&gt;&lt;br&gt;&lt;a href=\\&quot;https:\/\/transito.cambe.pr.gov.br\/index.php\/sistema-automatico-nao-metrologico-de-fiscalizacao-de-transito\/informacoes-sobre-o-equipamento-9208\/\\&quot; target=\\&quot;_blank\\&quot; rel=\\&quot;noopener\\&quot;&gt;&lt;button style=\\&quot;background-color: #0073aa; color: white; border: none; padding: 8px 16px; font-size: 14px; cursor: pointer; border-radius: 5px;\\&quot;&gt;MAIS INFORMA\u00c7\u00d5ES&lt;\/button&gt;&lt;\/a&gt;&lt;\/p&gt;&lt;br&gt;&lt;p&gt;&lt;img class=\\&quot;alignnone wp-image-1243\\&quot; src=\\&quot;https:\/\/transito.cambe.pr.gov.br\/wp-content\/uploads\/2024\/12\/semafaroIcone-300x300.png\\&quot; alt=\\&quot;\\&quot; width=\\&quot;58\\&quot; height=\\&quot;58\\&quot; \/&gt; &lt;img class=\\&quot;alignnone wp-image-1264\\&quot; src=\\&quot;https:\/\/transito.cambe.pr.gov.br\/wp-content\/uploads\/2024\/12\/faixaIcone-300x160.png\\&quot; alt=\\&quot;\\&quot; width=\\&quot;72\\&quot; height=\\&quot;38\\&quot; \/&gt; &lt;img class=\\&quot;alignnone wp-image-1188\\&quot; src=\\&quot;https:\/\/transito.cambe.pr.gov.br\/wp-content\/uploads\/2024\/12\/CONVERSAO_ESQUERDA-removebg-preview-300x240.png\\&quot; alt=\\&quot;\\&quot; width=\\&quot;53\\&quot; height=\\&quot;42\\&quot; \/&gt;&lt;\/p&gt;&lt;br&gt;&lt;p&gt;'));window.WPLeafletMapPlugin.markers.push( marker );\n        });<\/script>\n<script>\nwindow.WPLeafletMapPlugin = window.WPLeafletMapPlugin || [];\nwindow.WPLeafletMapPlugin.push(function WPLeafletMarkerShortcode() {\/*<script>*\/\nvar map = window.WPLeafletMapPlugin.getCurrentMap();\nvar group = window.WPLeafletMapPlugin.getCurrentGroup();\nvar marker_options = window.WPLeafletMapPlugin.getIconOptions({\"iconUrl\":\"https:\\\/\\\/transito.cambe.pr.gov.br\\\/wp-content\\\/uploads\\\/2024\\\/12\\\/radar.png\",\"iconSize\":\"80,50\",\"iconAnchor\":\"40,60\"});\nvar marker = L.marker(\n    [-23.27539,-51.2839],\n    marker_options\n);\nvar is_image = map.is_image_map;\nif (marker_options.draggable) {\n    marker.on('dragend', function () {\n        var latlng = this.getLatLng();\n        var lat = latlng.lat;\n        var lng = latlng.lng;\n        if (is_image) {\n            console.log('leaflet-marker y=' + lat + ' x=' + lng);\n        } else {\n            console.log('leaflet-marker lat=' + lat + ' lng=' + lng);\n        }\n    });\n}\nmarker.addTo( group );\nmarker.bindPopup(window.WPLeafletMapPlugin.unescape('&lt;\/p&gt;&lt;br&gt;&lt;p&gt;&lt;span style=\\&quot;color: #000000;\\&quot;&gt;&lt;strong&gt;RUA DINAMARCA CRUZAMENTO COM RUA NORUEGA &amp;#8211; SENTIDO B-C&lt;\/strong&gt;&lt;\/span&gt;&lt;br \/&gt;&lt;br&gt;&lt;span style=\\&quot;color: #000000;\\&quot;&gt;Identificador: CAMBE9209&lt;\/span&gt;&lt;br \/&gt;&lt;br&gt;&lt;a href=\\&quot;https:\/\/transito.cambe.pr.gov.br\/index.php\/sistema-automatico-nao-metrologico-de-fiscalizacao-de-transito\/informacoes-sobre-o-equipamento-9209\/\\&quot; target=\\&quot;_blank\\&quot; rel=\\&quot;noopener\\&quot;&gt;&lt;button style=\\&quot;background-color: #0073aa; color: white; border: none; padding: 8px 16px; font-size: 14px; cursor: pointer; border-radius: 5px;\\&quot;&gt;MAIS INFORMA\u00c7\u00d5ES&lt;\/button&gt;&lt;\/a&gt;&lt;\/p&gt;&lt;br&gt;&lt;p&gt;&lt;img class=\\&quot;alignnone wp-image-1243\\&quot; src=\\&quot;https:\/\/transito.cambe.pr.gov.br\/wp-content\/uploads\/2024\/12\/semafaroIcone-300x300.png\\&quot; alt=\\&quot;\\&quot; width=\\&quot;58\\&quot; height=\\&quot;58\\&quot; \/&gt; &lt;img class=\\&quot;alignnone wp-image-1264\\&quot; src=\\&quot;https:\/\/transito.cambe.pr.gov.br\/wp-content\/uploads\/2024\/12\/faixaIcone-300x160.png\\&quot; alt=\\&quot;\\&quot; width=\\&quot;72\\&quot; height=\\&quot;38\\&quot; \/&gt; &lt;img class=\\&quot;alignnone wp-image-1188\\&quot; src=\\&quot;https:\/\/transito.cambe.pr.gov.br\/wp-content\/uploads\/2024\/12\/CONVERSAO_ESQUERDA-removebg-preview-300x240.png\\&quot; alt=\\&quot;\\&quot; width=\\&quot;53\\&quot; height=\\&quot;42\\&quot; \/&gt;&lt;\/p&gt;&lt;br&gt;&lt;p&gt;'));window.WPLeafletMapPlugin.markers.push( marker );\n        });<\/script>\n<script>\nwindow.WPLeafletMapPlugin = window.WPLeafletMapPlugin || [];\nwindow.WPLeafletMapPlugin.push(function WPLeafletMarkerShortcode() {\/*<script>*\/\nvar map = window.WPLeafletMapPlugin.getCurrentMap();\nvar group = window.WPLeafletMapPlugin.getCurrentGroup();\nvar marker_options = window.WPLeafletMapPlugin.getIconOptions({\"iconUrl\":\"https:\\\/\\\/transito.cambe.pr.gov.br\\\/wp-content\\\/uploads\\\/2024\\\/12\\\/radar.png\",\"iconSize\":\"80,50\",\"iconAnchor\":\"40,60\"});\nvar marker = L.marker(\n    [-23.27569,-51.28362],\n    marker_options\n);\nvar is_image = map.is_image_map;\nif (marker_options.draggable) {\n    marker.on('dragend', function () {\n        var latlng = this.getLatLng();\n        var lat = latlng.lat;\n        var lng = latlng.lng;\n        if (is_image) {\n            console.log('leaflet-marker y=' + lat + ' x=' + lng);\n        } else {\n            console.log('leaflet-marker lat=' + lat + ' lng=' + lng);\n        }\n    });\n}\nmarker.addTo( group );\nmarker.bindPopup(window.WPLeafletMapPlugin.unescape('&lt;\/p&gt;&lt;br&gt;&lt;p&gt;&lt;span style=\\&quot;color: #000000;\\&quot;&gt;&lt;strong&gt;RUA NORUEGA CRUZAMENTO COM RUA DINAMARCA &amp;#8211; SENTIDO C-B&lt;\/strong&gt;&lt;\/span&gt;&lt;br \/&gt;&lt;br&gt;&lt;span style=\\&quot;font-size: 10pt; color: #000000;\\&quot;&gt;Identificador: CAMBE9210&lt;\/span&gt;&lt;br \/&gt;&lt;br&gt;&lt;a href=\\&quot;https:\/\/transito.cambe.pr.gov.br\/index.php\/sistema-automatico-nao-metrologico-de-fiscalizacao-de-transito\/informacoes-sobre-o-equipamento-9210\/\\&quot; target=\\&quot;_blank\\&quot; rel=\\&quot;noopener\\&quot;&gt;&lt;button style=\\&quot;background-color: #0073aa; color: white; border: none; padding: 8px 16px; font-size: 14px; cursor: pointer; border-radius: 5px;\\&quot;&gt;MAIS INFORMA\u00c7\u00d5ES&lt;\/button&gt;&lt;\/a&gt;&lt;\/p&gt;&lt;br&gt;&lt;p&gt;&lt;img class=\\&quot;alignnone wp-image-1243\\&quot; src=\\&quot;https:\/\/transito.cambe.pr.gov.br\/wp-content\/uploads\/2024\/12\/semafaroIcone-300x300.png\\&quot; alt=\\&quot;\\&quot; width=\\&quot;58\\&quot; height=\\&quot;58\\&quot; \/&gt; &lt;img class=\\&quot;alignnone wp-image-1264\\&quot; src=\\&quot;https:\/\/transito.cambe.pr.gov.br\/wp-content\/uploads\/2024\/12\/faixaIcone-300x160.png\\&quot; alt=\\&quot;\\&quot; width=\\&quot;72\\&quot; height=\\&quot;38\\&quot; \/&gt; &lt;img class=\\&quot;alignnone wp-image-1188\\&quot; src=\\&quot;https:\/\/transito.cambe.pr.gov.br\/wp-content\/uploads\/2024\/12\/CONVERSAO_ESQUERDA-removebg-preview-300x240.png\\&quot; alt=\\&quot;\\&quot; width=\\&quot;53\\&quot; height=\\&quot;42\\&quot; \/&gt;&lt;\/p&gt;&lt;br&gt;&lt;p&gt;'));window.WPLeafletMapPlugin.markers.push( marker );\n        });<\/script>\n<script>\nwindow.WPLeafletMapPlugin = window.WPLeafletMapPlugin || [];\nwindow.WPLeafletMapPlugin.push(function WPLeafletMarkerShortcode() {\/*<script>*\/\nvar map = window.WPLeafletMapPlugin.getCurrentMap();\nvar group = window.WPLeafletMapPlugin.getCurrentGroup();\nvar marker_options = window.WPLeafletMapPlugin.getIconOptions({\"iconUrl\":\"https:\\\/\\\/transito.cambe.pr.gov.br\\\/wp-content\\\/uploads\\\/2024\\\/12\\\/radar.png\",\"iconSize\":\"80,50\",\"iconAnchor\":\"40,60\"});\nvar marker = L.marker(\n    [-23.2756,-51.28428],\n    marker_options\n);\nvar is_image = map.is_image_map;\nif (marker_options.draggable) {\n    marker.on('dragend', function () {\n        var latlng = this.getLatLng();\n        var lat = latlng.lat;\n        var lng = latlng.lng;\n        if (is_image) {\n            console.log('leaflet-marker y=' + lat + ' x=' + lng);\n        } else {\n            console.log('leaflet-marker lat=' + lat + ' lng=' + lng);\n        }\n    });\n}\nmarker.addTo( group );\nmarker.bindPopup(window.WPLeafletMapPlugin.unescape('&lt;\/p&gt;&lt;br&gt;&lt;p&gt;&lt;span style=\\&quot;color: #000000;\\&quot;&gt;&lt;strong&gt;RUA NORUEGA CRUZAMENTO COM RUA DINAMARCA &amp;#8211; SENTIDO B-C&lt;\/strong&gt;&lt;\/span&gt;&lt;br \/&gt;&lt;br&gt;&lt;span style=\\&quot;color: #000000;\\&quot;&gt;Identificador: CAMBE9211&lt;\/span&gt;&lt;br \/&gt;&lt;br&gt;&lt;a href=\\&quot;https:\/\/transito.cambe.pr.gov.br\/index.php\/sistema-automatico-nao-metrologico-de-fiscalizacao-de-transito\/informacoes-sobre-o-equipamento-9211\/\\&quot; target=\\&quot;_blank\\&quot; rel=\\&quot;noopener\\&quot;&gt;&lt;button style=\\&quot;background-color: #0073aa; color: white; border: none; padding: 8px 16px; font-size: 14px; cursor: pointer; border-radius: 5px;\\&quot;&gt;MAIS INFORMA\u00c7\u00d5ES&lt;\/button&gt;&lt;\/a&gt;&lt;\/p&gt;&lt;br&gt;&lt;p&gt;&lt;img class=\\&quot;alignnone wp-image-1243\\&quot; src=\\&quot;https:\/\/transito.cambe.pr.gov.br\/wp-content\/uploads\/2024\/12\/semafaroIcone-300x300.png\\&quot; alt=\\&quot;\\&quot; width=\\&quot;58\\&quot; height=\\&quot;58\\&quot; \/&gt; &lt;img class=\\&quot;alignnone wp-image-1264\\&quot; src=\\&quot;https:\/\/transito.cambe.pr.gov.br\/wp-content\/uploads\/2024\/12\/faixaIcone-300x160.png\\&quot; alt=\\&quot;\\&quot; width=\\&quot;72\\&quot; height=\\&quot;38\\&quot; \/&gt; &lt;img class=\\&quot;alignnone wp-image-1188\\&quot; src=\\&quot;https:\/\/transito.cambe.pr.gov.br\/wp-content\/uploads\/2024\/12\/CONVERSAO_ESQUERDA-removebg-preview-300x240.png\\&quot; alt=\\&quot;\\&quot; width=\\&quot;53\\&quot; height=\\&quot;42\\&quot; \/&gt;&lt;\/p&gt;&lt;br&gt;&lt;p&gt;'));window.WPLeafletMapPlugin.markers.push( marker );\n        });<\/script>\n<p><span style=\"color: #000000; font-family: arial, helvetica, sans-serif;\"><strong><span style=\"font-size: 14pt;\">Equipamentos Controladores:<\/span><\/strong><\/span><\/p>\n<p style=\"text-align: justify;\"><span style=\"color: #000000; font-size: 12pt; font-family: arial, helvetica, sans-serif;\">Os controladores de velocidade instalados no munic\u00edpio de Camb\u00e9 s\u00e3o dispositivos destinados a fiscalizar o limite m\u00e1ximo de velocidade nas vias da cidade, em locais devidamente sinalizados. Esses equipamentos atendem requisitos metrol\u00f3gicos e t\u00e9cnicos, sendo verificados periodicamente, com uma frequ\u00eancia m\u00ednima de doze meses, pelo Instituto Nacional de Metrologia, Qualidade e Tecnologia (INMETRO) ou por entidade por ele acreditada, conforme definido por Resolu\u00e7\u00e3o do CONTRAN. Essa verifica\u00e7\u00e3o garante a precis\u00e3o e confiabilidade na medi\u00e7\u00e3o da velocidade, contribuindo para a seguran\u00e7a no\u00a0tr\u00e2nsito e o cumprimento das normas de circula\u00e7\u00e3o.<\/span><\/p>\n<p><span style=\"color: #000000; font-family: arial, helvetica, sans-serif;\"><strong>Lista de Equipamentos (clique para maiores informa\u00e7\u00f5es):<\/strong><\/span><\/p>\n<p><strong><span style=\"color: #008000; font-size: 12pt;\"><a style=\"color: #008000;\" href=\"https:\/\/transito.cambe.pr.gov.br\/index.php\/controladores\/informacoes-sobre-o-equipamento-9184\/\" target=\"_blank\" rel=\"noopener\">CAMBE9184 \u2013 AV. ROBERTO CONCEI\u00c7\u00c3O PR\u00d3X. AO N. 1072-D<\/a><\/span><\/strong><\/p>\n<hr \/>\n<p><strong><span style=\"color: #008000; font-size: 12pt;\"><a style=\"color: #008000;\" href=\"https:\/\/transito.cambe.pr.gov.br\/index.php\/controladores\/informacoes-sobre-o-equipamento-9185\/\" target=\"_blank\" rel=\"noopener\">CAMBE9185 \u2013 AV. INGLATERRA N. 238<\/a><\/span><\/strong><\/p>\n<hr \/>\n<p><strong><span style=\"color: #008000; font-size: 12pt;\"><a style=\"color: #008000;\" href=\"https:\/\/transito.cambe.pr.gov.br\/index.php\/controladores\/informacoes-sobre-o-equipamento-9186\/\" target=\"_blank\" rel=\"noopener\">CAMBE9186 \u2013 AV INGLATERRA N. 363<\/a><\/span><\/strong><\/p>\n<hr \/>\n<p><strong><span style=\"color: #008000; font-size: 12pt;\"><a style=\"color: #008000;\" href=\"https:\/\/transito.cambe.pr.gov.br\/index.php\/controladores\/informacoes-sobre-o-equipamento-9187\/\" target=\"_blank\" rel=\"noopener\">CAMBE9187 \u2013 RUA CURITIBA N. 1067<\/a><\/span><\/strong><\/p>\n<hr \/>\n<p><strong><span style=\"color: #008000; font-size: 12pt;\"><a style=\"color: #008000;\" href=\"https:\/\/transito.cambe.pr.gov.br\/index.php\/controladores\/informacoes-sobre-o-equipamento-9188\/\" target=\"_blank\" rel=\"noopener\">CAMBE9188 \u2013 AV. ANTONIO RAMINELLI OPOSTO AO N. 1474<\/a><\/span><\/strong><\/p>\n<hr \/>\n<p><strong><span style=\"color: #008000; font-size: 12pt;\"><a style=\"color: #008000;\" href=\"https:\/\/transito.cambe.pr.gov.br\/index.php\/controladores\/informacoes-sobre-o-equipamento-9189\/\" target=\"_blank\" rel=\"noopener\">CAMBE9189 \u2013 AV. JOS\u00c9 BONIF\u00c1CIO PROX. \u00c0 BRADO LOGISTICA<\/a><\/span><\/strong><\/p>\n<hr \/>\n<p><strong><span style=\"color: #008000; font-size: 12pt;\"><a style=\"color: #008000;\" href=\"https:\/\/transito.cambe.pr.gov.br\/index.php\/controladores\/informacoes-sobre-o-equipamento-9190\/\" target=\"_blank\" rel=\"noopener\">CAMBE9190 \u2013 AV. JOS\u00c9 BONIF\u00c1CIO N. 2551<\/a><\/span><\/strong><\/p>\n<hr \/>\n<p><strong><span style=\"color: #008000; font-size: 12pt;\"><a style=\"color: #008000;\" href=\"https:\/\/transito.cambe.pr.gov.br\/index.php\/controladores\/informacoes-sobre-o-equipamento-9191\/\" target=\"_blank\" rel=\"noopener\">CAMBE9191 \u2013 AV. INGLATERRA N. 1523\u00a0<\/a><\/span><\/strong><\/p>\n<hr \/>\n<p><strong><span style=\"color: #008000; font-size: 12pt;\"><a style=\"color: #008000;\" href=\"https:\/\/transito.cambe.pr.gov.br\/index.php\/controladores\/informacoes-sobre-o-equipamento-9192\/\" target=\"_blank\" rel=\"noopener\">CAMBE9192 \u2013 AV. INGLATERRA N. 1410<\/a><\/span><\/strong><\/p>\n<hr \/>\n<p><strong><span style=\"color: #008000; font-size: 12pt;\"><a style=\"color: #008000;\" href=\"https:\/\/transito.cambe.pr.gov.br\/index.php\/controladores\/informacoes-sobre-o-equipamento-9193\/\" target=\"_blank\" rel=\"noopener\">CAMBE9193 \u2013 AV. BRASIL N. 1683<\/a><\/span><\/strong><\/p>\n<hr \/>\n<p><strong><span style=\"color: #008000; font-size: 12pt;\"><a style=\"color: #008000;\" href=\"https:\/\/transito.cambe.pr.gov.br\/index.php\/controladores\/informacoes-sobre-o-equipamento-9194\/\" target=\"_blank\" rel=\"noopener\">CAMBE9194 \u2013 RUA BELO HORIZONTE N. 783<\/a><\/span><\/strong><\/p>\n<hr \/>\n<p><strong><span style=\"color: #008000; font-size: 12pt;\"><a style=\"color: #008000;\" href=\"https:\/\/transito.cambe.pr.gov.br\/index.php\/controladores\/informacoes-sobre-o-equipamento-9195\/\" target=\"_blank\" rel=\"noopener\">CAMBE9195 \u2013 AV. ROBERTO CONCEI\u00c7\u00c3O OPOSTO AO N. 168<\/a><\/span><\/strong><\/p>\n<hr \/>\n<p><strong><span style=\"color: #008000; font-size: 12pt;\"><a style=\"color: #008000;\" href=\"https:\/\/transito.cambe.pr.gov.br\/index.php\/controladores\/informacoes-sobre-o-equipamento-9196\/\" target=\"_blank\" rel=\"noopener\">CAMBE9196 \u2013 PR-536-ESTRADA DA PRATA, PR\u00d3X. ENTRADA DO JD.NOVA CAMB\u00c9\u00a0<\/a><\/span><\/strong><\/p>\n<hr \/>\n<p>&nbsp;<\/p>\n<p><span style=\"font-size: 14pt; color: #000000; font-family: arial, helvetica, sans-serif;\"><strong>Equipamentos de Sistema Autom\u00e1tico N\u00e3o Metrol\u00f3gico de Fiscaliza\u00e7\u00e3o de Tr\u00e2nsito:<\/strong><\/span><\/p>\n<p style=\"text-align: justify;\"><span style=\"color: #000000; font-size: 12pt; font-family: arial, helvetica, sans-serif;\">Os sistemas autom\u00e1ticos n\u00e3o metrol\u00f3gicos de fiscaliza\u00e7\u00e3o utilizados pela Prefeitura de Camb\u00e9 s\u00e3o compostos por equipamentos fixos, instalados permanentemente em locais definidos. Esses dispositivos passam por avalia\u00e7\u00e3o de conformidade do seu modelo pelo Instituto Nacional de Metrologia, Qualidade e Tecnologia (INMETRO) ou por entidades acreditadas por este. Como n\u00e3o se tratam de equipamentos metrol\u00f3gicos, n\u00e3o exigem aferi\u00e7\u00e3o peri\u00f3dica.<\/span><\/p>\n<p><span style=\"color: #000000; font-family: arial, helvetica, sans-serif;\"><strong>Lista de Equipamentos (clique para maiores informa\u00e7\u00f5es):<\/strong><\/span><\/p>\n<p><span style=\"color: #008000; font-size: 10pt;\"><strong><a style=\"color: #008000;\" href=\"https:\/\/transito.cambe.pr.gov.br\/index.php\/sistema-automatico-nao-metrologico-de-fiscalizacao-de-transito\/informacoes-sobre-o-equipamento-9197\/\" target=\"_blank\" rel=\"noopener\"><span style=\"font-size: 12pt;\">CAMBE9197 &#8211; AV. ROBERTO CONCEI\u00c7\u00c3O CRUZAMENTO COM RUA CARLOS SAWADE<\/span><\/a><\/strong><\/span><\/p>\n<hr \/>\n<p><span style=\"color: #008000; font-size: 12pt;\"><strong><a style=\"color: #008000;\" href=\"https:\/\/transito.cambe.pr.gov.br\/index.php\/sistema-automatico-nao-metrologico-de-fiscalizacao-de-transito\/informacoes-sobre-o-equipamento-9198\/\" target=\"_blank\" rel=\"noopener\">CAMBE9198 &#8211; AV. ROBERTO CONCEI\u00c7\u00c3O CRUZAMENTO COM RUA CARLOS SAWADE<\/a><\/strong><\/span><\/p>\n<hr \/>\n<p><span style=\"color: #008000; font-size: 12pt;\"><strong><a style=\"color: #008000;\" href=\"https:\/\/transito.cambe.pr.gov.br\/index.php\/sistema-automatico-nao-metrologico-de-fiscalizacao-de-transito\/informacoes-sobre-o-equipamento-9199\/\" target=\"_blank\" rel=\"noopener\">CAMBE9199 &#8211; RUA CARLOS SAWADE CRUZAMENTO COM AV. ROBERTO CONCEI\u00c7\u00c3O<\/a><\/strong><\/span><\/p>\n<hr \/>\n<p><span style=\"color: #008000; font-size: 12pt;\"><strong><a style=\"color: #008000;\" href=\"https:\/\/transito.cambe.pr.gov.br\/index.php\/sistema-automatico-nao-metrologico-de-fiscalizacao-de-transito\/informacoes-sobre-o-equipamento-9200\/\" target=\"_blank\" rel=\"noopener\">CAMBE9200 &#8211; RUA BELO HORIZONTE CRUZAMENTO COM RUA EQUADOR<\/a><\/strong><\/span><\/p>\n<hr \/>\n<p><span style=\"color: #008000; font-size: 12pt;\"><strong><a style=\"color: #008000;\" href=\"https:\/\/transito.cambe.pr.gov.br\/index.php\/sistema-automatico-nao-metrologico-de-fiscalizacao-de-transito\/informacoes-sobre-o-equipamento-9201\/\" target=\"_blank\" rel=\"noopener\">CAMBE9201 &#8211; RUA BELO HORIZONTE CRUZAMENTO COM RUA EQUADOR<\/a><\/strong><\/span><\/p>\n<hr \/>\n<p><span style=\"color: #008000; font-size: 12pt;\"><strong><a style=\"color: #008000;\" href=\"https:\/\/transito.cambe.pr.gov.br\/index.php\/sistema-automatico-nao-metrologico-de-fiscalizacao-de-transito\/informacoes-sobre-o-equipamento-9202\/\" target=\"_blank\" rel=\"noopener\">CAMBE9202 &#8211; RUA EQUADOR CRUZAMENTO COM RUA BELO HORIZONTE<\/a><\/strong><\/span><\/p>\n<hr \/>\n<p><span style=\"color: #008000; font-size: 12pt;\"><strong><a style=\"color: #008000;\" href=\"https:\/\/transito.cambe.pr.gov.br\/index.php\/sistema-automatico-nao-metrologico-de-fiscalizacao-de-transito\/informacoes-sobre-o-equipamento-9203\/\" target=\"_blank\" rel=\"noopener\">CAMBE9203 &#8211; RUA PAR\u00c1 CRUZAMENTO COM RUA PORTUGAL<\/a><\/strong><\/span><\/p>\n<hr \/>\n<p><span style=\"color: #008000; font-size: 12pt;\"><strong><a style=\"color: #008000;\" href=\"https:\/\/transito.cambe.pr.gov.br\/index.php\/sistema-automatico-nao-metrologico-de-fiscalizacao-de-transito\/informacoes-sobre-o-equipamento-9204\/\" target=\"_blank\" rel=\"noopener\">CAMBE9204 &#8211; AV. CANAD\u00c1 CRUZAMENTO COM AV. BRASIL<\/a><\/strong><\/span><\/p>\n<hr \/>\n<p><span style=\"color: #008000; font-size: 12pt;\"><strong><a style=\"color: #008000;\" href=\"https:\/\/transito.cambe.pr.gov.br\/index.php\/sistema-automatico-nao-metrologico-de-fiscalizacao-de-transito\/informacoes-sobre-o-equipamento-9205\/\" target=\"_blank\" rel=\"noopener\">CAMBE9205 &#8211; AV. CANAD\u00c1 CRUZAMENTO COM AV. BRASIL<\/a><\/strong><\/span><\/p>\n<hr \/>\n<p><span style=\"color: #008000; font-size: 12pt;\"><strong><a style=\"color: #008000;\" href=\"https:\/\/transito.cambe.pr.gov.br\/index.php\/sistema-automatico-nao-metrologico-de-fiscalizacao-de-transito\/informacoes-sobre-o-equipamento-9206\/\" target=\"_blank\" rel=\"noopener\">CAMBE9206 &#8211; AV. BRASIL CRUZAMENTO COM AV. CANAD\u00c1<\/a><\/strong><\/span><\/p>\n<hr \/>\n<p><span style=\"color: #008000; font-size: 12pt;\"><strong><a style=\"color: #008000;\" href=\"https:\/\/transito.cambe.pr.gov.br\/index.php\/sistema-automatico-nao-metrologico-de-fiscalizacao-de-transito\/informacoes-sobre-o-equipamento-9207\/\" target=\"_blank\" rel=\"noopener\">CAMBE9207 &#8211; AV. BRASIL CRUZAMENTO COM AV. CANAD\u00c1<\/a><\/strong><\/span><\/p>\n<hr \/>\n<p><span style=\"color: #008000; font-size: 12pt;\"><strong><a style=\"color: #008000;\" href=\"https:\/\/transito.cambe.pr.gov.br\/index.php\/sistema-automatico-nao-metrologico-de-fiscalizacao-de-transito\/informacoes-sobre-o-equipamento-9208\/\" target=\"_blank\" rel=\"noopener\">CAMBE9208 &#8211; RUA DINAMARCA CRUZAMENTO COM RUA NORUEGA<\/a><\/strong><\/span><\/p>\n<hr \/>\n<p><span style=\"color: #008000; font-size: 12pt;\"><strong><a style=\"color: #008000;\" href=\"https:\/\/transito.cambe.pr.gov.br\/index.php\/sistema-automatico-nao-metrologico-de-fiscalizacao-de-transito\/informacoes-sobre-o-equipamento-9209\/\" target=\"_blank\" rel=\"noopener\">CAMBE9209 &#8211; RUA DINAMARCA CRUZAMENTO COM RUA NORUEGA<\/a><\/strong><\/span><\/p>\n<hr \/>\n<p><span style=\"color: #008000; font-size: 12pt;\"><strong><a style=\"color: #008000;\" href=\"https:\/\/transito.cambe.pr.gov.br\/index.php\/sistema-automatico-nao-metrologico-de-fiscalizacao-de-transito\/informacoes-sobre-o-equipamento-9210\/\" target=\"_blank\" rel=\"noopener\">CAMBE9210 &#8211; RUA NORUEGA CRUZAMENTO COM RUA DINAMARCA<\/a><\/strong><\/span><\/p>\n<hr \/>\n<p><span style=\"color: #008000; font-size: 12pt;\"><strong><a style=\"color: #008000;\" href=\"https:\/\/transito.cambe.pr.gov.br\/index.php\/sistema-automatico-nao-metrologico-de-fiscalizacao-de-transito\/informacoes-sobre-o-equipamento-9211\/\" target=\"_blank\" rel=\"noopener\">CAMBE9211 &#8211; \u00a0RUA NORUEGA CRUZAMENTO COM RUA DINAMARCA<\/a><\/strong><\/span><\/p>\n<hr \/>\n<p>&nbsp;<\/p>\n","protected":false},"excerpt":{"rendered":"<p>A Prefeitura de Camb\u00e9 implementou sistemas de fiscaliza\u00e7\u00e3o eletr\u00f4nica para promover a seguran\u00e7a de condutores, pedestres e passageiros. As fiscaliza\u00e7\u00f5es ocorrem diariamente, nos turnos matutino, vespertino e noturno, ou seja, 24 horas por dia, em locais estrat\u00e9gicos com grande circula\u00e7\u00e3o de pessoas, visando a redu\u00e7\u00e3o de sinistros e o cumprimento das normas de tr\u00e2nsito. Todos [&hellip;]<\/p>\n","protected":false},"author":5,"featured_media":0,"parent":656,"menu_order":0,"comment_status":"closed","ping_status":"closed","template":"","meta":{"footnotes":""},"class_list":["post-769","page","type-page","status-publish","hentry"],"blocksy_meta":[],"yoast_head":"<!-- This site is optimized with the Yoast SEO plugin v24.4 - https:\/\/yoast.com\/wordpress\/plugins\/seo\/ -->\n<title>Fiscaliza\u00e7\u00e3o Eletr\u00f4nica - Seguran\u00e7a P\u00fablica e Tr\u00e2nsito - Camb\u00e9<\/title>\n<meta name=\"robots\" content=\"index, follow, max-snippet:-1, max-image-preview:large, max-video-preview:-1\" \/>\n<link rel=\"canonical\" href=\"https:\/\/transito.cambe.pr.gov.br\/index.php\/transito\/fiscalizacao-de-transito\/fiscalizacao-eletronica\/\" \/>\n<meta property=\"og:locale\" content=\"pt_BR\" \/>\n<meta property=\"og:type\" content=\"article\" \/>\n<meta property=\"og:title\" content=\"Fiscaliza\u00e7\u00e3o Eletr\u00f4nica - Seguran\u00e7a P\u00fablica e Tr\u00e2nsito - Camb\u00e9\" \/>\n<meta property=\"og:description\" content=\"A Prefeitura de Camb\u00e9 implementou sistemas de fiscaliza\u00e7\u00e3o eletr\u00f4nica para promover a seguran\u00e7a de condutores, pedestres e passageiros. As fiscaliza\u00e7\u00f5es ocorrem diariamente, nos turnos matutino, vespertino e noturno, ou seja, 24 horas por dia, em locais estrat\u00e9gicos com grande circula\u00e7\u00e3o de pessoas, visando a redu\u00e7\u00e3o de sinistros e o cumprimento das normas de tr\u00e2nsito. Todos [&hellip;]\" \/>\n<meta property=\"og:url\" content=\"https:\/\/transito.cambe.pr.gov.br\/index.php\/transito\/fiscalizacao-de-transito\/fiscalizacao-eletronica\/\" \/>\n<meta property=\"og:site_name\" content=\"Seguran\u00e7a P\u00fablica e Tr\u00e2nsito - Camb\u00e9\" \/>\n<meta property=\"article:publisher\" content=\"https:\/\/www.facebook.com\/DepartamentoTransitoCambe\/\" \/>\n<meta property=\"article:modified_time\" content=\"2025-07-01T12:51:49+00:00\" \/>\n<meta property=\"og:image\" content=\"https:\/\/transito.cambe.pr.gov.br\/wp-content\/uploads\/2024\/12\/velocidade-icon-300x300.png\" \/>\n<meta name=\"twitter:card\" content=\"summary_large_image\" \/>\n<meta name=\"twitter:label1\" content=\"Est. tempo de leitura\" \/>\n\t<meta name=\"twitter:data1\" content=\"19 minutos\" \/>\n<script type=\"application\/ld+json\" class=\"yoast-schema-graph\">{\"@context\":\"https:\/\/schema.org\",\"@graph\":[{\"@type\":\"WebPage\",\"@id\":\"https:\/\/transito.cambe.pr.gov.br\/index.php\/transito\/fiscalizacao-de-transito\/fiscalizacao-eletronica\/\",\"url\":\"https:\/\/transito.cambe.pr.gov.br\/index.php\/transito\/fiscalizacao-de-transito\/fiscalizacao-eletronica\/\",\"name\":\"Fiscaliza\u00e7\u00e3o Eletr\u00f4nica - Seguran\u00e7a P\u00fablica e Tr\u00e2nsito - Camb\u00e9\",\"isPartOf\":{\"@id\":\"https:\/\/transito.cambe.pr.gov.br\/#website\"},\"primaryImageOfPage\":{\"@id\":\"https:\/\/transito.cambe.pr.gov.br\/index.php\/transito\/fiscalizacao-de-transito\/fiscalizacao-eletronica\/#primaryimage\"},\"image\":{\"@id\":\"https:\/\/transito.cambe.pr.gov.br\/index.php\/transito\/fiscalizacao-de-transito\/fiscalizacao-eletronica\/#primaryimage\"},\"thumbnailUrl\":\"https:\/\/transito.cambe.pr.gov.br\/wp-content\/uploads\/2024\/12\/velocidade-icon-300x300.png\",\"datePublished\":\"2024-12-02T14:25:31+00:00\",\"dateModified\":\"2025-07-01T12:51:49+00:00\",\"breadcrumb\":{\"@id\":\"https:\/\/transito.cambe.pr.gov.br\/index.php\/transito\/fiscalizacao-de-transito\/fiscalizacao-eletronica\/#breadcrumb\"},\"inLanguage\":\"pt-BR\",\"potentialAction\":[{\"@type\":\"ReadAction\",\"target\":[\"https:\/\/transito.cambe.pr.gov.br\/index.php\/transito\/fiscalizacao-de-transito\/fiscalizacao-eletronica\/\"]}]},{\"@type\":\"ImageObject\",\"inLanguage\":\"pt-BR\",\"@id\":\"https:\/\/transito.cambe.pr.gov.br\/index.php\/transito\/fiscalizacao-de-transito\/fiscalizacao-eletronica\/#primaryimage\",\"url\":\"https:\/\/transito.cambe.pr.gov.br\/wp-content\/uploads\/2024\/12\/velocidade-icon.png\",\"contentUrl\":\"https:\/\/transito.cambe.pr.gov.br\/wp-content\/uploads\/2024\/12\/velocidade-icon.png\",\"width\":512,\"height\":512},{\"@type\":\"BreadcrumbList\",\"@id\":\"https:\/\/transito.cambe.pr.gov.br\/index.php\/transito\/fiscalizacao-de-transito\/fiscalizacao-eletronica\/#breadcrumb\",\"itemListElement\":[{\"@type\":\"ListItem\",\"position\":1,\"name\":\"In\u00edcio\",\"item\":\"https:\/\/transito.cambe.pr.gov.br\/\"},{\"@type\":\"ListItem\",\"position\":2,\"name\":\"Tr\u00e2nsito\",\"item\":\"https:\/\/transito.cambe.pr.gov.br\/index.php\/transito\/\"},{\"@type\":\"ListItem\",\"position\":3,\"name\":\"Fiscaliza\u00e7\u00e3o de Tr\u00e2nsito\",\"item\":\"https:\/\/transito.cambe.pr.gov.br\/index.php\/transito\/fiscalizacao-de-transito\/\"},{\"@type\":\"ListItem\",\"position\":4,\"name\":\"Fiscaliza\u00e7\u00e3o Eletr\u00f4nica\"}]},{\"@type\":\"WebSite\",\"@id\":\"https:\/\/transito.cambe.pr.gov.br\/#website\",\"url\":\"https:\/\/transito.cambe.pr.gov.br\/\",\"name\":\"Seguran\u00e7a P\u00fablica e Tr\u00e2nsito - Camb\u00e9\",\"description\":\"\",\"publisher\":{\"@id\":\"https:\/\/transito.cambe.pr.gov.br\/#organization\"},\"alternateName\":\"SESTRAN-Camb\u00e9\",\"potentialAction\":[{\"@type\":\"SearchAction\",\"target\":{\"@type\":\"EntryPoint\",\"urlTemplate\":\"https:\/\/transito.cambe.pr.gov.br\/?s={search_term_string}\"},\"query-input\":{\"@type\":\"PropertyValueSpecification\",\"valueRequired\":true,\"valueName\":\"search_term_string\"}}],\"inLanguage\":\"pt-BR\"},{\"@type\":\"Organization\",\"@id\":\"https:\/\/transito.cambe.pr.gov.br\/#organization\",\"name\":\"Secretaria de Seguran\u00e7a P\u00fablica e Tr\u00e2nsito de Camb\u00e9\",\"alternateName\":\"SESTRAN-Camb\u00e9\",\"url\":\"https:\/\/transito.cambe.pr.gov.br\/\",\"logo\":{\"@type\":\"ImageObject\",\"inLanguage\":\"pt-BR\",\"@id\":\"https:\/\/transito.cambe.pr.gov.br\/#\/schema\/logo\/image\/\",\"url\":\"https:\/\/transito.cambe.pr.gov.br\/wp-content\/uploads\/2023\/08\/brasao_cambe100x100.png\",\"contentUrl\":\"https:\/\/transito.cambe.pr.gov.br\/wp-content\/uploads\/2023\/08\/brasao_cambe100x100.png\",\"width\":100,\"height\":100,\"caption\":\"Secretaria de Seguran\u00e7a P\u00fablica e Tr\u00e2nsito de Camb\u00e9\"},\"image\":{\"@id\":\"https:\/\/transito.cambe.pr.gov.br\/#\/schema\/logo\/image\/\"},\"sameAs\":[\"https:\/\/www.facebook.com\/DepartamentoTransitoCambe\/\"]}]}<\/script>\n<!-- \/ Yoast SEO plugin. -->","yoast_head_json":{"title":"Fiscaliza\u00e7\u00e3o Eletr\u00f4nica - Seguran\u00e7a P\u00fablica e Tr\u00e2nsito - Camb\u00e9","robots":{"index":"index","follow":"follow","max-snippet":"max-snippet:-1","max-image-preview":"max-image-preview:large","max-video-preview":"max-video-preview:-1"},"canonical":"https:\/\/transito.cambe.pr.gov.br\/index.php\/transito\/fiscalizacao-de-transito\/fiscalizacao-eletronica\/","og_locale":"pt_BR","og_type":"article","og_title":"Fiscaliza\u00e7\u00e3o Eletr\u00f4nica - Seguran\u00e7a P\u00fablica e Tr\u00e2nsito - Camb\u00e9","og_description":"A Prefeitura de Camb\u00e9 implementou sistemas de fiscaliza\u00e7\u00e3o eletr\u00f4nica para promover a seguran\u00e7a de condutores, pedestres e passageiros. As fiscaliza\u00e7\u00f5es ocorrem diariamente, nos turnos matutino, vespertino e noturno, ou seja, 24 horas por dia, em locais estrat\u00e9gicos com grande circula\u00e7\u00e3o de pessoas, visando a redu\u00e7\u00e3o de sinistros e o cumprimento das normas de tr\u00e2nsito. Todos [&hellip;]","og_url":"https:\/\/transito.cambe.pr.gov.br\/index.php\/transito\/fiscalizacao-de-transito\/fiscalizacao-eletronica\/","og_site_name":"Seguran\u00e7a P\u00fablica e Tr\u00e2nsito - Camb\u00e9","article_publisher":"https:\/\/www.facebook.com\/DepartamentoTransitoCambe\/","article_modified_time":"2025-07-01T12:51:49+00:00","og_image":[{"url":"https:\/\/transito.cambe.pr.gov.br\/wp-content\/uploads\/2024\/12\/velocidade-icon-300x300.png","type":"","width":"","height":""}],"twitter_card":"summary_large_image","twitter_misc":{"Est. tempo de leitura":"19 minutos"},"schema":{"@context":"https:\/\/schema.org","@graph":[{"@type":"WebPage","@id":"https:\/\/transito.cambe.pr.gov.br\/index.php\/transito\/fiscalizacao-de-transito\/fiscalizacao-eletronica\/","url":"https:\/\/transito.cambe.pr.gov.br\/index.php\/transito\/fiscalizacao-de-transito\/fiscalizacao-eletronica\/","name":"Fiscaliza\u00e7\u00e3o Eletr\u00f4nica - Seguran\u00e7a P\u00fablica e Tr\u00e2nsito - Camb\u00e9","isPartOf":{"@id":"https:\/\/transito.cambe.pr.gov.br\/#website"},"primaryImageOfPage":{"@id":"https:\/\/transito.cambe.pr.gov.br\/index.php\/transito\/fiscalizacao-de-transito\/fiscalizacao-eletronica\/#primaryimage"},"image":{"@id":"https:\/\/transito.cambe.pr.gov.br\/index.php\/transito\/fiscalizacao-de-transito\/fiscalizacao-eletronica\/#primaryimage"},"thumbnailUrl":"https:\/\/transito.cambe.pr.gov.br\/wp-content\/uploads\/2024\/12\/velocidade-icon-300x300.png","datePublished":"2024-12-02T14:25:31+00:00","dateModified":"2025-07-01T12:51:49+00:00","breadcrumb":{"@id":"https:\/\/transito.cambe.pr.gov.br\/index.php\/transito\/fiscalizacao-de-transito\/fiscalizacao-eletronica\/#breadcrumb"},"inLanguage":"pt-BR","potentialAction":[{"@type":"ReadAction","target":["https:\/\/transito.cambe.pr.gov.br\/index.php\/transito\/fiscalizacao-de-transito\/fiscalizacao-eletronica\/"]}]},{"@type":"ImageObject","inLanguage":"pt-BR","@id":"https:\/\/transito.cambe.pr.gov.br\/index.php\/transito\/fiscalizacao-de-transito\/fiscalizacao-eletronica\/#primaryimage","url":"https:\/\/transito.cambe.pr.gov.br\/wp-content\/uploads\/2024\/12\/velocidade-icon.png","contentUrl":"https:\/\/transito.cambe.pr.gov.br\/wp-content\/uploads\/2024\/12\/velocidade-icon.png","width":512,"height":512},{"@type":"BreadcrumbList","@id":"https:\/\/transito.cambe.pr.gov.br\/index.php\/transito\/fiscalizacao-de-transito\/fiscalizacao-eletronica\/#breadcrumb","itemListElement":[{"@type":"ListItem","position":1,"name":"In\u00edcio","item":"https:\/\/transito.cambe.pr.gov.br\/"},{"@type":"ListItem","position":2,"name":"Tr\u00e2nsito","item":"https:\/\/transito.cambe.pr.gov.br\/index.php\/transito\/"},{"@type":"ListItem","position":3,"name":"Fiscaliza\u00e7\u00e3o de Tr\u00e2nsito","item":"https:\/\/transito.cambe.pr.gov.br\/index.php\/transito\/fiscalizacao-de-transito\/"},{"@type":"ListItem","position":4,"name":"Fiscaliza\u00e7\u00e3o Eletr\u00f4nica"}]},{"@type":"WebSite","@id":"https:\/\/transito.cambe.pr.gov.br\/#website","url":"https:\/\/transito.cambe.pr.gov.br\/","name":"Seguran\u00e7a P\u00fablica e Tr\u00e2nsito - Camb\u00e9","description":"","publisher":{"@id":"https:\/\/transito.cambe.pr.gov.br\/#organization"},"alternateName":"SESTRAN-Camb\u00e9","potentialAction":[{"@type":"SearchAction","target":{"@type":"EntryPoint","urlTemplate":"https:\/\/transito.cambe.pr.gov.br\/?s={search_term_string}"},"query-input":{"@type":"PropertyValueSpecification","valueRequired":true,"valueName":"search_term_string"}}],"inLanguage":"pt-BR"},{"@type":"Organization","@id":"https:\/\/transito.cambe.pr.gov.br\/#organization","name":"Secretaria de Seguran\u00e7a P\u00fablica e Tr\u00e2nsito de Camb\u00e9","alternateName":"SESTRAN-Camb\u00e9","url":"https:\/\/transito.cambe.pr.gov.br\/","logo":{"@type":"ImageObject","inLanguage":"pt-BR","@id":"https:\/\/transito.cambe.pr.gov.br\/#\/schema\/logo\/image\/","url":"https:\/\/transito.cambe.pr.gov.br\/wp-content\/uploads\/2023\/08\/brasao_cambe100x100.png","contentUrl":"https:\/\/transito.cambe.pr.gov.br\/wp-content\/uploads\/2023\/08\/brasao_cambe100x100.png","width":100,"height":100,"caption":"Secretaria de Seguran\u00e7a P\u00fablica e Tr\u00e2nsito de Camb\u00e9"},"image":{"@id":"https:\/\/transito.cambe.pr.gov.br\/#\/schema\/logo\/image\/"},"sameAs":["https:\/\/www.facebook.com\/DepartamentoTransitoCambe\/"]}]}},"_links":{"self":[{"href":"https:\/\/transito.cambe.pr.gov.br\/index.php\/wp-json\/wp\/v2\/pages\/769","targetHints":{"allow":["GET"]}}],"collection":[{"href":"https:\/\/transito.cambe.pr.gov.br\/index.php\/wp-json\/wp\/v2\/pages"}],"about":[{"href":"https:\/\/transito.cambe.pr.gov.br\/index.php\/wp-json\/wp\/v2\/types\/page"}],"author":[{"embeddable":true,"href":"https:\/\/transito.cambe.pr.gov.br\/index.php\/wp-json\/wp\/v2\/users\/5"}],"replies":[{"embeddable":true,"href":"https:\/\/transito.cambe.pr.gov.br\/index.php\/wp-json\/wp\/v2\/comments?post=769"}],"version-history":[{"count":148,"href":"https:\/\/transito.cambe.pr.gov.br\/index.php\/wp-json\/wp\/v2\/pages\/769\/revisions"}],"predecessor-version":[{"id":771,"href":"https:\/\/transito.cambe.pr.gov.br\/index.php\/wp-json\/wp\/v2\/pages\/769\/revisions\/771"}],"up":[{"embeddable":true,"href":"https:\/\/transito.cambe.pr.gov.br\/index.php\/wp-json\/wp\/v2\/pages\/656"}],"wp:attachment":[{"href":"https:\/\/transito.cambe.pr.gov.br\/index.php\/wp-json\/wp\/v2\/media?parent=769"}],"curies":[{"name":"wp","href":"https:\/\/api.w.org\/{rel}","templated":true}]}}