{"id":659,"date":"2024-11-25T15:06:39","date_gmt":"2024-11-25T18:06:39","guid":{"rendered":"https:\/\/transito.cambe.pr.gov.br\/?page_id=659"},"modified":"2026-04-29T11:21:32","modified_gmt":"2026-04-29T14:21:32","slug":"levantamento-tecnico-controladores-de-velocidade","status":"publish","type":"page","link":"https:\/\/transito.cambe.pr.gov.br\/index.php\/transito\/fiscalizacao-de-transito\/levantamento-tecnico-controladores-de-velocidade\/","title":{"rendered":"Levantamentos T\u00e9cnicos"},"content":{"rendered":"\t\t<div data-elementor-type=\"wp-page\" data-elementor-id=\"659\" class=\"elementor elementor-659\">\n\t\t\t\t<div class=\"elementor-element elementor-element-92e0006 e-flex e-con-boxed e-con e-parent\" data-id=\"92e0006\" data-element_type=\"container\">\n\t\t\t\t\t<div class=\"e-con-inner\">\n\t\t\t\t<div class=\"elementor-element elementor-element-659bb1f elementor-widget elementor-widget-heading\" data-id=\"659bb1f\" data-element_type=\"widget\" data-widget_type=\"heading.default\">\n\t\t\t\t\t<h2 class=\"elementor-heading-title elementor-size-default\"><span style=\"font-size: 12pt;font-family: arial, helvetica, sans-serif\"><span style=\"color: #000000\">De acordo com o inciso I, \u00a73\u00b0 do Art. 6\u00b0 da<\/span><span style=\"color: #008000\"><strong> <a style=\"color: #008000\" href=\"https:\/\/www.gov.br\/transportes\/pt-br\/pt-br\/assuntos\/transito\/conteudo-contran\/resolucoes\/Resolucao7982020.pdf\">Resolu\u00e7\u00e3o N.\u00ba 798\/2020, do Conselho Nacional de Tr\u00e2nsito<\/a>,<\/strong><\/span><span style=\"color: #000000\"> segue a publica\u00e7\u00e3o do <strong>Levantamento T\u00e9cnico dos Controladores de Velocidade da cidade de Camb\u00e9 (Radares).<\/strong><\/span><\/span><br><\/h2>\t\t\t\t<\/div>\n\t\t\t\t\t<\/div>\n\t\t\t\t<\/div>\n\t\t<div class=\"elementor-element elementor-element-83b8803 e-flex e-con-boxed e-con e-parent\" data-id=\"83b8803\" data-element_type=\"container\">\n\t\t\t\t\t<div class=\"e-con-inner\">\n\t\t<div class=\"elementor-element elementor-element-8b3ae1f e-con-full e-flex e-con e-child\" data-id=\"8b3ae1f\" data-element_type=\"container\" data-settings=\"{&quot;background_background&quot;:&quot;classic&quot;}\">\n\t\t\t\t<div class=\"elementor-element elementor-element-2694ec4 elementor-widget elementor-widget-text-editor\" data-id=\"2694ec4\" data-element_type=\"widget\" data-widget_type=\"text-editor.default\">\n\t\t\t\t\t\t\t\t\t<p style=\"text-align: center;\"><strong><span style=\"font-size: 24pt;\">Documenta\u00e7\u00e3o<\/span><\/strong><\/p>\t\t\t\t\t\t\t\t<\/div>\n\t\t\t\t<\/div>\n\t\t\t\t\t<\/div>\n\t\t\t\t<\/div>\n\t\t<div class=\"elementor-element elementor-element-892ac72 e-flex e-con-boxed e-con e-parent\" data-id=\"892ac72\" data-element_type=\"container\">\n\t\t\t\t\t<div class=\"e-con-inner\">\n\t\t\t\t<div class=\"elementor-element elementor-element-9d702d7 e-n-tabs-mobile elementor-widget elementor-widget-n-tabs\" data-id=\"9d702d7\" data-element_type=\"widget\" data-widget_type=\"nested-tabs.default\">\n\t\t\t\t\t\t\t<div class=\"e-n-tabs\" data-widget-number=\"165085911\" aria-label=\"Tabs. Open items with Enter or Space, close with Escape and navigate using the Arrow keys.\">\n\t\t\t<div class=\"e-n-tabs-heading\" role=\"tablist\">\n\t\t\t\t\t<button id=\"e-n-tab-title-1650859111\" class=\"e-n-tab-title\" aria-selected=\"true\" data-tab-index=\"1\" role=\"tab\" tabindex=\"0\" aria-controls=\"e-n-tab-content-1650859111\" style=\"--n-tabs-title-order: 1;\">\n\t\t\t\t\t\t<span class=\"e-n-tab-title-text\">\n\t\t\t\t2024\/2025\t\t\t<\/span>\n\t\t<\/button>\n\t\t\t\t<button id=\"e-n-tab-title-1650859112\" class=\"e-n-tab-title\" aria-selected=\"false\" data-tab-index=\"2\" role=\"tab\" tabindex=\"-1\" aria-controls=\"e-n-tab-content-1650859112\" style=\"--n-tabs-title-order: 2;\">\n\t\t\t\t\t\t<span class=\"e-n-tab-title-text\">\n\t\t\t\t2026\/2027\t\t\t<\/span>\n\t\t<\/button>\n\t\t\t\t\t<\/div>\n\t\t\t<div class=\"e-n-tabs-content\">\n\t\t\t\t<div id=\"e-n-tab-content-1650859111\" role=\"tabpanel\" aria-labelledby=\"e-n-tab-title-1650859111\" data-tab-index=\"1\" style=\"--n-tabs-title-order: 1;\" class=\"e-active elementor-element elementor-element-f7bb4fc e-con-full e-flex e-con e-child\" data-id=\"f7bb4fc\" data-element_type=\"container\">\n\t\t<div class=\"elementor-element elementor-element-85a0e0d e-flex e-con-boxed e-con e-child\" data-id=\"85a0e0d\" data-element_type=\"container\">\n\t\t\t\t\t<div class=\"e-con-inner\">\n\t\t\t\t<div class=\"elementor-element elementor-element-b3c4be8 elementor-widget elementor-widget-text-editor\" data-id=\"b3c4be8\" data-element_type=\"widget\" data-widget_type=\"text-editor.default\">\n\t\t\t\t\t\t\t\t\t<p><strong data-wp-editing=\"1\"><a href=\"https:\/\/transito.cambe.pr.gov.br\/wp-content\/uploads\/2024\/12\/AV.-ROBERTO-CONCEICAO-N.1072-1.pdf\"><img loading=\"lazy\" decoding=\"async\" class=\"\" src=\"https:\/\/transito.cambe.pr.gov.br\/wp-content\/uploads\/2024\/11\/724933-1-150x150.png\" alt=\"\" width=\"25\" height=\"25\" \/><\/a>\u00a0 \u00a02024\/2025\u00a0 CAMBE9184 &#8211; AV. ROBERTO CONCEI\u00c7\u00c3O PR\u00d3X. AO N. 1072-D<\/strong><\/p><hr \/><p><a href=\"https:\/\/transito.cambe.pr.gov.br\/wp-content\/uploads\/2025\/07\/Atualizado-Relatorio-Av.-Inglaterra-n.-238.docx-2025.pdf\"><strong data-wp-editing=\"1\"><img loading=\"lazy\" decoding=\"async\" class=\"\" src=\"https:\/\/transito.cambe.pr.gov.br\/wp-content\/uploads\/2024\/11\/724933-1-150x150.png\" alt=\"\" width=\"25\" height=\"25\" \/><\/strong><\/a>\u00a0 \u00a0<strong data-wp-editing=\"1\">2024\/2025\u00a0 CAMBE9185 &#8211; AV. INGLATERRA N. 238<\/strong><\/p><hr \/><p><strong><a href=\"https:\/\/transito.cambe.pr.gov.br\/wp-content\/uploads\/2025\/07\/Atualizado-Relatorio-Av.-Inglaterra-n.-363.docx-2025.pdf\"><img loading=\"lazy\" decoding=\"async\" class=\"\" src=\"https:\/\/transito.cambe.pr.gov.br\/wp-content\/uploads\/2024\/11\/724933-1-150x150.png\" alt=\"\" width=\"25\" height=\"25\" \/><\/a>\u00a0 \u00a02024\/2025 CAMBE9186 &#8211; AV INGLATERRA N. 363<\/strong><\/p><hr \/><p><strong data-wp-editing=\"1\"><a href=\"https:\/\/transito.cambe.pr.gov.br\/wp-content\/uploads\/2024\/12\/RUA-CURITIBA-N.1067-1.pdf\"><img loading=\"lazy\" decoding=\"async\" class=\"\" src=\"https:\/\/transito.cambe.pr.gov.br\/wp-content\/uploads\/2024\/11\/724933-1-150x150.png\" alt=\"\" width=\"25\" height=\"25\" \/><\/a>\u00a0 \u00a02024\/2025 CAMBE9187 &#8211; RUA CURITIBA N. 1067<\/strong><\/p><hr \/><p><strong><a href=\"https:\/\/transito.cambe.pr.gov.br\/wp-content\/uploads\/2024\/12\/AV.-ANTONIO-RAMINELLI-OPOSTO-AO-N.1474-1.pdf\"><img loading=\"lazy\" decoding=\"async\" class=\"\" src=\"https:\/\/transito.cambe.pr.gov.br\/wp-content\/uploads\/2024\/11\/724933-1-150x150.png\" alt=\"\" width=\"25\" height=\"25\" \/><\/a>\u00a0 \u00a02024\/2025 CAMBE9188 &#8211; AV. ANTONIO RAMINELLI OPOSTO AO N. 1474<\/strong><\/p><hr \/><p><a href=\"https:\/\/transito.cambe.pr.gov.br\/wp-content\/uploads\/2024\/12\/AV.-JOSE-BONIFACIO-N.2550-1.pdf\"><strong data-wp-editing=\"1\"><img loading=\"lazy\" decoding=\"async\" class=\"alignnone wp-image-661\" src=\"https:\/\/transito.cambe.pr.gov.br\/wp-content\/uploads\/2024\/11\/724933-1-150x150.png\" alt=\"\" width=\"25\" height=\"25\" srcset=\"https:\/\/transito.cambe.pr.gov.br\/wp-content\/uploads\/2024\/11\/724933-1-150x150.png 150w, https:\/\/transito.cambe.pr.gov.br\/wp-content\/uploads\/2024\/11\/724933-1-300x300.png 300w, https:\/\/transito.cambe.pr.gov.br\/wp-content\/uploads\/2024\/11\/724933-1-50x50.png 50w, https:\/\/transito.cambe.pr.gov.br\/wp-content\/uploads\/2024\/11\/724933-1-80x80.png 80w, https:\/\/transito.cambe.pr.gov.br\/wp-content\/uploads\/2024\/11\/724933-1.png 512w\" sizes=\"auto, (max-width: 25px) 100vw, 25px\" \/><\/strong><\/a><strong data-wp-editing=\"1\">\u00a0 \u00a02024\/2025 CAMBE9189 &#8211;\u00a0AV. JOS\u00c9 BONIF\u00c1CIO PR\u00d3X. \u00c0 BRADO LOG\u00cdSTICA\u00a0<\/strong><\/p><hr \/><p><strong><span data-wp-editing=\"1\"><a href=\"https:\/\/transito.cambe.pr.gov.br\/wp-content\/uploads\/2024\/12\/AV.-JOSE-BONIFACIO-N.-2551-1.pdf\"><img loading=\"lazy\" decoding=\"async\" class=\"alignnone wp-image-661\" src=\"https:\/\/transito.cambe.pr.gov.br\/wp-content\/uploads\/2024\/11\/724933-1-150x150.png\" alt=\"\" width=\"25\" height=\"25\" srcset=\"https:\/\/transito.cambe.pr.gov.br\/wp-content\/uploads\/2024\/11\/724933-1-150x150.png 150w, https:\/\/transito.cambe.pr.gov.br\/wp-content\/uploads\/2024\/11\/724933-1-300x300.png 300w, https:\/\/transito.cambe.pr.gov.br\/wp-content\/uploads\/2024\/11\/724933-1-50x50.png 50w, https:\/\/transito.cambe.pr.gov.br\/wp-content\/uploads\/2024\/11\/724933-1-80x80.png 80w, https:\/\/transito.cambe.pr.gov.br\/wp-content\/uploads\/2024\/11\/724933-1.png 512w\" sizes=\"auto, (max-width: 25px) 100vw, 25px\" \/><\/a>\u00a0 \u00a02024\/2025 CAMBE9190 &#8211;\u00a0<\/span><\/strong><strong>AV. JOS\u00c9 BONIF\u00c1CIO N. 2551<\/strong><\/p><hr \/><p><strong><a href=\"https:\/\/transito.cambe.pr.gov.br\/wp-content\/uploads\/2025\/07\/Atualizado-Av.-Inglaterra-n.-1523.docx-2025.pdf\"><img loading=\"lazy\" decoding=\"async\" class=\"alignnone wp-image-661\" src=\"https:\/\/transito.cambe.pr.gov.br\/wp-content\/uploads\/2024\/11\/724933-1-150x150.png\" alt=\"\" width=\"25\" height=\"25\" srcset=\"https:\/\/transito.cambe.pr.gov.br\/wp-content\/uploads\/2024\/11\/724933-1-150x150.png 150w, https:\/\/transito.cambe.pr.gov.br\/wp-content\/uploads\/2024\/11\/724933-1-300x300.png 300w, https:\/\/transito.cambe.pr.gov.br\/wp-content\/uploads\/2024\/11\/724933-1-50x50.png 50w, https:\/\/transito.cambe.pr.gov.br\/wp-content\/uploads\/2024\/11\/724933-1-80x80.png 80w, https:\/\/transito.cambe.pr.gov.br\/wp-content\/uploads\/2024\/11\/724933-1.png 512w\" sizes=\"auto, (max-width: 25px) 100vw, 25px\" \/><\/a>\u00a0 \u00a02024\/2025 CAMBE9191 &#8211;\u00a0AV. INGLATERRA N. 1523\u00a0<\/strong><\/p><hr \/><p><span data-wp-editing=\"1\"><strong><a href=\"https:\/\/transito.cambe.pr.gov.br\/wp-content\/uploads\/2025\/07\/Atualizado-Av.-Inglaterra-n.-1410.docx-2025.pdf\"><img loading=\"lazy\" decoding=\"async\" class=\"alignnone wp-image-661\" src=\"https:\/\/transito.cambe.pr.gov.br\/wp-content\/uploads\/2024\/11\/724933-1-150x150.png\" alt=\"\" width=\"25\" height=\"25\" srcset=\"https:\/\/transito.cambe.pr.gov.br\/wp-content\/uploads\/2024\/11\/724933-1-150x150.png 150w, https:\/\/transito.cambe.pr.gov.br\/wp-content\/uploads\/2024\/11\/724933-1-300x300.png 300w, https:\/\/transito.cambe.pr.gov.br\/wp-content\/uploads\/2024\/11\/724933-1-50x50.png 50w, https:\/\/transito.cambe.pr.gov.br\/wp-content\/uploads\/2024\/11\/724933-1-80x80.png 80w, https:\/\/transito.cambe.pr.gov.br\/wp-content\/uploads\/2024\/11\/724933-1.png 512w\" sizes=\"auto, (max-width: 25px) 100vw, 25px\" \/><\/a>\u00a0 \u00a02024\/2025 CAMBE9192 &#8211;\u00a0<\/strong><strong>\u00a0AV. INGLATERRA N. 1410<\/strong><\/span><\/p><hr \/><p><strong data-wp-editing=\"1\"><a href=\"https:\/\/transito.cambe.pr.gov.br\/wp-content\/uploads\/2024\/12\/AV.-BRASIL-N.1683-1.pdf\"><img loading=\"lazy\" decoding=\"async\" class=\"alignnone wp-image-661\" src=\"https:\/\/transito.cambe.pr.gov.br\/wp-content\/uploads\/2024\/11\/724933-1-150x150.png\" alt=\"\" width=\"25\" height=\"25\" srcset=\"https:\/\/transito.cambe.pr.gov.br\/wp-content\/uploads\/2024\/11\/724933-1-150x150.png 150w, https:\/\/transito.cambe.pr.gov.br\/wp-content\/uploads\/2024\/11\/724933-1-300x300.png 300w, https:\/\/transito.cambe.pr.gov.br\/wp-content\/uploads\/2024\/11\/724933-1-50x50.png 50w, https:\/\/transito.cambe.pr.gov.br\/wp-content\/uploads\/2024\/11\/724933-1-80x80.png 80w, https:\/\/transito.cambe.pr.gov.br\/wp-content\/uploads\/2024\/11\/724933-1.png 512w\" sizes=\"auto, (max-width: 25px) 100vw, 25px\" \/><\/a>\u00a0 \u00a02024\/2025 CAMBE9193 &#8211;\u00a0AV. BRASIL N. 1683<\/strong><\/p><hr \/><p><strong data-wp-editing=\"1\"><a href=\"https:\/\/transito.cambe.pr.gov.br\/wp-content\/uploads\/2024\/12\/RUA-BELO-HORIZONTE-N.783-1.pdf\"><img loading=\"lazy\" decoding=\"async\" class=\"alignnone wp-image-661\" src=\"https:\/\/transito.cambe.pr.gov.br\/wp-content\/uploads\/2024\/11\/724933-1-150x150.png\" alt=\"\" width=\"25\" height=\"25\" srcset=\"https:\/\/transito.cambe.pr.gov.br\/wp-content\/uploads\/2024\/11\/724933-1-150x150.png 150w, https:\/\/transito.cambe.pr.gov.br\/wp-content\/uploads\/2024\/11\/724933-1-300x300.png 300w, https:\/\/transito.cambe.pr.gov.br\/wp-content\/uploads\/2024\/11\/724933-1-50x50.png 50w, https:\/\/transito.cambe.pr.gov.br\/wp-content\/uploads\/2024\/11\/724933-1-80x80.png 80w, https:\/\/transito.cambe.pr.gov.br\/wp-content\/uploads\/2024\/11\/724933-1.png 512w\" sizes=\"auto, (max-width: 25px) 100vw, 25px\" \/><\/a>\u00a0 \u00a02024\/2025 CAMBE9194 &#8211;\u00a0RUA BELO HORIZONTE N. 783<\/strong><\/p><hr \/><p><strong data-wp-editing=\"1\"><a href=\"https:\/\/transito.cambe.pr.gov.br\/wp-content\/uploads\/2025\/07\/Atualizado-AV.-ROBERTO-CONCEICAO-OPOSTO-AO-N.-168.docx-2025.pdf\"><img loading=\"lazy\" decoding=\"async\" class=\"alignnone wp-image-661\" src=\"https:\/\/transito.cambe.pr.gov.br\/wp-content\/uploads\/2024\/11\/724933-1-150x150.png\" alt=\"\" width=\"25\" height=\"25\" srcset=\"https:\/\/transito.cambe.pr.gov.br\/wp-content\/uploads\/2024\/11\/724933-1-150x150.png 150w, https:\/\/transito.cambe.pr.gov.br\/wp-content\/uploads\/2024\/11\/724933-1-300x300.png 300w, https:\/\/transito.cambe.pr.gov.br\/wp-content\/uploads\/2024\/11\/724933-1-50x50.png 50w, https:\/\/transito.cambe.pr.gov.br\/wp-content\/uploads\/2024\/11\/724933-1-80x80.png 80w, https:\/\/transito.cambe.pr.gov.br\/wp-content\/uploads\/2024\/11\/724933-1.png 512w\" sizes=\"auto, (max-width: 25px) 100vw, 25px\" \/><\/a>\u00a0 \u00a02024\/2025 CAMBE9195 &#8211;\u00a0AV. ROBERTO CONCEI\u00c7\u00c3O OPOSTO AO N. 168<\/strong><\/p><hr \/><p><strong data-wp-editing=\"1\"><a href=\"https:\/\/transito.cambe.pr.gov.br\/wp-content\/uploads\/2024\/12\/RUA-FRANCISCO-DELGADO-SANCHES-N.898-1.pdf\"><img loading=\"lazy\" decoding=\"async\" class=\"alignnone wp-image-661\" src=\"https:\/\/transito.cambe.pr.gov.br\/wp-content\/uploads\/2024\/11\/724933-1-150x150.png\" alt=\"\" width=\"25\" height=\"25\" srcset=\"https:\/\/transito.cambe.pr.gov.br\/wp-content\/uploads\/2024\/11\/724933-1-150x150.png 150w, https:\/\/transito.cambe.pr.gov.br\/wp-content\/uploads\/2024\/11\/724933-1-300x300.png 300w, https:\/\/transito.cambe.pr.gov.br\/wp-content\/uploads\/2024\/11\/724933-1-50x50.png 50w, https:\/\/transito.cambe.pr.gov.br\/wp-content\/uploads\/2024\/11\/724933-1-80x80.png 80w, https:\/\/transito.cambe.pr.gov.br\/wp-content\/uploads\/2024\/11\/724933-1.png 512w\" sizes=\"auto, (max-width: 25px) 100vw, 25px\" \/><\/a>\u00a0 \u00a02024\/2025 CAMBE9196 &#8211;\u00a0PR-536-ESTRADA DA PRATA, PR\u00d3X. ENTRADA DO JD.NOVA CAMB\u00c9\u00a0<\/strong><\/p><hr \/>\t\t\t\t\t\t\t\t<\/div>\n\t\t\t\t\t<\/div>\n\t\t\t\t<\/div>\n\t\t\t\t<\/div>\n\t\t<div id=\"e-n-tab-content-1650859112\" role=\"tabpanel\" aria-labelledby=\"e-n-tab-title-1650859112\" data-tab-index=\"2\" style=\"--n-tabs-title-order: 2;\" class=\" elementor-element elementor-element-1f24949 e-con-full e-flex e-con e-child\" data-id=\"1f24949\" data-element_type=\"container\">\n\t\t<div class=\"elementor-element elementor-element-f55d7d8 e-flex e-con-boxed e-con e-child\" data-id=\"f55d7d8\" data-element_type=\"container\">\n\t\t\t\t\t<div class=\"e-con-inner\">\n\t\t\t\t<div class=\"elementor-element elementor-element-fdf8e67 elementor-widget elementor-widget-text-editor\" data-id=\"fdf8e67\" data-element_type=\"widget\" data-widget_type=\"text-editor.default\">\n\t\t\t\t\t\t\t\t\t<p><strong data-wp-editing=\"1\"><a href=\"https:\/\/transito.cambe.pr.gov.br\/wp-content\/uploads\/2026\/04\/9184-AV.-ROBERTO-CONCEICAO-N.-1072-SENTIDO-C-B.pdf\"><img loading=\"lazy\" decoding=\"async\" class=\"\" src=\"https:\/\/transito.cambe.pr.gov.br\/wp-content\/uploads\/2024\/11\/724933-1-150x150.png\" alt=\"\" width=\"25\" height=\"25\" \/><\/a>\u00a0 \u00a02026\/2027\u00a0 CAMBE9184 &#8211; AV. ROBERTO CONCEI\u00c7\u00c3O PR\u00d3X. AO N. 1072-D<\/strong><\/p><hr \/><p><a href=\"https:\/\/transito.cambe.pr.gov.br\/wp-content\/uploads\/2026\/04\/9185-AV.-INGLATERRA-N.238.pdf\"><strong data-wp-editing=\"1\"><img loading=\"lazy\" decoding=\"async\" class=\"\" src=\"https:\/\/transito.cambe.pr.gov.br\/wp-content\/uploads\/2024\/11\/724933-1-150x150.png\" alt=\"\" width=\"25\" height=\"25\" \/><\/strong><\/a>\u00a0 \u00a0<strong data-wp-editing=\"1\">2026\/2027\u00a0 CAMBE9185 &#8211; AV. INGLATERRA N. 238<\/strong><\/p><hr \/><p><strong><a href=\"https:\/\/transito.cambe.pr.gov.br\/wp-content\/uploads\/2026\/04\/9186-AV-INGLATERRA-N.-363-SENTIDO-C-B.pdf\"><img loading=\"lazy\" decoding=\"async\" class=\"\" src=\"https:\/\/transito.cambe.pr.gov.br\/wp-content\/uploads\/2024\/11\/724933-1-150x150.png\" alt=\"\" width=\"25\" height=\"25\" \/><\/a>\u00a0 \u00a02026\/2027 CAMBE9186 &#8211; AV INGLATERRA N. 363<\/strong><\/p><hr \/><p><strong data-wp-editing=\"1\"><a href=\"https:\/\/transito.cambe.pr.gov.br\/wp-content\/uploads\/2026\/04\/9187-RUA-CURITIBA-N.1067.pdf\"><img loading=\"lazy\" decoding=\"async\" class=\"\" src=\"https:\/\/transito.cambe.pr.gov.br\/wp-content\/uploads\/2024\/11\/724933-1-150x150.png\" alt=\"\" width=\"25\" height=\"25\" \/><\/a>\u00a0 \u00a02026\/2027 CAMBE9187 &#8211; RUA CURITIBA N. 1067<\/strong><\/p><hr \/><p><strong><a href=\"https:\/\/transito.cambe.pr.gov.br\/wp-content\/uploads\/2026\/04\/9188-AV.-ANTONIO-RAMINELLI-OPOSTO-AO-N.-1474-SENTIDO-C-B.pdf\"><img loading=\"lazy\" decoding=\"async\" class=\"\" src=\"https:\/\/transito.cambe.pr.gov.br\/wp-content\/uploads\/2024\/11\/724933-1-150x150.png\" alt=\"\" width=\"25\" height=\"25\" \/><\/a>\u00a0 \u00a02026\/2027 CAMBE9188 &#8211; AV. ANTONIO RAMINELLI OPOSTO AO N. 1474<\/strong><\/p><hr \/><p><a href=\"https:\/\/transito.cambe.pr.gov.br\/wp-content\/uploads\/2026\/04\/9189-AV.-JOSE-BONIFACIO-N.-2550-SENTIDO-C-B.pdf\"><strong data-wp-editing=\"1\"><img loading=\"lazy\" decoding=\"async\" class=\"alignnone wp-image-661\" src=\"https:\/\/transito.cambe.pr.gov.br\/wp-content\/uploads\/2024\/11\/724933-1-150x150.png\" alt=\"\" width=\"25\" height=\"25\" srcset=\"https:\/\/transito.cambe.pr.gov.br\/wp-content\/uploads\/2024\/11\/724933-1-150x150.png 150w, https:\/\/transito.cambe.pr.gov.br\/wp-content\/uploads\/2024\/11\/724933-1-300x300.png 300w, https:\/\/transito.cambe.pr.gov.br\/wp-content\/uploads\/2024\/11\/724933-1-50x50.png 50w, https:\/\/transito.cambe.pr.gov.br\/wp-content\/uploads\/2024\/11\/724933-1-80x80.png 80w, https:\/\/transito.cambe.pr.gov.br\/wp-content\/uploads\/2024\/11\/724933-1.png 512w\" sizes=\"auto, (max-width: 25px) 100vw, 25px\" \/><\/strong><\/a><strong data-wp-editing=\"1\">\u00a0 \u00a02026\/2027 CAMBE9189 &#8211;\u00a0AV. JOS\u00c9 BONIF\u00c1CIO PR\u00d3X. \u00c0 BRADO LOG\u00cdSTICA<\/strong><\/p><hr \/><p><strong><span data-wp-editing=\"1\"><a href=\"https:\/\/transito.cambe.pr.gov.br\/wp-content\/uploads\/2026\/04\/9190-AV.-JOSE-BONIFACIO-N.-2551-SENTIDO-B-C.pdf\"><img loading=\"lazy\" decoding=\"async\" class=\"alignnone wp-image-661\" src=\"https:\/\/transito.cambe.pr.gov.br\/wp-content\/uploads\/2024\/11\/724933-1-150x150.png\" alt=\"\" width=\"25\" height=\"25\" srcset=\"https:\/\/transito.cambe.pr.gov.br\/wp-content\/uploads\/2024\/11\/724933-1-150x150.png 150w, https:\/\/transito.cambe.pr.gov.br\/wp-content\/uploads\/2024\/11\/724933-1-300x300.png 300w, https:\/\/transito.cambe.pr.gov.br\/wp-content\/uploads\/2024\/11\/724933-1-50x50.png 50w, https:\/\/transito.cambe.pr.gov.br\/wp-content\/uploads\/2024\/11\/724933-1-80x80.png 80w, https:\/\/transito.cambe.pr.gov.br\/wp-content\/uploads\/2024\/11\/724933-1.png 512w\" sizes=\"auto, (max-width: 25px) 100vw, 25px\" \/><\/a>\u00a0 \u00a02026\/2027 CAMBE9190 &#8211;\u00a0<\/span><\/strong><strong>AV. JOS\u00c9 BONIF\u00c1CIO N. 2551<\/strong><\/p><hr \/><p><strong><a href=\"https:\/\/transito.cambe.pr.gov.br\/wp-content\/uploads\/2026\/04\/9191-AV.-INGLATERRA-N.-1523-SENTIDO-B-C.pdf\"><img loading=\"lazy\" decoding=\"async\" class=\"alignnone wp-image-661\" src=\"https:\/\/transito.cambe.pr.gov.br\/wp-content\/uploads\/2024\/11\/724933-1-150x150.png\" alt=\"\" width=\"25\" height=\"25\" srcset=\"https:\/\/transito.cambe.pr.gov.br\/wp-content\/uploads\/2024\/11\/724933-1-150x150.png 150w, https:\/\/transito.cambe.pr.gov.br\/wp-content\/uploads\/2024\/11\/724933-1-300x300.png 300w, https:\/\/transito.cambe.pr.gov.br\/wp-content\/uploads\/2024\/11\/724933-1-50x50.png 50w, https:\/\/transito.cambe.pr.gov.br\/wp-content\/uploads\/2024\/11\/724933-1-80x80.png 80w, https:\/\/transito.cambe.pr.gov.br\/wp-content\/uploads\/2024\/11\/724933-1.png 512w\" sizes=\"auto, (max-width: 25px) 100vw, 25px\" \/><\/a>\u00a0 \u00a02026\/2027 CAMBE9191 &#8211;\u00a0AV. INGLATERRA N. 1523<\/strong><\/p><hr \/><p><span data-wp-editing=\"1\"><strong><a href=\"https:\/\/transito.cambe.pr.gov.br\/wp-content\/uploads\/2026\/04\/9192-AV.-INGLATERRA-N.-1410-SENTIDO-C-B.pdf\"><img loading=\"lazy\" decoding=\"async\" class=\"alignnone wp-image-661\" src=\"https:\/\/transito.cambe.pr.gov.br\/wp-content\/uploads\/2024\/11\/724933-1-150x150.png\" alt=\"\" width=\"25\" height=\"25\" srcset=\"https:\/\/transito.cambe.pr.gov.br\/wp-content\/uploads\/2024\/11\/724933-1-150x150.png 150w, https:\/\/transito.cambe.pr.gov.br\/wp-content\/uploads\/2024\/11\/724933-1-300x300.png 300w, https:\/\/transito.cambe.pr.gov.br\/wp-content\/uploads\/2024\/11\/724933-1-50x50.png 50w, https:\/\/transito.cambe.pr.gov.br\/wp-content\/uploads\/2024\/11\/724933-1-80x80.png 80w, https:\/\/transito.cambe.pr.gov.br\/wp-content\/uploads\/2024\/11\/724933-1.png 512w\" sizes=\"auto, (max-width: 25px) 100vw, 25px\" \/><\/a>\u00a0 \u00a02026\/2027 CAMBE9192 &#8211;\u00a0<\/strong><strong>\u00a0AV. INGLATERRA N. 1410<\/strong><\/span><\/p><hr \/><p><strong data-wp-editing=\"1\"><a href=\"https:\/\/transito.cambe.pr.gov.br\/wp-content\/uploads\/2026\/04\/9193-AV.-BRASIL-N.-1683.pdf\"><img loading=\"lazy\" decoding=\"async\" class=\"alignnone wp-image-661\" src=\"https:\/\/transito.cambe.pr.gov.br\/wp-content\/uploads\/2024\/11\/724933-1-150x150.png\" alt=\"\" width=\"25\" height=\"25\" srcset=\"https:\/\/transito.cambe.pr.gov.br\/wp-content\/uploads\/2024\/11\/724933-1-150x150.png 150w, https:\/\/transito.cambe.pr.gov.br\/wp-content\/uploads\/2024\/11\/724933-1-300x300.png 300w, https:\/\/transito.cambe.pr.gov.br\/wp-content\/uploads\/2024\/11\/724933-1-50x50.png 50w, https:\/\/transito.cambe.pr.gov.br\/wp-content\/uploads\/2024\/11\/724933-1-80x80.png 80w, https:\/\/transito.cambe.pr.gov.br\/wp-content\/uploads\/2024\/11\/724933-1.png 512w\" sizes=\"auto, (max-width: 25px) 100vw, 25px\" \/><\/a>\u00a0 \u00a02026\/2027 CAMBE9193 &#8211;\u00a0AV. BRASIL N. 1683<\/strong><\/p><hr \/><p><strong data-wp-editing=\"1\"><a href=\"https:\/\/transito.cambe.pr.gov.br\/wp-content\/uploads\/2026\/04\/9194-RUA-BELO-HORIZONTE-N.-783.pdf\"><img loading=\"lazy\" decoding=\"async\" class=\"alignnone wp-image-661\" src=\"https:\/\/transito.cambe.pr.gov.br\/wp-content\/uploads\/2024\/11\/724933-1-150x150.png\" alt=\"\" width=\"25\" height=\"25\" srcset=\"https:\/\/transito.cambe.pr.gov.br\/wp-content\/uploads\/2024\/11\/724933-1-150x150.png 150w, https:\/\/transito.cambe.pr.gov.br\/wp-content\/uploads\/2024\/11\/724933-1-300x300.png 300w, https:\/\/transito.cambe.pr.gov.br\/wp-content\/uploads\/2024\/11\/724933-1-50x50.png 50w, https:\/\/transito.cambe.pr.gov.br\/wp-content\/uploads\/2024\/11\/724933-1-80x80.png 80w, https:\/\/transito.cambe.pr.gov.br\/wp-content\/uploads\/2024\/11\/724933-1.png 512w\" sizes=\"auto, (max-width: 25px) 100vw, 25px\" \/><\/a>\u00a0 \u00a02026\/2027 CAMBE9194 &#8211;\u00a0RUA BELO HORIZONTE N. 783<\/strong><\/p><hr \/><p><strong data-wp-editing=\"1\"><a href=\"https:\/\/transito.cambe.pr.gov.br\/wp-content\/uploads\/2026\/04\/9195-AV.-ROBERTO-CONCEICAO-OPOSTO-AO-N.-168-SENTIDO-B-C.pdf\"><img loading=\"lazy\" decoding=\"async\" class=\"alignnone wp-image-661\" src=\"https:\/\/transito.cambe.pr.gov.br\/wp-content\/uploads\/2024\/11\/724933-1-150x150.png\" alt=\"\" width=\"25\" height=\"25\" srcset=\"https:\/\/transito.cambe.pr.gov.br\/wp-content\/uploads\/2024\/11\/724933-1-150x150.png 150w, https:\/\/transito.cambe.pr.gov.br\/wp-content\/uploads\/2024\/11\/724933-1-300x300.png 300w, https:\/\/transito.cambe.pr.gov.br\/wp-content\/uploads\/2024\/11\/724933-1-50x50.png 50w, https:\/\/transito.cambe.pr.gov.br\/wp-content\/uploads\/2024\/11\/724933-1-80x80.png 80w, https:\/\/transito.cambe.pr.gov.br\/wp-content\/uploads\/2024\/11\/724933-1.png 512w\" sizes=\"auto, (max-width: 25px) 100vw, 25px\" \/><\/a>\u00a0 \u00a02026\/2027 CAMBE9195 &#8211;\u00a0AV. ROBERTO CONCEI\u00c7\u00c3O OPOSTO AO N. 168<\/strong><\/p><hr \/><p><strong data-wp-editing=\"1\"><a href=\"https:\/\/transito.cambe.pr.gov.br\/wp-content\/uploads\/2026\/04\/9196-RUA-FRANCISCO-DELGADO-SANCHES-DEFRONTE-898.pdf\"><img loading=\"lazy\" decoding=\"async\" class=\"alignnone wp-image-661\" src=\"https:\/\/transito.cambe.pr.gov.br\/wp-content\/uploads\/2024\/11\/724933-1-150x150.png\" alt=\"\" width=\"25\" height=\"25\" srcset=\"https:\/\/transito.cambe.pr.gov.br\/wp-content\/uploads\/2024\/11\/724933-1-150x150.png 150w, https:\/\/transito.cambe.pr.gov.br\/wp-content\/uploads\/2024\/11\/724933-1-300x300.png 300w, https:\/\/transito.cambe.pr.gov.br\/wp-content\/uploads\/2024\/11\/724933-1-50x50.png 50w, https:\/\/transito.cambe.pr.gov.br\/wp-content\/uploads\/2024\/11\/724933-1-80x80.png 80w, https:\/\/transito.cambe.pr.gov.br\/wp-content\/uploads\/2024\/11\/724933-1.png 512w\" sizes=\"auto, (max-width: 25px) 100vw, 25px\" \/><\/a>\u00a0 \u00a02026\/2027 CAMBE9196 &#8211;\u00a0PR-536-ESTRADA DA PRATA, PR\u00d3X. ENTRADA DO JD.NOVA CAMB\u00c9<\/strong><\/p><hr \/>\t\t\t\t\t\t\t\t<\/div>\n\t\t\t\t\t<\/div>\n\t\t\t\t<\/div>\n\t\t\t\t<\/div>\n\t\t\t\t\t<\/div>\n\t\t<\/div>\n\t\t\t\t\t\t<\/div>\n\t\t\t\t\t<\/div>\n\t\t\t\t<\/div>\n\t\t\t\t<\/div>\n\t\t","protected":false},"excerpt":{"rendered":"<p>De acordo com o inciso I, \u00a73\u00b0 do Art. 6\u00b0 da Resolu\u00e7\u00e3o N.\u00ba 798\/2020, do Conselho Nacional de Tr\u00e2nsito, segue a publica\u00e7\u00e3o do Levantamento T\u00e9cnico dos Controladores de Velocidade da cidade de Camb\u00e9 (Radares). Documenta\u00e7\u00e3o 2024\/2025 2026\/2027 \u00a0 \u00a02024\/2025\u00a0 CAMBE9184 &#8211; AV. ROBERTO CONCEI\u00c7\u00c3O PR\u00d3X. AO N. 1072-D \u00a0 \u00a02024\/2025\u00a0 CAMBE9185 &#8211; AV. INGLATERRA N. [&hellip;]<\/p>\n","protected":false},"author":5,"featured_media":0,"parent":656,"menu_order":0,"comment_status":"closed","ping_status":"closed","template":"elementor_theme","meta":{"footnotes":""},"class_list":["post-659","page","type-page","status-publish","hentry"],"blocksy_meta":[],"yoast_head":"<!-- This site is optimized with the Yoast SEO plugin v24.4 - https:\/\/yoast.com\/wordpress\/plugins\/seo\/ -->\n<title>Levantamentos T\u00e9cnicos - Seguran\u00e7a P\u00fablica e Tr\u00e2nsito - Camb\u00e9<\/title>\n<meta name=\"robots\" content=\"index, follow, max-snippet:-1, max-image-preview:large, max-video-preview:-1\" \/>\n<link rel=\"canonical\" href=\"https:\/\/transito.cambe.pr.gov.br\/index.php\/transito\/fiscalizacao-de-transito\/levantamento-tecnico-controladores-de-velocidade\/\" \/>\n<meta property=\"og:locale\" content=\"pt_BR\" \/>\n<meta property=\"og:type\" content=\"article\" \/>\n<meta property=\"og:title\" content=\"Levantamentos T\u00e9cnicos - Seguran\u00e7a P\u00fablica e Tr\u00e2nsito - Camb\u00e9\" \/>\n<meta property=\"og:description\" content=\"De acordo com o inciso I, \u00a73\u00b0 do Art. 6\u00b0 da Resolu\u00e7\u00e3o N.\u00ba 798\/2020, do Conselho Nacional de Tr\u00e2nsito, segue a publica\u00e7\u00e3o do Levantamento T\u00e9cnico dos Controladores de Velocidade da cidade de Camb\u00e9 (Radares). Documenta\u00e7\u00e3o 2024\/2025 2026\/2027 \u00a0 \u00a02024\/2025\u00a0 CAMBE9184 &#8211; AV. ROBERTO CONCEI\u00c7\u00c3O PR\u00d3X. AO N. 1072-D \u00a0 \u00a02024\/2025\u00a0 CAMBE9185 &#8211; AV. INGLATERRA N. [&hellip;]\" \/>\n<meta property=\"og:url\" content=\"https:\/\/transito.cambe.pr.gov.br\/index.php\/transito\/fiscalizacao-de-transito\/levantamento-tecnico-controladores-de-velocidade\/\" \/>\n<meta property=\"og:site_name\" content=\"Seguran\u00e7a P\u00fablica e Tr\u00e2nsito - Camb\u00e9\" \/>\n<meta property=\"article:publisher\" content=\"https:\/\/www.facebook.com\/DepartamentoTransitoCambe\/\" \/>\n<meta property=\"article:modified_time\" content=\"2026-04-29T14:21:32+00:00\" \/>\n<meta property=\"og:image\" content=\"https:\/\/transito.cambe.pr.gov.br\/wp-content\/uploads\/2024\/11\/724933-1-150x150.png\" \/>\n<meta name=\"twitter:card\" content=\"summary_large_image\" \/>\n<meta name=\"twitter:label1\" content=\"Est. tempo de leitura\" \/>\n\t<meta name=\"twitter:data1\" content=\"13 minutos\" \/>\n<script type=\"application\/ld+json\" class=\"yoast-schema-graph\">{\"@context\":\"https:\/\/schema.org\",\"@graph\":[{\"@type\":\"WebPage\",\"@id\":\"https:\/\/transito.cambe.pr.gov.br\/index.php\/transito\/fiscalizacao-de-transito\/levantamento-tecnico-controladores-de-velocidade\/\",\"url\":\"https:\/\/transito.cambe.pr.gov.br\/index.php\/transito\/fiscalizacao-de-transito\/levantamento-tecnico-controladores-de-velocidade\/\",\"name\":\"Levantamentos T\u00e9cnicos - Seguran\u00e7a P\u00fablica e Tr\u00e2nsito - Camb\u00e9\",\"isPartOf\":{\"@id\":\"https:\/\/transito.cambe.pr.gov.br\/#website\"},\"primaryImageOfPage\":{\"@id\":\"https:\/\/transito.cambe.pr.gov.br\/index.php\/transito\/fiscalizacao-de-transito\/levantamento-tecnico-controladores-de-velocidade\/#primaryimage\"},\"image\":{\"@id\":\"https:\/\/transito.cambe.pr.gov.br\/index.php\/transito\/fiscalizacao-de-transito\/levantamento-tecnico-controladores-de-velocidade\/#primaryimage\"},\"thumbnailUrl\":\"https:\/\/transito.cambe.pr.gov.br\/wp-content\/uploads\/2024\/11\/724933-1-150x150.png\",\"datePublished\":\"2024-11-25T18:06:39+00:00\",\"dateModified\":\"2026-04-29T14:21:32+00:00\",\"breadcrumb\":{\"@id\":\"https:\/\/transito.cambe.pr.gov.br\/index.php\/transito\/fiscalizacao-de-transito\/levantamento-tecnico-controladores-de-velocidade\/#breadcrumb\"},\"inLanguage\":\"pt-BR\",\"potentialAction\":[{\"@type\":\"ReadAction\",\"target\":[\"https:\/\/transito.cambe.pr.gov.br\/index.php\/transito\/fiscalizacao-de-transito\/levantamento-tecnico-controladores-de-velocidade\/\"]}]},{\"@type\":\"ImageObject\",\"inLanguage\":\"pt-BR\",\"@id\":\"https:\/\/transito.cambe.pr.gov.br\/index.php\/transito\/fiscalizacao-de-transito\/levantamento-tecnico-controladores-de-velocidade\/#primaryimage\",\"url\":\"https:\/\/transito.cambe.pr.gov.br\/wp-content\/uploads\/2024\/11\/724933-1.png\",\"contentUrl\":\"https:\/\/transito.cambe.pr.gov.br\/wp-content\/uploads\/2024\/11\/724933-1.png\",\"width\":512,\"height\":512},{\"@type\":\"BreadcrumbList\",\"@id\":\"https:\/\/transito.cambe.pr.gov.br\/index.php\/transito\/fiscalizacao-de-transito\/levantamento-tecnico-controladores-de-velocidade\/#breadcrumb\",\"itemListElement\":[{\"@type\":\"ListItem\",\"position\":1,\"name\":\"In\u00edcio\",\"item\":\"https:\/\/transito.cambe.pr.gov.br\/\"},{\"@type\":\"ListItem\",\"position\":2,\"name\":\"Tr\u00e2nsito\",\"item\":\"https:\/\/transito.cambe.pr.gov.br\/index.php\/transito\/\"},{\"@type\":\"ListItem\",\"position\":3,\"name\":\"Fiscaliza\u00e7\u00e3o de Tr\u00e2nsito\",\"item\":\"https:\/\/transito.cambe.pr.gov.br\/index.php\/transito\/fiscalizacao-de-transito\/\"},{\"@type\":\"ListItem\",\"position\":4,\"name\":\"Levantamentos T\u00e9cnicos\"}]},{\"@type\":\"WebSite\",\"@id\":\"https:\/\/transito.cambe.pr.gov.br\/#website\",\"url\":\"https:\/\/transito.cambe.pr.gov.br\/\",\"name\":\"Seguran\u00e7a P\u00fablica e Tr\u00e2nsito - Camb\u00e9\",\"description\":\"\",\"publisher\":{\"@id\":\"https:\/\/transito.cambe.pr.gov.br\/#organization\"},\"alternateName\":\"SESTRAN-Camb\u00e9\",\"potentialAction\":[{\"@type\":\"SearchAction\",\"target\":{\"@type\":\"EntryPoint\",\"urlTemplate\":\"https:\/\/transito.cambe.pr.gov.br\/?s={search_term_string}\"},\"query-input\":{\"@type\":\"PropertyValueSpecification\",\"valueRequired\":true,\"valueName\":\"search_term_string\"}}],\"inLanguage\":\"pt-BR\"},{\"@type\":\"Organization\",\"@id\":\"https:\/\/transito.cambe.pr.gov.br\/#organization\",\"name\":\"Secretaria de Seguran\u00e7a P\u00fablica e Tr\u00e2nsito de Camb\u00e9\",\"alternateName\":\"SESTRAN-Camb\u00e9\",\"url\":\"https:\/\/transito.cambe.pr.gov.br\/\",\"logo\":{\"@type\":\"ImageObject\",\"inLanguage\":\"pt-BR\",\"@id\":\"https:\/\/transito.cambe.pr.gov.br\/#\/schema\/logo\/image\/\",\"url\":\"https:\/\/transito.cambe.pr.gov.br\/wp-content\/uploads\/2023\/08\/brasao_cambe100x100.png\",\"contentUrl\":\"https:\/\/transito.cambe.pr.gov.br\/wp-content\/uploads\/2023\/08\/brasao_cambe100x100.png\",\"width\":100,\"height\":100,\"caption\":\"Secretaria de Seguran\u00e7a P\u00fablica e Tr\u00e2nsito de Camb\u00e9\"},\"image\":{\"@id\":\"https:\/\/transito.cambe.pr.gov.br\/#\/schema\/logo\/image\/\"},\"sameAs\":[\"https:\/\/www.facebook.com\/DepartamentoTransitoCambe\/\"]}]}<\/script>\n<!-- \/ Yoast SEO plugin. -->","yoast_head_json":{"title":"Levantamentos T\u00e9cnicos - Seguran\u00e7a P\u00fablica e Tr\u00e2nsito - Camb\u00e9","robots":{"index":"index","follow":"follow","max-snippet":"max-snippet:-1","max-image-preview":"max-image-preview:large","max-video-preview":"max-video-preview:-1"},"canonical":"https:\/\/transito.cambe.pr.gov.br\/index.php\/transito\/fiscalizacao-de-transito\/levantamento-tecnico-controladores-de-velocidade\/","og_locale":"pt_BR","og_type":"article","og_title":"Levantamentos T\u00e9cnicos - Seguran\u00e7a P\u00fablica e Tr\u00e2nsito - Camb\u00e9","og_description":"De acordo com o inciso I, \u00a73\u00b0 do Art. 6\u00b0 da Resolu\u00e7\u00e3o N.\u00ba 798\/2020, do Conselho Nacional de Tr\u00e2nsito, segue a publica\u00e7\u00e3o do Levantamento T\u00e9cnico dos Controladores de Velocidade da cidade de Camb\u00e9 (Radares). Documenta\u00e7\u00e3o 2024\/2025 2026\/2027 \u00a0 \u00a02024\/2025\u00a0 CAMBE9184 &#8211; AV. ROBERTO CONCEI\u00c7\u00c3O PR\u00d3X. AO N. 1072-D \u00a0 \u00a02024\/2025\u00a0 CAMBE9185 &#8211; AV. INGLATERRA N. [&hellip;]","og_url":"https:\/\/transito.cambe.pr.gov.br\/index.php\/transito\/fiscalizacao-de-transito\/levantamento-tecnico-controladores-de-velocidade\/","og_site_name":"Seguran\u00e7a P\u00fablica e Tr\u00e2nsito - Camb\u00e9","article_publisher":"https:\/\/www.facebook.com\/DepartamentoTransitoCambe\/","article_modified_time":"2026-04-29T14:21:32+00:00","og_image":[{"url":"https:\/\/transito.cambe.pr.gov.br\/wp-content\/uploads\/2024\/11\/724933-1-150x150.png","type":"","width":"","height":""}],"twitter_card":"summary_large_image","twitter_misc":{"Est. tempo de leitura":"13 minutos"},"schema":{"@context":"https:\/\/schema.org","@graph":[{"@type":"WebPage","@id":"https:\/\/transito.cambe.pr.gov.br\/index.php\/transito\/fiscalizacao-de-transito\/levantamento-tecnico-controladores-de-velocidade\/","url":"https:\/\/transito.cambe.pr.gov.br\/index.php\/transito\/fiscalizacao-de-transito\/levantamento-tecnico-controladores-de-velocidade\/","name":"Levantamentos T\u00e9cnicos - Seguran\u00e7a P\u00fablica e Tr\u00e2nsito - Camb\u00e9","isPartOf":{"@id":"https:\/\/transito.cambe.pr.gov.br\/#website"},"primaryImageOfPage":{"@id":"https:\/\/transito.cambe.pr.gov.br\/index.php\/transito\/fiscalizacao-de-transito\/levantamento-tecnico-controladores-de-velocidade\/#primaryimage"},"image":{"@id":"https:\/\/transito.cambe.pr.gov.br\/index.php\/transito\/fiscalizacao-de-transito\/levantamento-tecnico-controladores-de-velocidade\/#primaryimage"},"thumbnailUrl":"https:\/\/transito.cambe.pr.gov.br\/wp-content\/uploads\/2024\/11\/724933-1-150x150.png","datePublished":"2024-11-25T18:06:39+00:00","dateModified":"2026-04-29T14:21:32+00:00","breadcrumb":{"@id":"https:\/\/transito.cambe.pr.gov.br\/index.php\/transito\/fiscalizacao-de-transito\/levantamento-tecnico-controladores-de-velocidade\/#breadcrumb"},"inLanguage":"pt-BR","potentialAction":[{"@type":"ReadAction","target":["https:\/\/transito.cambe.pr.gov.br\/index.php\/transito\/fiscalizacao-de-transito\/levantamento-tecnico-controladores-de-velocidade\/"]}]},{"@type":"ImageObject","inLanguage":"pt-BR","@id":"https:\/\/transito.cambe.pr.gov.br\/index.php\/transito\/fiscalizacao-de-transito\/levantamento-tecnico-controladores-de-velocidade\/#primaryimage","url":"https:\/\/transito.cambe.pr.gov.br\/wp-content\/uploads\/2024\/11\/724933-1.png","contentUrl":"https:\/\/transito.cambe.pr.gov.br\/wp-content\/uploads\/2024\/11\/724933-1.png","width":512,"height":512},{"@type":"BreadcrumbList","@id":"https:\/\/transito.cambe.pr.gov.br\/index.php\/transito\/fiscalizacao-de-transito\/levantamento-tecnico-controladores-de-velocidade\/#breadcrumb","itemListElement":[{"@type":"ListItem","position":1,"name":"In\u00edcio","item":"https:\/\/transito.cambe.pr.gov.br\/"},{"@type":"ListItem","position":2,"name":"Tr\u00e2nsito","item":"https:\/\/transito.cambe.pr.gov.br\/index.php\/transito\/"},{"@type":"ListItem","position":3,"name":"Fiscaliza\u00e7\u00e3o de Tr\u00e2nsito","item":"https:\/\/transito.cambe.pr.gov.br\/index.php\/transito\/fiscalizacao-de-transito\/"},{"@type":"ListItem","position":4,"name":"Levantamentos T\u00e9cnicos"}]},{"@type":"WebSite","@id":"https:\/\/transito.cambe.pr.gov.br\/#website","url":"https:\/\/transito.cambe.pr.gov.br\/","name":"Seguran\u00e7a P\u00fablica e Tr\u00e2nsito - Camb\u00e9","description":"","publisher":{"@id":"https:\/\/transito.cambe.pr.gov.br\/#organization"},"alternateName":"SESTRAN-Camb\u00e9","potentialAction":[{"@type":"SearchAction","target":{"@type":"EntryPoint","urlTemplate":"https:\/\/transito.cambe.pr.gov.br\/?s={search_term_string}"},"query-input":{"@type":"PropertyValueSpecification","valueRequired":true,"valueName":"search_term_string"}}],"inLanguage":"pt-BR"},{"@type":"Organization","@id":"https:\/\/transito.cambe.pr.gov.br\/#organization","name":"Secretaria de Seguran\u00e7a P\u00fablica e Tr\u00e2nsito de Camb\u00e9","alternateName":"SESTRAN-Camb\u00e9","url":"https:\/\/transito.cambe.pr.gov.br\/","logo":{"@type":"ImageObject","inLanguage":"pt-BR","@id":"https:\/\/transito.cambe.pr.gov.br\/#\/schema\/logo\/image\/","url":"https:\/\/transito.cambe.pr.gov.br\/wp-content\/uploads\/2023\/08\/brasao_cambe100x100.png","contentUrl":"https:\/\/transito.cambe.pr.gov.br\/wp-content\/uploads\/2023\/08\/brasao_cambe100x100.png","width":100,"height":100,"caption":"Secretaria de Seguran\u00e7a P\u00fablica e Tr\u00e2nsito de Camb\u00e9"},"image":{"@id":"https:\/\/transito.cambe.pr.gov.br\/#\/schema\/logo\/image\/"},"sameAs":["https:\/\/www.facebook.com\/DepartamentoTransitoCambe\/"]}]}},"_links":{"self":[{"href":"https:\/\/transito.cambe.pr.gov.br\/index.php\/wp-json\/wp\/v2\/pages\/659","targetHints":{"allow":["GET"]}}],"collection":[{"href":"https:\/\/transito.cambe.pr.gov.br\/index.php\/wp-json\/wp\/v2\/pages"}],"about":[{"href":"https:\/\/transito.cambe.pr.gov.br\/index.php\/wp-json\/wp\/v2\/types\/page"}],"author":[{"embeddable":true,"href":"https:\/\/transito.cambe.pr.gov.br\/index.php\/wp-json\/wp\/v2\/users\/5"}],"replies":[{"embeddable":true,"href":"https:\/\/transito.cambe.pr.gov.br\/index.php\/wp-json\/wp\/v2\/comments?post=659"}],"version-history":[{"count":184,"href":"https:\/\/transito.cambe.pr.gov.br\/index.php\/wp-json\/wp\/v2\/pages\/659\/revisions"}],"predecessor-version":[{"id":4496,"href":"https:\/\/transito.cambe.pr.gov.br\/index.php\/wp-json\/wp\/v2\/pages\/659\/revisions\/4496"}],"up":[{"embeddable":true,"href":"https:\/\/transito.cambe.pr.gov.br\/index.php\/wp-json\/wp\/v2\/pages\/656"}],"wp:attachment":[{"href":"https:\/\/transito.cambe.pr.gov.br\/index.php\/wp-json\/wp\/v2\/media?parent=659"}],"curies":[{"name":"wp","href":"https:\/\/api.w.org\/{rel}","templated":true}]}}