{"id":456,"date":"2024-01-16T13:29:15","date_gmt":"2024-01-16T16:29:15","guid":{"rendered":"https:\/\/transito.cambe.pr.gov.br\/?page_id=456"},"modified":"2025-03-07T09:40:10","modified_gmt":"2025-03-07T12:40:10","slug":"quebra-molas","status":"publish","type":"page","link":"https:\/\/transito.cambe.pr.gov.br\/index.php\/viario\/solicitacoes\/quebra-molas\/","title":{"rendered":"Solicita\u00e7\u00e3o de Quebra molas"},"content":{"rendered":"<p style=\"text-align: justify;\"><span style=\"font-size: 12pt; color: #000000; font-family: arial, helvetica, sans-serif;\">Para solicitar uma ondula\u00e7\u00e3o transversal, o requerente <strong><span style=\"text-decoration: underline;\">obrigatoriamente<\/span> <\/strong>deve seguir as seguintes etapas listadas abaixo:<\/span><\/p>\n<p style=\"text-align: justify;\"><span style=\"color: #000000; font-family: arial, helvetica, sans-serif;\">1. Informar o local solicitado onde se pretende implantar o dispositivo;<\/span><\/p>\n<p style=\"text-align: justify;\"><span style=\"color: #000000; font-family: arial, helvetica, sans-serif;\">2. Produzir um documento com car\u00e1ter de abaixo-assinado e numerar TODOS os im\u00f3veis que estiverem a 50 (cinquenta) metros antes e depois do local pretendido para a implanta\u00e7\u00e3o da ondula\u00e7\u00e3o, conforme ilustra\u00e7\u00e3o indicada abaixo;<\/span><\/p>\n<p style=\"text-align: justify;\"><span style=\"color: #000000; font-family: arial, helvetica, sans-serif;\">3. Submeter o impresso \u00e0 assinatura de APENAS UM respons\u00e1vel (maior de 18 anos) por im\u00f3vel (identificado dentro da delimita\u00e7\u00e3o de 50 metros de cada extremidade da ondula\u00e7\u00e3o), que deve manifestar-se contra ou a favor \u00e0 implanta\u00e7\u00e3o da ondula\u00e7\u00e3o. Este formul\u00e1rio dever\u00e1 ser parte integrante obrigat\u00f3ria do documento de solicita\u00e7\u00e3o da ondula\u00e7\u00e3o transversal. \u00c9 importante ressaltar que o preenchimento em desacordo com as orienta\u00e7\u00f5es acima poder\u00e1 implicar no indeferimento da solicita\u00e7\u00e3o.<\/span><\/p>\n<hr \/>\n<p style=\"text-align: center;\"><span style=\"color: #000000; font-family: arial, helvetica, sans-serif;\"><strong>Link para o PDF com FORMULARIO:<span style=\"color: #008000;\">\u00a0<a style=\"color: #008000;\" href=\"https:\/\/transito.cambe.pr.gov.br\/wp-content\/uploads\/2024\/02\/1.-FORMULARIO-LOMBADAS-2.pdf\" target=\"_blank\" rel=\"noopener\">CLIQUE AQUI<\/a><\/span><\/strong><\/span><\/p>\n<hr \/>\n<p><span style=\"color: #000000; font-family: arial, helvetica, sans-serif;\">Exemplo de an\u00e1lise e de representa\u00e7\u00e3o dos 50 metros de cada lado da ondula\u00e7\u00e3o solicitada e identifica\u00e7\u00e3o dos im\u00f3veis que estar\u00e3o inseridos neste recorte espacial:<\/span><\/p>\n<p>&nbsp;<\/p>\n<p><img loading=\"lazy\" decoding=\"async\" class=\"wp-image-466 aligncenter\" src=\"https:\/\/transito.cambe.pr.gov.br\/wp-content\/uploads\/2024\/01\/imagem1-300x152.png\" alt=\"\" width=\"482\" height=\"244\" srcset=\"https:\/\/transito.cambe.pr.gov.br\/wp-content\/uploads\/2024\/01\/imagem1-300x152.png 300w, https:\/\/transito.cambe.pr.gov.br\/wp-content\/uploads\/2024\/01\/imagem1.png 541w\" sizes=\"auto, (max-width: 482px) 100vw, 482px\" \/><\/p>\n<p>&nbsp;<\/p>\n<p style=\"text-align: left;\"><span style=\"font-family: arial, helvetica, sans-serif; color: #000000;\">Ap\u00f3s o recebimento deste formul\u00e1rio devidamente preenchido, a Secretaria de Seguran\u00e7a P\u00fablica e Tr\u00e2nsito \u2013 SESTRAN ir\u00e1 direcionar a solicita\u00e7\u00e3o para a equipe t\u00e9cnica para a partir de ent\u00e3o, a mesma realizar estudos e an\u00e1lises embasadas pela Resolu\u00e7\u00e3o 600\/16 do CONTRAN, a qual \u201cestabelece os padr\u00f5es e crit\u00e9rios para a instala\u00e7\u00e3o de ondula\u00e7\u00e3o transversal (lombada f\u00edsica) em vias p\u00fablicas, disciplinada pelo par\u00e1grafo \u00fanico do art. 94 do C\u00f3digo de Tr\u00e2nsito Brasileiro e pro\u00edbe a utiliza\u00e7\u00e3o de tachas, tach\u00f5es e dispositivos similares implantados transversalmente \u00e0 via p\u00fablica\u201d, em especial os seguintes itens: \u201cArt. 5\u00b0 Para implanta\u00e7\u00e3o de ondula\u00e7\u00f5es transversais do TIPO A e do TIPO B devem ser atendidas, simultaneamente, as seguintes caracter\u00edsticas relativas \u00e0 via e ao tr\u00e1fego local:<\/span><\/p>\n<p style=\"text-align: left;\"><span style=\"font-family: arial, helvetica, sans-serif; color: #000000;\"><strong>I<\/strong> &#8211; Em rodovia, declividade inferior a 4% ao longo do trecho;<\/span><\/p>\n<p><span style=\"font-family: arial, helvetica, sans-serif; color: #000000;\"><strong>II<\/strong> &#8211; Em via urbana e ramos de acesso de rodovias, declividade inferior a 6% ao longo do trecho;<\/span><\/p>\n<p><span style=\"font-family: arial, helvetica, sans-serif; color: #000000;\"><strong>III<\/strong> &#8211; Aus\u00eancia de curva ou interfer\u00eancia que comprometa a visibilidade do dispositivo;<\/span><\/p>\n<p><span style=\"font-family: arial, helvetica, sans-serif; color: #000000;\"><strong>IV<\/strong> &#8211; Exist\u00eancia de pavimento em bom estado de conserva\u00e7\u00e3o;<\/span><\/p>\n<p><span style=\"font-family: arial, helvetica, sans-serif; color: #000000;\"><strong>V<\/strong> &#8211; Aus\u00eancia de guia de cal\u00e7ada (meio-fio) rebaixada, destinada \u00e0 entrada ou sa\u00edda de ve\u00edculos;<\/span><\/p>\n<p><span style=\"font-family: arial, helvetica, sans-serif; color: #000000;\"><strong>VI<\/strong> &#8211; Aus\u00eancia de rebaixamento de cal\u00e7ada para pedestres\u201d.<\/span><\/p>\n<p><span style=\"font-family: arial, helvetica, sans-serif; color: #000000;\">\u00c9 importante ressaltar que, o Contran determina que as lombadas podem ser instaladas em <strong>\u00faltimo caso<\/strong> para reduzir a velocidade do ve\u00edculo de forma imperativa, nas situa\u00e7\u00f5es em que<strong> outras alternativas de engenharia de tr\u00e1fego forem ineficazes.<\/strong><\/span><\/p>\n<p style=\"text-align: justify;\"><span style=\"font-family: arial, helvetica, sans-serif; color: #000000;\"><strong>Demais itens que podem ser avaliados pelo setor t\u00e9cnico:<\/strong><\/span><\/p>\n<ul style=\"list-style-type: circle;\">\n<li style=\"text-align: justify;\"><span style=\"font-family: arial, helvetica, sans-serif; color: #000000;\">\u00cdndice de acidentes significativo ou risco potencial de acidentes;<\/span><\/li>\n<li><span style=\"font-family: arial, helvetica, sans-serif; color: #000000;\">Contagem veicular;<\/span><\/li>\n<li><span style=\"font-family: arial, helvetica, sans-serif; color: #000000;\">Volume de tr\u00e1fego inferior a 600 ve\u00edculos por hora durante os per\u00edodos de pico, podendo a autoridade de tr\u00e2nsito com circunscri\u00e7\u00e3o sobre a via admitir volumes mais elevados, em locais com grande movimenta\u00e7\u00e3o de pedestres, devendo ser justificados por estudos de engenharia de tr\u00e1fego no local de implanta\u00e7\u00e3o do dispositivo.<\/span><\/li>\n<li style=\"text-align: justify;\"><span style=\"font-family: arial, helvetica, sans-serif; color: #000000;\">Caracter\u00edsticas t\u00e9cnicas de cada caso levantadas in loco que se fizerem relevantes, como por exemplo interfer\u00eancia na mobilidade de transporte coletivo, ve\u00edculos de socorro\/emerg\u00eancia; localiza\u00e7\u00e3o em rela\u00e7\u00e3o a poste de ilumina\u00e7\u00e3o, boca de lobo, bueiro, encanamento de \u00e1gua, hidrante, guia rebaixada, dentre outros aspectos t\u00e9cnicos e referentes a cada caso.<\/span><\/li>\n<\/ul>\n<table style=\"border-collapse: collapse; width: 100%; height: 216px;\">\n<tbody>\n<tr style=\"height: 144px;\">\n<td style=\"width: 100%; height: 144px; text-align: center;\"><span style=\"font-family: arial, helvetica, sans-serif; color: #000000;\"><strong><span style=\"color: #ff0000;\">DESVANTAGENS<\/span><\/strong>: Com poss\u00edveis freadas e arrancadas, pode aumentar a polui\u00e7\u00e3o sonora; Pode causar rachaduras nas casas pr\u00f3ximas \u00e0 lombada; Causa problemas no transporte coletivo tais como: atrasos no hor\u00e1rio, desconforto aos passageiros (principalmente gestantes e pessoas com fraturas) e etc.; Pode causar atrasos para atendimento de ve\u00edculos de socorro\/ emerg\u00eancia; Pode transferir o tr\u00e1fego para ruas vizinhas e umento do consumo de combust\u00edvel.<\/span><\/td>\n<\/tr>\n<tr style=\"height: 72px;\">\n<td style=\"width: 100%; height: 72px; text-align: center;\"><span style=\"font-family: arial, helvetica, sans-serif; color: #000000;\"><span style=\"color: #008000;\"><strong><span style=\"color: #008000;\">VANTAGENS<\/span>:<\/strong><\/span> Pode reduzir o n\u00famero de acidentes e sua gravidade, quando a causa for o excesso de velocidade, e, propicia maior seguran\u00e7a na travessia de pedestres e escolares.<\/span><\/td>\n<\/tr>\n<\/tbody>\n<\/table>\n<p style=\"text-align: center;\"><div class=\"forminator-ui forminator-custom-form forminator-custom-form-454 forminator-design--default  forminator_ajax\" data-forminator-render=\"0\" data-form=\"forminator-module-454\" data-uid=\"69f507ee63868\"><br\/><\/div><form\n\t\t\t\tid=\"forminator-module-454\"\n\t\t\t\tclass=\"forminator-ui forminator-custom-form forminator-custom-form-454 forminator-design--default  forminator_ajax\"\n\t\t\t\tmethod=\"post\"\n\t\t\t\tdata-forminator-render=\"0\"\n\t\t\t\tdata-form-id=\"454\"\n\t\t\t\t\n\t\t\t\tdata-design=\"default\"\n\t\t\t\t\n\t\t\t\t\n\t\t\t\t\n\t\t\t\tdata-grid=\"open\"\n\t\t\t\tenctype=\"multipart\/form-data\"\n\t\t\t\t\n\t\t\t\tstyle=\"display: none;\"\n\t\t\t\t\n\t\t\t\tdata-uid=\"69f507ee63868\"\n\t\t\t><div role=\"alert\" aria-live=\"polite\" class=\"forminator-response-message forminator-error\" aria-hidden=\"true\"><\/div><div class=\"forminator-row\"><div id=\"name-1\" class=\"forminator-field-name forminator-col forminator-col-12 \"><div class=\"forminator-field\"><label for=\"forminator-field-name-1_69f507ee63868\" id=\"forminator-field-name-1_69f507ee63868-label\" class=\"forminator-label\">Nome: <span class=\"forminator-required\">*<\/span><\/label><input type=\"text\" name=\"name-1\" value=\"\" placeholder=\"Seu nome aqui...\" id=\"forminator-field-name-1_69f507ee63868\" class=\"forminator-input forminator-name--field\" aria-required=\"true\" \/><\/div><\/div><\/div><div class=\"forminator-row\"><div id=\"email-1\" class=\"forminator-field-email forminator-col forminator-col-6 \"><div class=\"forminator-field\"><label for=\"forminator-field-email-1_69f507ee63868\" id=\"forminator-field-email-1_69f507ee63868-label\" class=\"forminator-label\">E-mail <span class=\"forminator-required\">*<\/span><\/label><input type=\"email\" name=\"email-1\" value=\"\" placeholder=\"\" id=\"forminator-field-email-1_69f507ee63868\" class=\"forminator-input forminator-email--field\" data-required=\"1\" aria-required=\"true\" \/><\/div><\/div><div id=\"phone-1\" class=\"forminator-field-phone forminator-col forminator-col-6 \"><div class=\"forminator-field\"><label for=\"forminator-field-phone-1_69f507ee63868\" id=\"forminator-field-phone-1_69f507ee63868-label\" class=\"forminator-label\">Telefone para contato <span class=\"forminator-required\">*<\/span><\/label><input type=\"text\" name=\"phone-1\" value=\"\" placeholder=\"\" id=\"forminator-field-phone-1_69f507ee63868\" class=\"forminator-input forminator-field--phone\" data-required=\"1\" aria-required=\"true\" autocomplete=\"off\" \/><\/div><\/div><\/div><div class=\"forminator-row\"><div id=\"text-1\" class=\"forminator-field-text forminator-col forminator-col-12 \"><div class=\"forminator-field\"><label for=\"forminator-field-text-1_69f507ee63868\" id=\"forminator-field-text-1_69f507ee63868-label\" class=\"forminator-label\">Endere\u00e7o onde \u00e9 solicitado o quebra molas <span class=\"forminator-required\">*<\/span><\/label><input type=\"text\" name=\"text-1\" value=\"\" placeholder=\"\" id=\"forminator-field-text-1_69f507ee63868\" class=\"forminator-input forminator-name--field\" data-required=\"1\" \/><\/div><\/div><\/div><div class=\"forminator-row\"><div id=\"upload-1\" class=\"forminator-field-upload forminator-col forminator-col-12 \"><div class=\"forminator-field\"><label for=\"forminator-field-upload-1_69f507ee63868\" id=\"forminator-field-upload-1_69f507ee63868-label\" class=\"forminator-label\">Envie aqui o formul\u00e1rio\/abaixo assinado j\u00e1 preenchido <span class=\"forminator-required\">*<\/span><\/label><div class=\"forminator-file-upload \" data-element=\"upload-1_69f507ee63868\" aria-describedby=\"forminator-field-upload-1_69f507ee63868-description\"><input type=\"file\" name=\"upload-1\" id=\"forminator-field-upload-1_69f507ee63868\" class=\"forminator-input-file-required do-validate\" accept=\".jpg,.jpeg,.jpe,.gif,.png,.bmp,.tiff,.tif,.webp,.ico,.heic,.asf,.asx,.wmv,.wmx,.wm,.avi,.divx,.flv,.mov,.qt,.mpeg,.mpg,.mpe,.mp4,.m4v,.ogv,.webm,.mkv,.3gp,.3gpp,.3g2,.3gp2,.txt,.asc,.c,.cc,.h,.srt,.csv,.tsv,.ics,.rtx,.vtt,.mp3,.m4a,.m4b,.aac,.ra,.ram,.wav,.ogg,.oga,.flac,.mid,.midi,.wma,.wax,.mka,.rtf,.pdf,.class,.tar,.zip,.gz,.gzip,.rar,.7z,.psd,.xcf,.doc,.pot,.pps,.ppt,.wri,.xla,.xls,.xlt,.xlw,.mdb,.mpp,.docx,.docm,.dotx,.dotm,.xlsx,.xlsm,.xlsb,.xltx,.xltm,.xlam,.pptx,.pptm,.ppsx,.ppsm,.potx,.potm,.ppam,.sldx,.sldm,.onetoc,.onetoc2,.onetmp,.onepkg,.oxps,.xps,.odt,.odp,.ods,.odg,.odc,.odb,.odf,.wp,.wpd,.key,.numbers,.pages\"><button id=\"forminator-field-upload-1_69f507ee63868_button\" class=\"forminator-button forminator-button-upload\" data-id=\"forminator-field-upload-1_69f507ee63868\">Selecione Arquivo<\/button><span data-empty-text=\"Nenhum arquivo selecionado ainda\">Nenhum arquivo selecionado ainda<\/span><button class=\"forminator-button-delete\" style=\"display: none;\"><i class=\"forminator-icon-close\" aria-hidden=\"true\"><\/i><span class=\"forminator-screen-reader-only\">Deletar arquivo enviado<\/span><\/button><\/div><span id=\"forminator-field-upload-1_69f507ee63868-description\" class=\"forminator-description\">Modelo de abaixo assinado no come\u00e7o ou no final da pagina \"LINK\"<\/span><\/div><\/div><\/div><input type=\"hidden\" name=\"referer_url\" value=\"\" \/><div class=\"forminator-row forminator-row-last\"><div class=\"forminator-col\"><div class=\"forminator-field\"><button class=\"forminator-button forminator-button-submit\">Enviar mensagem<\/button><\/div><\/div><\/div><input type=\"hidden\" id=\"forminator_nonce\" name=\"forminator_nonce\" value=\"6d4742daaa\" \/><input type=\"hidden\" name=\"_wp_http_referer\" value=\"\/index.php\/wp-json\/wp\/v2\/pages\/456\" \/><input type=\"hidden\" name=\"form_id\" value=\"454\"><input type=\"hidden\" name=\"page_id\" value=\"456\"><input type=\"hidden\" name=\"form_type\" value=\"default\"><input type=\"hidden\" name=\"current_url\" value=\"https:\/\/transito.cambe.pr.gov.br\/index.php\/viario\/solicitacoes\/quebra-molas\/\"><input type=\"hidden\" name=\"render_id\" value=\"0\"><input type=\"hidden\" name=\"action\" value=\"forminator_submit_form_custom-forms\"><\/form><\/p>\n<hr \/>\n<p style=\"text-align: center;\"><span style=\"font-family: arial, helvetica, sans-serif; font-size: 14pt; color: #000000;\"><strong>PROTOCOLAR PRESENCIALMENTE<\/strong><\/span><\/p>\n<p style=\"text-align: center;\"><span style=\"color: #000000; font-family: arial, helvetica, sans-serif; font-size: 12pt;\"><strong>Link para o PDF com FORMUL\u00c1RIO e ABAIXO-ASSINADO:<span style=\"color: #008000;\">\u00a0<a style=\"color: #008000;\" href=\"https:\/\/transito.cambe.pr.gov.br\/wp-content\/uploads\/2024\/02\/1.-FORMULARIO-LOMBADAS-2.pdf\" target=\"_blank\" rel=\"noopener\">CLIQUE AQUI<\/a><\/span><\/strong><\/span><\/p>\n<hr \/>\n<p>&nbsp;<\/p>\n","protected":false},"excerpt":{"rendered":"<p>Para solicitar uma ondula\u00e7\u00e3o transversal, o requerente obrigatoriamente deve seguir as seguintes etapas listadas abaixo: 1. Informar o local solicitado onde se pretende implantar o dispositivo; 2. Produzir um documento com car\u00e1ter de abaixo-assinado e numerar TODOS os im\u00f3veis que estiverem a 50 (cinquenta) metros antes e depois do local pretendido para a implanta\u00e7\u00e3o da [&hellip;]<\/p>\n","protected":false},"author":2,"featured_media":0,"parent":108,"menu_order":0,"comment_status":"closed","ping_status":"closed","template":"","meta":{"footnotes":""},"class_list":["post-456","page","type-page","status-publish","hentry"],"blocksy_meta":[],"yoast_head":"<!-- This site is optimized with the Yoast SEO plugin v24.4 - https:\/\/yoast.com\/wordpress\/plugins\/seo\/ -->\n<title>Solicita\u00e7\u00e3o de Quebra molas - Seguran\u00e7a P\u00fablica e Tr\u00e2nsito - Camb\u00e9<\/title>\n<meta name=\"description\" content=\"Solicita\u00e7\u00e3o para lombadas \/ quebra mola\" \/>\n<meta name=\"robots\" content=\"index, follow, max-snippet:-1, max-image-preview:large, max-video-preview:-1\" \/>\n<link rel=\"canonical\" href=\"https:\/\/transito.cambe.pr.gov.br\/index.php\/viario\/solicitacoes\/quebra-molas\/\" \/>\n<meta property=\"og:locale\" content=\"pt_BR\" \/>\n<meta property=\"og:type\" content=\"article\" \/>\n<meta property=\"og:title\" content=\"Solicita\u00e7\u00e3o de Quebra molas - Seguran\u00e7a P\u00fablica e Tr\u00e2nsito - Camb\u00e9\" \/>\n<meta property=\"og:description\" content=\"Solicita\u00e7\u00e3o para lombadas \/ quebra mola\" \/>\n<meta property=\"og:url\" content=\"https:\/\/transito.cambe.pr.gov.br\/index.php\/viario\/solicitacoes\/quebra-molas\/\" \/>\n<meta property=\"og:site_name\" content=\"Seguran\u00e7a P\u00fablica e Tr\u00e2nsito - Camb\u00e9\" \/>\n<meta property=\"article:publisher\" content=\"https:\/\/www.facebook.com\/DepartamentoTransitoCambe\/\" \/>\n<meta property=\"article:modified_time\" content=\"2025-03-07T12:40:10+00:00\" \/>\n<meta property=\"og:image\" content=\"https:\/\/transito.cambe.pr.gov.br\/wp-content\/uploads\/2024\/01\/imagem1-300x152.png\" \/>\n<meta name=\"twitter:card\" content=\"summary_large_image\" \/>\n<meta name=\"twitter:label1\" content=\"Est. tempo de leitura\" \/>\n\t<meta name=\"twitter:data1\" content=\"4 minutos\" \/>\n<script type=\"application\/ld+json\" class=\"yoast-schema-graph\">{\"@context\":\"https:\/\/schema.org\",\"@graph\":[{\"@type\":\"WebPage\",\"@id\":\"https:\/\/transito.cambe.pr.gov.br\/index.php\/viario\/solicitacoes\/quebra-molas\/\",\"url\":\"https:\/\/transito.cambe.pr.gov.br\/index.php\/viario\/solicitacoes\/quebra-molas\/\",\"name\":\"Solicita\u00e7\u00e3o de Quebra molas - Seguran\u00e7a P\u00fablica e Tr\u00e2nsito - Camb\u00e9\",\"isPartOf\":{\"@id\":\"https:\/\/transito.cambe.pr.gov.br\/#website\"},\"primaryImageOfPage\":{\"@id\":\"https:\/\/transito.cambe.pr.gov.br\/index.php\/viario\/solicitacoes\/quebra-molas\/#primaryimage\"},\"image\":{\"@id\":\"https:\/\/transito.cambe.pr.gov.br\/index.php\/viario\/solicitacoes\/quebra-molas\/#primaryimage\"},\"thumbnailUrl\":\"https:\/\/transito.cambe.pr.gov.br\/wp-content\/uploads\/2024\/01\/imagem1-300x152.png\",\"datePublished\":\"2024-01-16T16:29:15+00:00\",\"dateModified\":\"2025-03-07T12:40:10+00:00\",\"description\":\"Solicita\u00e7\u00e3o para lombadas \/ quebra mola\",\"breadcrumb\":{\"@id\":\"https:\/\/transito.cambe.pr.gov.br\/index.php\/viario\/solicitacoes\/quebra-molas\/#breadcrumb\"},\"inLanguage\":\"pt-BR\",\"potentialAction\":[{\"@type\":\"ReadAction\",\"target\":[\"https:\/\/transito.cambe.pr.gov.br\/index.php\/viario\/solicitacoes\/quebra-molas\/\"]}]},{\"@type\":\"ImageObject\",\"inLanguage\":\"pt-BR\",\"@id\":\"https:\/\/transito.cambe.pr.gov.br\/index.php\/viario\/solicitacoes\/quebra-molas\/#primaryimage\",\"url\":\"https:\/\/transito.cambe.pr.gov.br\/wp-content\/uploads\/2024\/01\/imagem1.png\",\"contentUrl\":\"https:\/\/transito.cambe.pr.gov.br\/wp-content\/uploads\/2024\/01\/imagem1.png\",\"width\":541,\"height\":275},{\"@type\":\"BreadcrumbList\",\"@id\":\"https:\/\/transito.cambe.pr.gov.br\/index.php\/viario\/solicitacoes\/quebra-molas\/#breadcrumb\",\"itemListElement\":[{\"@type\":\"ListItem\",\"position\":1,\"name\":\"In\u00edcio\",\"item\":\"https:\/\/transito.cambe.pr.gov.br\/\"},{\"@type\":\"ListItem\",\"position\":2,\"name\":\"Melhorias Vi\u00e1rias\",\"item\":\"https:\/\/transito.cambe.pr.gov.br\/index.php\/viario\/\"},{\"@type\":\"ListItem\",\"position\":3,\"name\":\"Solicita\u00e7\u00f5es\",\"item\":\"https:\/\/transito.cambe.pr.gov.br\/index.php\/viario\/solicitacoes\/\"},{\"@type\":\"ListItem\",\"position\":4,\"name\":\"Solicita\u00e7\u00e3o de Quebra molas\"}]},{\"@type\":\"WebSite\",\"@id\":\"https:\/\/transito.cambe.pr.gov.br\/#website\",\"url\":\"https:\/\/transito.cambe.pr.gov.br\/\",\"name\":\"Seguran\u00e7a P\u00fablica e Tr\u00e2nsito - Camb\u00e9\",\"description\":\"\",\"publisher\":{\"@id\":\"https:\/\/transito.cambe.pr.gov.br\/#organization\"},\"alternateName\":\"SESTRAN-Camb\u00e9\",\"potentialAction\":[{\"@type\":\"SearchAction\",\"target\":{\"@type\":\"EntryPoint\",\"urlTemplate\":\"https:\/\/transito.cambe.pr.gov.br\/?s={search_term_string}\"},\"query-input\":{\"@type\":\"PropertyValueSpecification\",\"valueRequired\":true,\"valueName\":\"search_term_string\"}}],\"inLanguage\":\"pt-BR\"},{\"@type\":\"Organization\",\"@id\":\"https:\/\/transito.cambe.pr.gov.br\/#organization\",\"name\":\"Secretaria de Seguran\u00e7a P\u00fablica e Tr\u00e2nsito de Camb\u00e9\",\"alternateName\":\"SESTRAN-Camb\u00e9\",\"url\":\"https:\/\/transito.cambe.pr.gov.br\/\",\"logo\":{\"@type\":\"ImageObject\",\"inLanguage\":\"pt-BR\",\"@id\":\"https:\/\/transito.cambe.pr.gov.br\/#\/schema\/logo\/image\/\",\"url\":\"https:\/\/transito.cambe.pr.gov.br\/wp-content\/uploads\/2023\/08\/brasao_cambe100x100.png\",\"contentUrl\":\"https:\/\/transito.cambe.pr.gov.br\/wp-content\/uploads\/2023\/08\/brasao_cambe100x100.png\",\"width\":100,\"height\":100,\"caption\":\"Secretaria de Seguran\u00e7a P\u00fablica e Tr\u00e2nsito de Camb\u00e9\"},\"image\":{\"@id\":\"https:\/\/transito.cambe.pr.gov.br\/#\/schema\/logo\/image\/\"},\"sameAs\":[\"https:\/\/www.facebook.com\/DepartamentoTransitoCambe\/\"]}]}<\/script>\n<!-- \/ Yoast SEO plugin. -->","yoast_head_json":{"title":"Solicita\u00e7\u00e3o de Quebra molas - Seguran\u00e7a P\u00fablica e Tr\u00e2nsito - Camb\u00e9","description":"Solicita\u00e7\u00e3o para lombadas \/ quebra mola","robots":{"index":"index","follow":"follow","max-snippet":"max-snippet:-1","max-image-preview":"max-image-preview:large","max-video-preview":"max-video-preview:-1"},"canonical":"https:\/\/transito.cambe.pr.gov.br\/index.php\/viario\/solicitacoes\/quebra-molas\/","og_locale":"pt_BR","og_type":"article","og_title":"Solicita\u00e7\u00e3o de Quebra molas - Seguran\u00e7a P\u00fablica e Tr\u00e2nsito - Camb\u00e9","og_description":"Solicita\u00e7\u00e3o para lombadas \/ quebra mola","og_url":"https:\/\/transito.cambe.pr.gov.br\/index.php\/viario\/solicitacoes\/quebra-molas\/","og_site_name":"Seguran\u00e7a P\u00fablica e Tr\u00e2nsito - Camb\u00e9","article_publisher":"https:\/\/www.facebook.com\/DepartamentoTransitoCambe\/","article_modified_time":"2025-03-07T12:40:10+00:00","og_image":[{"url":"https:\/\/transito.cambe.pr.gov.br\/wp-content\/uploads\/2024\/01\/imagem1-300x152.png","type":"","width":"","height":""}],"twitter_card":"summary_large_image","twitter_misc":{"Est. tempo de leitura":"4 minutos"},"schema":{"@context":"https:\/\/schema.org","@graph":[{"@type":"WebPage","@id":"https:\/\/transito.cambe.pr.gov.br\/index.php\/viario\/solicitacoes\/quebra-molas\/","url":"https:\/\/transito.cambe.pr.gov.br\/index.php\/viario\/solicitacoes\/quebra-molas\/","name":"Solicita\u00e7\u00e3o de Quebra molas - Seguran\u00e7a P\u00fablica e Tr\u00e2nsito - Camb\u00e9","isPartOf":{"@id":"https:\/\/transito.cambe.pr.gov.br\/#website"},"primaryImageOfPage":{"@id":"https:\/\/transito.cambe.pr.gov.br\/index.php\/viario\/solicitacoes\/quebra-molas\/#primaryimage"},"image":{"@id":"https:\/\/transito.cambe.pr.gov.br\/index.php\/viario\/solicitacoes\/quebra-molas\/#primaryimage"},"thumbnailUrl":"https:\/\/transito.cambe.pr.gov.br\/wp-content\/uploads\/2024\/01\/imagem1-300x152.png","datePublished":"2024-01-16T16:29:15+00:00","dateModified":"2025-03-07T12:40:10+00:00","description":"Solicita\u00e7\u00e3o para lombadas \/ quebra mola","breadcrumb":{"@id":"https:\/\/transito.cambe.pr.gov.br\/index.php\/viario\/solicitacoes\/quebra-molas\/#breadcrumb"},"inLanguage":"pt-BR","potentialAction":[{"@type":"ReadAction","target":["https:\/\/transito.cambe.pr.gov.br\/index.php\/viario\/solicitacoes\/quebra-molas\/"]}]},{"@type":"ImageObject","inLanguage":"pt-BR","@id":"https:\/\/transito.cambe.pr.gov.br\/index.php\/viario\/solicitacoes\/quebra-molas\/#primaryimage","url":"https:\/\/transito.cambe.pr.gov.br\/wp-content\/uploads\/2024\/01\/imagem1.png","contentUrl":"https:\/\/transito.cambe.pr.gov.br\/wp-content\/uploads\/2024\/01\/imagem1.png","width":541,"height":275},{"@type":"BreadcrumbList","@id":"https:\/\/transito.cambe.pr.gov.br\/index.php\/viario\/solicitacoes\/quebra-molas\/#breadcrumb","itemListElement":[{"@type":"ListItem","position":1,"name":"In\u00edcio","item":"https:\/\/transito.cambe.pr.gov.br\/"},{"@type":"ListItem","position":2,"name":"Melhorias Vi\u00e1rias","item":"https:\/\/transito.cambe.pr.gov.br\/index.php\/viario\/"},{"@type":"ListItem","position":3,"name":"Solicita\u00e7\u00f5es","item":"https:\/\/transito.cambe.pr.gov.br\/index.php\/viario\/solicitacoes\/"},{"@type":"ListItem","position":4,"name":"Solicita\u00e7\u00e3o de Quebra molas"}]},{"@type":"WebSite","@id":"https:\/\/transito.cambe.pr.gov.br\/#website","url":"https:\/\/transito.cambe.pr.gov.br\/","name":"Seguran\u00e7a P\u00fablica e Tr\u00e2nsito - Camb\u00e9","description":"","publisher":{"@id":"https:\/\/transito.cambe.pr.gov.br\/#organization"},"alternateName":"SESTRAN-Camb\u00e9","potentialAction":[{"@type":"SearchAction","target":{"@type":"EntryPoint","urlTemplate":"https:\/\/transito.cambe.pr.gov.br\/?s={search_term_string}"},"query-input":{"@type":"PropertyValueSpecification","valueRequired":true,"valueName":"search_term_string"}}],"inLanguage":"pt-BR"},{"@type":"Organization","@id":"https:\/\/transito.cambe.pr.gov.br\/#organization","name":"Secretaria de Seguran\u00e7a P\u00fablica e Tr\u00e2nsito de Camb\u00e9","alternateName":"SESTRAN-Camb\u00e9","url":"https:\/\/transito.cambe.pr.gov.br\/","logo":{"@type":"ImageObject","inLanguage":"pt-BR","@id":"https:\/\/transito.cambe.pr.gov.br\/#\/schema\/logo\/image\/","url":"https:\/\/transito.cambe.pr.gov.br\/wp-content\/uploads\/2023\/08\/brasao_cambe100x100.png","contentUrl":"https:\/\/transito.cambe.pr.gov.br\/wp-content\/uploads\/2023\/08\/brasao_cambe100x100.png","width":100,"height":100,"caption":"Secretaria de Seguran\u00e7a P\u00fablica e Tr\u00e2nsito de Camb\u00e9"},"image":{"@id":"https:\/\/transito.cambe.pr.gov.br\/#\/schema\/logo\/image\/"},"sameAs":["https:\/\/www.facebook.com\/DepartamentoTransitoCambe\/"]}]}},"_links":{"self":[{"href":"https:\/\/transito.cambe.pr.gov.br\/index.php\/wp-json\/wp\/v2\/pages\/456","targetHints":{"allow":["GET"]}}],"collection":[{"href":"https:\/\/transito.cambe.pr.gov.br\/index.php\/wp-json\/wp\/v2\/pages"}],"about":[{"href":"https:\/\/transito.cambe.pr.gov.br\/index.php\/wp-json\/wp\/v2\/types\/page"}],"author":[{"embeddable":true,"href":"https:\/\/transito.cambe.pr.gov.br\/index.php\/wp-json\/wp\/v2\/users\/2"}],"replies":[{"embeddable":true,"href":"https:\/\/transito.cambe.pr.gov.br\/index.php\/wp-json\/wp\/v2\/comments?post=456"}],"version-history":[{"count":25,"href":"https:\/\/transito.cambe.pr.gov.br\/index.php\/wp-json\/wp\/v2\/pages\/456\/revisions"}],"predecessor-version":[{"id":1544,"href":"https:\/\/transito.cambe.pr.gov.br\/index.php\/wp-json\/wp\/v2\/pages\/456\/revisions\/1544"}],"up":[{"embeddable":true,"href":"https:\/\/transito.cambe.pr.gov.br\/index.php\/wp-json\/wp\/v2\/pages\/108"}],"wp:attachment":[{"href":"https:\/\/transito.cambe.pr.gov.br\/index.php\/wp-json\/wp\/v2\/media?parent=456"}],"curies":[{"name":"wp","href":"https:\/\/api.w.org\/{rel}","templated":true}]}}